{"id":3322,"date":"2024-06-30T21:14:28","date_gmt":"2024-06-30T21:14:28","guid":{"rendered":"https:\/\/www.chasseursdetalents.fr\/?page_id=3322"},"modified":"2024-06-30T21:25:12","modified_gmt":"2024-06-30T21:25:12","slug":"offre-charge-de-mission-transformation-et-innovation-interne-charge-de-la-rse-communaute-urbaine-creusot-montceau","status":"publish","type":"page","link":"https:\/\/www.chasseursdetalents.fr\/index.php\/offre-charge-de-mission-transformation-et-innovation-interne-charge-de-la-rse-communaute-urbaine-creusot-montceau\/","title":{"rendered":"Offre Charg\u00e9 de mission  transformation et  innovation interne charg\u00e9 de la RSE Communaut\u00e9 Urbaine Creusot Montceau"},"content":{"rendered":"\t\t<div data-elementor-type=\"wp-page\" data-elementor-id=\"3322\" class=\"elementor elementor-3322\" data-elementor-post-type=\"page\">\n\t\t\t\t\t\t<section class=\"elementor-section elementor-top-section elementor-element elementor-element-0b3ee43 elementor-section-full_width elementor-section-height-default elementor-section-height-default\" data-id=\"0b3ee43\" data-element_type=\"section\" data-e-type=\"section\" data-settings=\"{&quot;background_background&quot;:&quot;gradient&quot;}\">\n\t\t\t\t\t\t<div class=\"elementor-container elementor-column-gap-default\">\n\t\t\t\t\t<div class=\"elementor-column elementor-col-100 elementor-top-column elementor-element elementor-element-3391e9c\" data-id=\"3391e9c\" data-element_type=\"column\" data-e-type=\"column\">\n\t\t\t<div class=\"elementor-widget-wrap elementor-element-populated\">\n\t\t\t\t\t\t<div class=\"elementor-element elementor-element-33704c1 elementor-widget elementor-widget-heading\" data-id=\"33704c1\" data-element_type=\"widget\" data-e-type=\"widget\" data-widget_type=\"heading.default\">\n\t\t\t\t<div class=\"elementor-widget-container\">\n\t\t\t\t\t<h2 class=\"elementor-heading-title elementor-size-default\">La Communaut\u00e9 Urbaine Creusot Montceau <\/h2>\t\t\t\t<\/div>\n\t\t\t\t<\/div>\n\t\t\t\t<div class=\"elementor-element elementor-element-a7b5c74 elementor-widget elementor-widget-heading\" data-id=\"a7b5c74\" data-element_type=\"widget\" data-e-type=\"widget\" data-widget_type=\"heading.default\">\n\t\t\t\t<div class=\"elementor-widget-container\">\n\t\t\t\t\t<h2 class=\"elementor-heading-title elementor-size-default\">UN CHARG\u00c9 DE MISSION TRANSFORMATION ET <br>INNOVATION INTERNE CHARG\u00c9 DE LA RSE (F\/H)<\/h2>\t\t\t\t<\/div>\n\t\t\t\t<\/div>\n\t\t\t\t\t<\/div>\n\t\t<\/div>\n\t\t\t\t\t<\/div>\n\t\t<\/section>\n\t\t\t\t<section class=\"elementor-section elementor-top-section elementor-element elementor-element-882d335 elementor-section-boxed elementor-section-height-default elementor-section-height-default\" data-id=\"882d335\" data-element_type=\"section\" data-e-type=\"section\">\n\t\t\t\t\t\t<div class=\"elementor-container elementor-column-gap-default\">\n\t\t\t\t\t<div class=\"elementor-column elementor-col-50 elementor-top-column elementor-element elementor-element-3109ee7\" data-id=\"3109ee7\" data-element_type=\"column\" data-e-type=\"column\">\n\t\t\t<div class=\"elementor-widget-wrap elementor-element-populated\">\n\t\t\t\t\t\t<div class=\"elementor-element elementor-element-91f22e5 e-transform e-transform elementor-widget elementor-widget-image\" data-id=\"91f22e5\" data-element_type=\"widget\" data-e-type=\"widget\" data-settings=\"{&quot;_transform_translateY_effect&quot;:{&quot;unit&quot;:&quot;px&quot;,&quot;size&quot;:47,&quot;sizes&quot;:[]},&quot;_transform_translateX_effect&quot;:{&quot;unit&quot;:&quot;px&quot;,&quot;size&quot;:&quot;&quot;,&quot;sizes&quot;:[]},&quot;_transform_translateX_effect_tablet&quot;:{&quot;unit&quot;:&quot;px&quot;,&quot;size&quot;:&quot;&quot;,&quot;sizes&quot;:[]},&quot;_transform_translateX_effect_mobile&quot;:{&quot;unit&quot;:&quot;px&quot;,&quot;size&quot;:&quot;&quot;,&quot;sizes&quot;:[]},&quot;_transform_translateY_effect_tablet&quot;:{&quot;unit&quot;:&quot;px&quot;,&quot;size&quot;:&quot;&quot;,&quot;sizes&quot;:[]},&quot;_transform_translateY_effect_mobile&quot;:{&quot;unit&quot;:&quot;px&quot;,&quot;size&quot;:&quot;&quot;,&quot;sizes&quot;:[]},&quot;_transform_scale_effect&quot;:{&quot;unit&quot;:&quot;px&quot;,&quot;size&quot;:&quot;&quot;,&quot;sizes&quot;:[]},&quot;_transform_scale_effect_tablet&quot;:{&quot;unit&quot;:&quot;px&quot;,&quot;size&quot;:&quot;&quot;,&quot;sizes&quot;:[]},&quot;_transform_scale_effect_mobile&quot;:{&quot;unit&quot;:&quot;px&quot;,&quot;size&quot;:&quot;&quot;,&quot;sizes&quot;:[]}}\" data-widget_type=\"image.default\">\n\t\t\t\t<div class=\"elementor-widget-container\">\n\t\t\t\t\t\t\t\t\t\t\t\t\t\t\t<img fetchpriority=\"high\" decoding=\"async\" width=\"1280\" height=\"853\" src=\"https:\/\/www.chasseursdetalents.fr\/wp-content\/uploads\/2024\/06\/Creusot-Montceau-3.jpeg\" class=\"attachment-full size-full wp-image-3326\" alt=\"\" srcset=\"https:\/\/www.chasseursdetalents.fr\/wp-content\/uploads\/2024\/06\/Creusot-Montceau-3.jpeg 1280w, https:\/\/www.chasseursdetalents.fr\/wp-content\/uploads\/2024\/06\/Creusot-Montceau-3-300x200.jpeg 300w, https:\/\/www.chasseursdetalents.fr\/wp-content\/uploads\/2024\/06\/Creusot-Montceau-3-1024x682.jpeg 1024w, https:\/\/www.chasseursdetalents.fr\/wp-content\/uploads\/2024\/06\/Creusot-Montceau-3-768x512.jpeg 768w\" sizes=\"(max-width: 1280px) 100vw, 1280px\" \/>\t\t\t\t\t\t\t\t\t\t\t\t\t\t\t<\/div>\n\t\t\t\t<\/div>\n\t\t\t\t\t<\/div>\n\t\t<\/div>\n\t\t\t\t<div class=\"elementor-column elementor-col-50 elementor-top-column elementor-element elementor-element-5b987ff\" data-id=\"5b987ff\" data-element_type=\"column\" data-e-type=\"column\">\n\t\t\t<div class=\"elementor-widget-wrap elementor-element-populated\">\n\t\t\t\t\t\t<div class=\"elementor-element elementor-element-86c0fe0 elementor-widget__width-initial e-transform e-transform elementor-widget elementor-widget-image\" data-id=\"86c0fe0\" data-element_type=\"widget\" data-e-type=\"widget\" data-settings=\"{&quot;_transform_translateX_effect&quot;:{&quot;unit&quot;:&quot;px&quot;,&quot;size&quot;:341,&quot;sizes&quot;:[]},&quot;_transform_translateY_effect&quot;:{&quot;unit&quot;:&quot;px&quot;,&quot;size&quot;:-12,&quot;sizes&quot;:[]},&quot;_transform_scale_effect&quot;:{&quot;unit&quot;:&quot;px&quot;,&quot;size&quot;:1,&quot;sizes&quot;:[]},&quot;_transform_translateX_effect_tablet&quot;:{&quot;unit&quot;:&quot;px&quot;,&quot;size&quot;:&quot;&quot;,&quot;sizes&quot;:[]},&quot;_transform_translateX_effect_mobile&quot;:{&quot;unit&quot;:&quot;px&quot;,&quot;size&quot;:&quot;&quot;,&quot;sizes&quot;:[]},&quot;_transform_translateY_effect_tablet&quot;:{&quot;unit&quot;:&quot;px&quot;,&quot;size&quot;:&quot;&quot;,&quot;sizes&quot;:[]},&quot;_transform_translateY_effect_mobile&quot;:{&quot;unit&quot;:&quot;px&quot;,&quot;size&quot;:&quot;&quot;,&quot;sizes&quot;:[]},&quot;_transform_scale_effect_tablet&quot;:{&quot;unit&quot;:&quot;px&quot;,&quot;size&quot;:&quot;&quot;,&quot;sizes&quot;:[]},&quot;_transform_scale_effect_mobile&quot;:{&quot;unit&quot;:&quot;px&quot;,&quot;size&quot;:&quot;&quot;,&quot;sizes&quot;:[]}}\" data-widget_type=\"image.default\">\n\t\t\t\t<div class=\"elementor-widget-container\">\n\t\t\t\t\t\t\t\t\t\t\t\t\t\t\t<img decoding=\"async\" width=\"800\" height=\"474\" src=\"https:\/\/www.chasseursdetalents.fr\/wp-content\/uploads\/2024\/06\/Logo_Communaute_urbaine_Creusot_Montceau_Paint.png\" class=\"attachment-large size-large wp-image-3324\" alt=\"\" srcset=\"https:\/\/www.chasseursdetalents.fr\/wp-content\/uploads\/2024\/06\/Logo_Communaute_urbaine_Creusot_Montceau_Paint.png 800w, https:\/\/www.chasseursdetalents.fr\/wp-content\/uploads\/2024\/06\/Logo_Communaute_urbaine_Creusot_Montceau_Paint-300x178.png 300w, https:\/\/www.chasseursdetalents.fr\/wp-content\/uploads\/2024\/06\/Logo_Communaute_urbaine_Creusot_Montceau_Paint-768x455.png 768w\" sizes=\"(max-width: 800px) 100vw, 800px\" \/>\t\t\t\t\t\t\t\t\t\t\t\t\t\t\t<\/div>\n\t\t\t\t<\/div>\n\t\t\t\t<div class=\"elementor-element elementor-element-0212c91 e-transform e-transform elementor-widget elementor-widget-text-editor\" data-id=\"0212c91\" data-element_type=\"widget\" data-e-type=\"widget\" data-settings=\"{&quot;_transform_translateY_effect&quot;:{&quot;unit&quot;:&quot;px&quot;,&quot;size&quot;:0,&quot;sizes&quot;:[]},&quot;_transform_skewY_effect&quot;:{&quot;unit&quot;:&quot;px&quot;,&quot;size&quot;:0,&quot;sizes&quot;:[]},&quot;_transform_translateX_effect&quot;:{&quot;unit&quot;:&quot;px&quot;,&quot;size&quot;:&quot;&quot;,&quot;sizes&quot;:[]},&quot;_transform_translateX_effect_tablet&quot;:{&quot;unit&quot;:&quot;px&quot;,&quot;size&quot;:&quot;&quot;,&quot;sizes&quot;:[]},&quot;_transform_translateX_effect_mobile&quot;:{&quot;unit&quot;:&quot;px&quot;,&quot;size&quot;:&quot;&quot;,&quot;sizes&quot;:[]},&quot;_transform_translateY_effect_tablet&quot;:{&quot;unit&quot;:&quot;px&quot;,&quot;size&quot;:&quot;&quot;,&quot;sizes&quot;:[]},&quot;_transform_translateY_effect_mobile&quot;:{&quot;unit&quot;:&quot;px&quot;,&quot;size&quot;:&quot;&quot;,&quot;sizes&quot;:[]},&quot;_transform_skewX_effect&quot;:{&quot;unit&quot;:&quot;px&quot;,&quot;size&quot;:&quot;&quot;,&quot;sizes&quot;:[]},&quot;_transform_skewX_effect_tablet&quot;:{&quot;unit&quot;:&quot;deg&quot;,&quot;size&quot;:&quot;&quot;,&quot;sizes&quot;:[]},&quot;_transform_skewX_effect_mobile&quot;:{&quot;unit&quot;:&quot;deg&quot;,&quot;size&quot;:&quot;&quot;,&quot;sizes&quot;:[]},&quot;_transform_skewY_effect_tablet&quot;:{&quot;unit&quot;:&quot;deg&quot;,&quot;size&quot;:&quot;&quot;,&quot;sizes&quot;:[]},&quot;_transform_skewY_effect_mobile&quot;:{&quot;unit&quot;:&quot;deg&quot;,&quot;size&quot;:&quot;&quot;,&quot;sizes&quot;:[]}}\" data-widget_type=\"text-editor.default\">\n\t\t\t\t<div class=\"elementor-widget-container\">\n\t\t\t\t\t\t\t\t\t<p class=\"cvGsUA direction-ltr align-justify para-style-body\"><span class=\"OYPEnA text-decoration-none text-strikethrough-none\">Bienvenue sur le territoire de tous les possibles de la Communaut\u00e9 Urbaine Creusot Montceau !<\/span><\/p><p class=\"cvGsUA direction-ltr align-justify para-style-body\"><span class=\"OYPEnA text-decoration-none text-strikethrough-none\">La Communaut\u00e9 Urbaine Creusot Montceau regroupe 34 communes et compte 97 000 habitants. Situ\u00e9 au c\u0153ur de la Bourgogne, ce territoire offre un cadre de vie unique alliant richesse historique, dynamisme \u00e9conomique, et qualit\u00e9 environnementale.<\/span><\/p><p class=\"cvGsUA direction-ltr align-justify para-style-body\"><span class=\"OYPEnA text-decoration-none text-strikethrough-none\">Premier p\u00f4le industriel entre Paris et Lyon et deuxi\u00e8me p\u00f4le universitaire de Bourgogne, la Communaut\u00e9 Urbaine Creusot Montceau b\u00e9n\u00e9ficie d&rsquo;une position g\u00e9ographique centrale, renforc\u00e9e par une gare TGV la pla\u00e7ant \u00e0 1 h 20 de Paris et \u00e0 40 minutes de Lyon, ainsi que par la proximit\u00e9 de l&rsquo;autoroute A6.<\/span><\/p><p class=\"cvGsUA direction-ltr align-justify para-style-body\"><span class=\"OYPEnA text-decoration-none text-strikethrough-none\">Id\u00e9al pour ceux qui aspirent \u00e0 un \u00e9quilibre harmonieux entre vie professionnelle et personnelle, cette communaut\u00e9 urbaine propose un patrimoine naturel compos\u00e9 de parcs, de for\u00eats et de lacs, tels que le Parc de la Verrerie, le Parc des Combes, la For\u00eat Domaniale de Planoise et le Lac du Plessis. Ces espaces invitent \u00e0 la d\u00e9tente et aux loisirs de plein air, tout en b\u00e9n\u00e9ficiant d\u2019une vie culturelle locale riche. Les services de sant\u00e9, les \u00e9quipements sportifs et les commerces de proximit\u00e9 r\u00e9pondent aux besoins des r\u00e9sidents.<\/span><\/p><p class=\"cvGsUA direction-ltr align-justify para-style-body\"><span class=\"OYPEnA text-decoration-none text-strikethrough-none\">Vous rejoindrez une communaut\u00e9 dynamique et solidaire, tourn\u00e9e vers l\u2019avenir et soucieuse du bien-\u00eatre de chacun de ses membres.<\/span><\/p>\t\t\t\t\t\t\t\t<\/div>\n\t\t\t\t<\/div>\n\t\t\t\t\t<\/div>\n\t\t<\/div>\n\t\t\t\t\t<\/div>\n\t\t<\/section>\n\t\t\t\t<section class=\"elementor-section elementor-top-section elementor-element elementor-element-9fb9b27 elementor-section-boxed elementor-section-height-default elementor-section-height-default\" data-id=\"9fb9b27\" data-element_type=\"section\" data-e-type=\"section\">\n\t\t\t\t\t\t<div class=\"elementor-container elementor-column-gap-default\">\n\t\t\t\t\t<div class=\"elementor-column elementor-col-50 elementor-top-column elementor-element elementor-element-6fc112a\" data-id=\"6fc112a\" data-element_type=\"column\" data-e-type=\"column\" data-settings=\"{&quot;background_background&quot;:&quot;classic&quot;}\">\n\t\t\t<div class=\"elementor-widget-wrap elementor-element-populated\">\n\t\t\t\t\t\t<div class=\"elementor-element elementor-element-92b850c elementor-widget elementor-widget-heading\" data-id=\"92b850c\" data-element_type=\"widget\" data-e-type=\"widget\" data-widget_type=\"heading.default\">\n\t\t\t\t<div class=\"elementor-widget-container\">\n\t\t\t\t\t<h2 class=\"elementor-heading-title elementor-size-default\">La Communaut\u00e9 Urbaine Creusot Montceau recrute \n<\/h2>\t\t\t\t<\/div>\n\t\t\t\t<\/div>\n\t\t\t\t<div class=\"elementor-element elementor-element-dbeecc4 elementor-widget elementor-widget-heading\" data-id=\"dbeecc4\" data-element_type=\"widget\" data-e-type=\"widget\" data-widget_type=\"heading.default\">\n\t\t\t\t<div class=\"elementor-widget-container\">\n\t\t\t\t\t<h2 class=\"elementor-heading-title elementor-size-default\">Un Charg\u00e9 de mission transformation et innovation interne charg\u00e9 de la RSE (F\/H) \n<\/h2>\t\t\t\t<\/div>\n\t\t\t\t<\/div>\n\t\t\t\t<div class=\"elementor-element elementor-element-6554dc5 elementor-widget elementor-widget-text-editor\" data-id=\"6554dc5\" data-element_type=\"widget\" data-e-type=\"widget\" data-widget_type=\"text-editor.default\">\n\t\t\t\t<div class=\"elementor-widget-container\">\n\t\t\t\t\t\t\t\t\t<h3 class=\"cvGsUA direction-ltr align-justify para-style-body\"><strong><span class=\"OYPEnA text-decoration-none text-strikethrough-none\">Objectifs du poste<\/span><\/strong><\/h3><p class=\"cvGsUA direction-ltr align-justify para-style-body\"><span class=\"OYPEnA text-decoration-none text-strikethrough-none\">Vous assurez le r\u00f4le de <\/span><strong><span class=\"OYPEnA text-decoration-none text-strikethrough-none\">Charg\u00e9(e) de mission transformation et innovation interne, en charge notamment de la RSE aupr\u00e8s du Directeur G\u00e9n\u00e9ral des Services.<\/span><\/strong><\/p><p class=\"cvGsUA direction-ltr align-justify para-style-body\"><span class=\"OYPEnA text-decoration-none text-strikethrough-none\">Ce poste vise \u00e0 porter les projets qui contribuent \u00e0 impulser la transformation de l\u2019organisation de la Communaut\u00e9 Urbaine, ses mutations, et son adaptation aux \u00e9volutions sociales et soci\u00e9tales.<\/span><\/p><p class=\"cvGsUA direction-ltr align-justify para-style-body\"><span class=\"OYPEnA text-decoration-none text-strikethrough-none\">Votre r\u00f4le est central dans l\u2019int\u00e9gration des pratiques durables au sein de la communaut\u00e9 urbaine, pour accompagner l\u2019adaptation de l\u2019organisation \u00e0 toutes les transitions.<\/span><\/p><p class=\"cvGsUA direction-ltr align-justify para-style-body\"><span class=\"OYPEnA text-decoration-none text-strikethrough-none\">Vous contribuez donc \u00e0 inscrire la d\u00e9marche RSE au c\u0153ur de la strat\u00e9gie globale de la collectivit\u00e9 au service de la population, renfor\u00e7ant ainsi son impact positif en interne pour les agents et leur engagement en externe vis-\u00e0-vis des administr\u00e9s.<\/span><\/p>\t\t\t\t\t\t\t\t<\/div>\n\t\t\t\t<\/div>\n\t\t\t\t\t<\/div>\n\t\t<\/div>\n\t\t\t\t<div class=\"elementor-column elementor-col-50 elementor-top-column elementor-element elementor-element-8186d47\" data-id=\"8186d47\" data-element_type=\"column\" data-e-type=\"column\" data-settings=\"{&quot;background_background&quot;:&quot;classic&quot;}\">\n\t\t\t<div class=\"elementor-widget-wrap elementor-element-populated\">\n\t\t\t\t\t\t<div class=\"elementor-element elementor-element-c19c444 e-transform e-transform elementor-widget elementor-widget-image\" data-id=\"c19c444\" data-element_type=\"widget\" data-e-type=\"widget\" data-settings=\"{&quot;_transform_scale_effect&quot;:{&quot;unit&quot;:&quot;px&quot;,&quot;size&quot;:1.4,&quot;sizes&quot;:[]},&quot;_transform_translateX_effect&quot;:{&quot;unit&quot;:&quot;px&quot;,&quot;size&quot;:-21,&quot;sizes&quot;:[]},&quot;_transform_translateY_effect&quot;:{&quot;unit&quot;:&quot;px&quot;,&quot;size&quot;:65,&quot;sizes&quot;:[]},&quot;_transform_translateX_effect_tablet&quot;:{&quot;unit&quot;:&quot;px&quot;,&quot;size&quot;:&quot;&quot;,&quot;sizes&quot;:[]},&quot;_transform_translateX_effect_mobile&quot;:{&quot;unit&quot;:&quot;px&quot;,&quot;size&quot;:&quot;&quot;,&quot;sizes&quot;:[]},&quot;_transform_translateY_effect_tablet&quot;:{&quot;unit&quot;:&quot;px&quot;,&quot;size&quot;:&quot;&quot;,&quot;sizes&quot;:[]},&quot;_transform_translateY_effect_mobile&quot;:{&quot;unit&quot;:&quot;px&quot;,&quot;size&quot;:&quot;&quot;,&quot;sizes&quot;:[]},&quot;_transform_scale_effect_tablet&quot;:{&quot;unit&quot;:&quot;px&quot;,&quot;size&quot;:&quot;&quot;,&quot;sizes&quot;:[]},&quot;_transform_scale_effect_mobile&quot;:{&quot;unit&quot;:&quot;px&quot;,&quot;size&quot;:&quot;&quot;,&quot;sizes&quot;:[]}}\" data-widget_type=\"image.default\">\n\t\t\t\t<div class=\"elementor-widget-container\">\n\t\t\t\t\t\t\t\t\t\t\t\t\t\t\t<img decoding=\"async\" width=\"800\" height=\"534\" src=\"https:\/\/www.chasseursdetalents.fr\/wp-content\/uploads\/2024\/06\/businesspeople-discussing-digital-tablet-1024x683.jpg\" class=\"attachment-large size-large wp-image-3108\" alt=\"\" srcset=\"https:\/\/www.chasseursdetalents.fr\/wp-content\/uploads\/2024\/06\/businesspeople-discussing-digital-tablet-1024x683.jpg 1024w, https:\/\/www.chasseursdetalents.fr\/wp-content\/uploads\/2024\/06\/businesspeople-discussing-digital-tablet-300x200.jpg 300w, https:\/\/www.chasseursdetalents.fr\/wp-content\/uploads\/2024\/06\/businesspeople-discussing-digital-tablet-768x512.jpg 768w, https:\/\/www.chasseursdetalents.fr\/wp-content\/uploads\/2024\/06\/businesspeople-discussing-digital-tablet-1536x1024.jpg 1536w, https:\/\/www.chasseursdetalents.fr\/wp-content\/uploads\/2024\/06\/businesspeople-discussing-digital-tablet-2048x1365.jpg 2048w\" sizes=\"(max-width: 800px) 100vw, 800px\" \/>\t\t\t\t\t\t\t\t\t\t\t\t\t\t\t<\/div>\n\t\t\t\t<\/div>\n\t\t\t\t\t<\/div>\n\t\t<\/div>\n\t\t\t\t\t<\/div>\n\t\t<\/section>\n\t\t\t\t<section class=\"elementor-section elementor-top-section elementor-element elementor-element-1619c0d elementor-section-full_width elementor-section-height-default elementor-section-height-default\" data-id=\"1619c0d\" data-element_type=\"section\" data-e-type=\"section\">\n\t\t\t\t\t\t<div class=\"elementor-container elementor-column-gap-default\">\n\t\t\t\t\t<div class=\"elementor-column elementor-col-100 elementor-top-column elementor-element elementor-element-f5543ab\" data-id=\"f5543ab\" data-element_type=\"column\" data-e-type=\"column\" data-settings=\"{&quot;background_background&quot;:&quot;classic&quot;}\">\n\t\t\t<div class=\"elementor-widget-wrap elementor-element-populated\">\n\t\t\t\t\t\t<div class=\"elementor-element elementor-element-7ddfe53 elementor-widget elementor-widget-heading\" data-id=\"7ddfe53\" data-element_type=\"widget\" data-e-type=\"widget\" data-widget_type=\"heading.default\">\n\t\t\t\t<div class=\"elementor-widget-container\">\n\t\t\t\t\t<h2 class=\"elementor-heading-title elementor-size-default\">Cliquez sur la section pour en savoir plus<\/h2>\t\t\t\t<\/div>\n\t\t\t\t<\/div>\n\t\t\t\t<div class=\"elementor-element elementor-element-3c8f4f6 elementor-widget elementor-widget-toggle\" data-id=\"3c8f4f6\" data-element_type=\"widget\" data-e-type=\"widget\" data-widget_type=\"toggle.default\">\n\t\t\t\t<div class=\"elementor-widget-container\">\n\t\t\t\t\t\t\t<div class=\"elementor-toggle\">\n\t\t\t\t\t\t\t<div class=\"elementor-toggle-item\">\n\t\t\t\t\t<div id=\"elementor-tab-title-6351\" class=\"elementor-tab-title\" data-tab=\"1\" role=\"button\" aria-controls=\"elementor-tab-content-6351\" aria-expanded=\"false\">\n\t\t\t\t\t\t\t\t\t\t\t\t<span class=\"elementor-toggle-icon elementor-toggle-icon-left\" aria-hidden=\"true\">\n\t\t\t\t\t\t\t\t\t\t\t\t\t\t\t<span class=\"elementor-toggle-icon-closed\"><svg class=\"e-font-icon-svg e-fas-caret-right\" viewBox=\"0 0 192 512\" xmlns=\"http:\/\/www.w3.org\/2000\/svg\"><path d=\"M0 384.662V127.338c0-17.818 21.543-26.741 34.142-14.142l128.662 128.662c7.81 7.81 7.81 20.474 0 28.284L34.142 398.804C21.543 411.404 0 402.48 0 384.662z\"><\/path><\/svg><\/span>\n\t\t\t\t\t\t\t\t<span class=\"elementor-toggle-icon-opened\"><svg class=\"elementor-toggle-icon-opened e-font-icon-svg e-fas-caret-up\" viewBox=\"0 0 320 512\" xmlns=\"http:\/\/www.w3.org\/2000\/svg\"><path d=\"M288.662 352H31.338c-17.818 0-26.741-21.543-14.142-34.142l128.662-128.662c7.81-7.81 20.474-7.81 28.284 0l128.662 128.662c12.6 12.599 3.676 34.142-14.142 34.142z\"><\/path><\/svg><\/span>\n\t\t\t\t\t\t\t\t\t\t\t\t\t<\/span>\n\t\t\t\t\t\t\t\t\t\t\t\t<a class=\"elementor-toggle-title\" tabindex=\"0\">MISSIONS <\/a>\n\t\t\t\t\t<\/div>\n\n\t\t\t\t\t<div id=\"elementor-tab-content-6351\" class=\"elementor-tab-content elementor-clearfix\" data-tab=\"1\" role=\"region\" aria-labelledby=\"elementor-tab-title-6351\"><ul><li><span class=\"OYPEnA text-decoration-none text-strikethrough-none\">Vous contribuez \u00e0 la d\u00e9finition de la strat\u00e9gie de responsabilit\u00e9 sociale et environnementale de la collectivit\u00e9 et mettez en \u0153uvre le plan d\u2019actions<\/span><\/li><li><span class=\"OYPEnA text-decoration-none text-strikethrough-none\">Vous pilotez la mise en \u0153uvre du projet manag\u00e9rial d\u00e9j\u00e0 \u00e9labor\u00e9 et initi\u00e9 et \u00eates force de proposition pour son am\u00e9lioration continue<\/span><\/li><li><span class=\"OYPEnA text-decoration-none text-strikethrough-none\">Vous instaurez concr\u00e8tement de nouvelles pratiques en d\u00e9veloppant et en syst\u00e9matisant le mode projet aupr\u00e8s de l\u2019ensemble des \u00e9quipes<\/span><\/li><li><span class=\"OYPEnA text-decoration-none text-strikethrough-none\">Vous d\u00e9veloppez et diffusez une culture de l\u2019innovation \u00e0 tous les niveaux de fonctionnement de l\u2019administration<\/span><\/li><li><span class=\"OYPEnA text-decoration-none text-strikethrough-none\">Vous mettrez en place les outils de suivi et de reporting sp\u00e9cifiques \u00e0 chacune des actions mises en \u0153uvre<\/span><\/li><li><span class=\"OYPEnA text-decoration-none text-strikethrough-none\">Vous assurez un dialogue avec les partenaires ext\u00e9rieurs.<\/span><\/li><\/ul><div id=\"highlighter--hover-tools\" style=\"display: none;\"><div id=\"highlighter--hover-tools--container\"><div class=\"highlighter--icon highlighter--icon-change-color\" title=\"Change Color\">\u00a0<\/div><div class=\"highlighter--icon highlighter--icon-delete\" title=\"Delete\">\u00a0<\/div><\/div><\/div><div id=\"highlighter--hover-tools\" style=\"display: none;\"><div id=\"highlighter--hover-tools--container\"><div class=\"highlighter--icon highlighter--icon-copy\" title=\"Copy\">\u00a0<\/div><div class=\"highlighter--icon highlighter--icon-change-color\" title=\"Change Color\">\u00a0<\/div><div class=\"highlighter--icon highlighter--icon-delete\" title=\"Delete\">\u00a0<\/div><\/div><\/div><\/div>\n\t\t\t\t<\/div>\n\t\t\t\t\t\t\t<div class=\"elementor-toggle-item\">\n\t\t\t\t\t<div id=\"elementor-tab-title-6352\" class=\"elementor-tab-title\" data-tab=\"2\" role=\"button\" aria-controls=\"elementor-tab-content-6352\" aria-expanded=\"false\">\n\t\t\t\t\t\t\t\t\t\t\t\t<span class=\"elementor-toggle-icon elementor-toggle-icon-left\" aria-hidden=\"true\">\n\t\t\t\t\t\t\t\t\t\t\t\t\t\t\t<span class=\"elementor-toggle-icon-closed\"><svg class=\"e-font-icon-svg e-fas-caret-right\" viewBox=\"0 0 192 512\" xmlns=\"http:\/\/www.w3.org\/2000\/svg\"><path d=\"M0 384.662V127.338c0-17.818 21.543-26.741 34.142-14.142l128.662 128.662c7.81 7.81 7.81 20.474 0 28.284L34.142 398.804C21.543 411.404 0 402.48 0 384.662z\"><\/path><\/svg><\/span>\n\t\t\t\t\t\t\t\t<span class=\"elementor-toggle-icon-opened\"><svg class=\"elementor-toggle-icon-opened e-font-icon-svg e-fas-caret-up\" viewBox=\"0 0 320 512\" xmlns=\"http:\/\/www.w3.org\/2000\/svg\"><path d=\"M288.662 352H31.338c-17.818 0-26.741-21.543-14.142-34.142l128.662-128.662c7.81-7.81 20.474-7.81 28.284 0l128.662 128.662c12.6 12.599 3.676 34.142-14.142 34.142z\"><\/path><\/svg><\/span>\n\t\t\t\t\t\t\t\t\t\t\t\t\t<\/span>\n\t\t\t\t\t\t\t\t\t\t\t\t<a class=\"elementor-toggle-title\" tabindex=\"0\">PROFIL<\/a>\n\t\t\t\t\t<\/div>\n\n\t\t\t\t\t<div id=\"elementor-tab-content-6352\" class=\"elementor-tab-content elementor-clearfix\" data-tab=\"2\" role=\"region\" aria-labelledby=\"elementor-tab-title-6352\"><ul><li><span class=\"OYPEnA text-decoration-none text-strikethrough-none\">Vous d\u00e9tenez un titre universitaire de l\u2019enseignement sup\u00e9rieur (niveau Master 2)<\/span><\/li><li><span class=\"OYPEnA text-decoration-none text-strikethrough-none\">Vous avec une exp\u00e9rience confirm\u00e9e dans la mise en place de pratiques RSE, en collectivit\u00e9 territoriale et\/ou dans le secteur priv\u00e9<\/span><\/li><li><span class=\"OYPEnA text-decoration-none text-strikethrough-none\">Vous connaissez le fonctionnement des collectivit\u00e9s territoriales et les enjeux manag\u00e9riaux associ\u00e9s.<\/span><\/li><\/ul><p>\u00a0<\/p><p class=\"cvGsUA direction-ltr align-justify para-style-body\"><span class=\"OYPEnA text-decoration-none text-strikethrough-none\"><em><strong>Savoir-faire<\/strong><\/em> :<\/span><\/p><ul><li><span class=\"OYPEnA text-decoration-none text-strikethrough-none\">Vous effectuez un travail de fond. Vous priorisez la transformation r\u00e9elle \u00e0 la communication dans votre mode de fonctionnement<\/span><\/li><li><span class=\"OYPEnA text-decoration-none text-strikethrough-none\">Vous \u00eates capable de mener un benchmark des pratiques RSE mises en place dans d\u2019autres organisations<\/span><\/li><li><span class=\"OYPEnA text-decoration-none text-strikethrough-none\">Vous savez rendre compte des avanc\u00e9es concr\u00e8tes et des t\u00e2ches effectu\u00e9es au quotidien.<\/span><\/li><\/ul><p class=\"cvGsUA direction-ltr align-justify para-style-body\">\u00a0<\/p><p class=\"cvGsUA direction-ltr align-justify para-style-body\"><span class=\"OYPEnA text-decoration-none text-strikethrough-none\"><em><strong>Savoir-\u00eatre<\/strong> <\/em>:<\/span><\/p><ul><li><span class=\"OYPEnA text-decoration-none text-strikethrough-none\">Vous \u00eates proactif et autonome<\/span><\/li><li><span class=\"OYPEnA text-decoration-none text-strikethrough-none\">Vous savez faire preuve d\u2019assertivit\u00e9<\/span><\/li><li><span class=\"OYPEnA text-decoration-none text-strikethrough-none\">Vous \u00eates force de proposition<\/span><\/li><\/ul><ul><li style=\"list-style-type: none;\">\u00a0<\/li><\/ul><\/div>\n\t\t\t\t<\/div>\n\t\t\t\t\t\t\t<div class=\"elementor-toggle-item\">\n\t\t\t\t\t<div id=\"elementor-tab-title-6353\" class=\"elementor-tab-title\" data-tab=\"3\" role=\"button\" aria-controls=\"elementor-tab-content-6353\" aria-expanded=\"false\">\n\t\t\t\t\t\t\t\t\t\t\t\t<span class=\"elementor-toggle-icon elementor-toggle-icon-left\" aria-hidden=\"true\">\n\t\t\t\t\t\t\t\t\t\t\t\t\t\t\t<span class=\"elementor-toggle-icon-closed\"><svg class=\"e-font-icon-svg e-fas-caret-right\" viewBox=\"0 0 192 512\" xmlns=\"http:\/\/www.w3.org\/2000\/svg\"><path d=\"M0 384.662V127.338c0-17.818 21.543-26.741 34.142-14.142l128.662 128.662c7.81 7.81 7.81 20.474 0 28.284L34.142 398.804C21.543 411.404 0 402.48 0 384.662z\"><\/path><\/svg><\/span>\n\t\t\t\t\t\t\t\t<span class=\"elementor-toggle-icon-opened\"><svg class=\"elementor-toggle-icon-opened e-font-icon-svg e-fas-caret-up\" viewBox=\"0 0 320 512\" xmlns=\"http:\/\/www.w3.org\/2000\/svg\"><path d=\"M288.662 352H31.338c-17.818 0-26.741-21.543-14.142-34.142l128.662-128.662c7.81-7.81 20.474-7.81 28.284 0l128.662 128.662c12.6 12.599 3.676 34.142-14.142 34.142z\"><\/path><\/svg><\/span>\n\t\t\t\t\t\t\t\t\t\t\t\t\t<\/span>\n\t\t\t\t\t\t\t\t\t\t\t\t<a class=\"elementor-toggle-title\" tabindex=\"0\">CONDITIONS DE TRAVAIL <\/a>\n\t\t\t\t\t<\/div>\n\n\t\t\t\t\t<div id=\"elementor-tab-content-6353\" class=\"elementor-tab-content elementor-clearfix\" data-tab=\"3\" role=\"region\" aria-labelledby=\"elementor-tab-title-6353\"><ul><li><span class=\"OYPEnA text-decoration-none text-strikethrough-none\">T\u00e9l\u00e9travail possible 2 jours par semaine apr\u00e8s 3 mois<\/span><\/li><li><span class=\"OYPEnA text-decoration-none text-strikethrough-none\">Au choix, 35h sans RTT ou 37h30 et 39 avec RTT<\/span><\/li><li><span class=\"OYPEnA text-decoration-none text-strikethrough-none\">Souplesse horaire<\/span><\/li><li><span class=\"OYPEnA text-decoration-none text-strikethrough-none\">R\u00e9mun\u00e9ration comprise entre 30 000 \u20ac et 46 000 \u20ac bruts par an.<\/span><\/li><\/ul><\/div>\n\t\t\t\t<\/div>\n\t\t\t\t\t\t\t<div class=\"elementor-toggle-item\">\n\t\t\t\t\t<div id=\"elementor-tab-title-6354\" class=\"elementor-tab-title\" data-tab=\"4\" role=\"button\" aria-controls=\"elementor-tab-content-6354\" aria-expanded=\"false\">\n\t\t\t\t\t\t\t\t\t\t\t\t<span class=\"elementor-toggle-icon elementor-toggle-icon-left\" aria-hidden=\"true\">\n\t\t\t\t\t\t\t\t\t\t\t\t\t\t\t<span class=\"elementor-toggle-icon-closed\"><svg class=\"e-font-icon-svg e-fas-caret-right\" viewBox=\"0 0 192 512\" xmlns=\"http:\/\/www.w3.org\/2000\/svg\"><path d=\"M0 384.662V127.338c0-17.818 21.543-26.741 34.142-14.142l128.662 128.662c7.81 7.81 7.81 20.474 0 28.284L34.142 398.804C21.543 411.404 0 402.48 0 384.662z\"><\/path><\/svg><\/span>\n\t\t\t\t\t\t\t\t<span class=\"elementor-toggle-icon-opened\"><svg class=\"elementor-toggle-icon-opened e-font-icon-svg e-fas-caret-up\" viewBox=\"0 0 320 512\" xmlns=\"http:\/\/www.w3.org\/2000\/svg\"><path d=\"M288.662 352H31.338c-17.818 0-26.741-21.543-14.142-34.142l128.662-128.662c7.81-7.81 20.474-7.81 28.284 0l128.662 128.662c12.6 12.599 3.676 34.142-14.142 34.142z\"><\/path><\/svg><\/span>\n\t\t\t\t\t\t\t\t\t\t\t\t\t<\/span>\n\t\t\t\t\t\t\t\t\t\t\t\t<a class=\"elementor-toggle-title\" tabindex=\"0\">CONTACT <\/a>\n\t\t\t\t\t<\/div>\n\n\t\t\t\t\t<div id=\"elementor-tab-content-6354\" class=\"elementor-tab-content elementor-clearfix\" data-tab=\"4\" role=\"region\" aria-labelledby=\"elementor-tab-title-6354\"><p><strong>Louis DELAFONT<\/strong><\/p><div><p>Consultant en recrutement<\/p><p><a href=\"tel:0628467899\"> 06 28 46 78 99 <\/a><\/p><p><a href=\"mailto:louis@chasseursdetalents.fr\">louis@chasseursdetalents.fr<\/a><\/p><\/div><div id=\"highlighter--hover-tools\" style=\"display: none;\"><div id=\"highlighter--hover-tools--container\"><div class=\"highlighter--icon highlighter--icon-copy\" title=\"Copy\">\u00a0<\/div><div class=\"highlighter--icon highlighter--icon-change-color\" title=\"Change Color\">\u00a0<\/div><div class=\"highlighter--icon highlighter--icon-delete\" title=\"Delete\">\u00a0<\/div><\/div><\/div><div id=\"highlighter--hover-tools\" style=\"display: none;\"><div id=\"highlighter--hover-tools--container\"><div class=\"highlighter--icon highlighter--icon-copy\" title=\"Copy\">\u00a0<\/div><div class=\"highlighter--icon highlighter--icon-change-color\" title=\"Change Color\">\u00a0<\/div><div class=\"highlighter--icon highlighter--icon-delete\" title=\"Delete\">\u00a0<\/div><\/div><\/div><\/div>\n\t\t\t\t<\/div>\n\t\t\t\t\t\t\t\t<\/div>\n\t\t\t\t\t\t<\/div>\n\t\t\t\t<\/div>\n\t\t\t\t\t<\/div>\n\t\t<\/div>\n\t\t\t\t\t<\/div>\n\t\t<\/section>\n\t\t\t\t<section class=\"elementor-section elementor-top-section elementor-element elementor-element-2d2074b elementor-section-boxed elementor-section-height-default elementor-section-height-default\" data-id=\"2d2074b\" data-element_type=\"section\" data-e-type=\"section\">\n\t\t\t\t\t\t<div class=\"elementor-container elementor-column-gap-default\">\n\t\t\t\t\t<div class=\"elementor-column elementor-col-50 elementor-top-column elementor-element elementor-element-17fe262\" data-id=\"17fe262\" data-element_type=\"column\" data-e-type=\"column\" data-settings=\"{&quot;background_background&quot;:&quot;classic&quot;}\">\n\t\t\t<div class=\"elementor-widget-wrap elementor-element-populated\">\n\t\t\t\t\t\t<div class=\"elementor-element elementor-element-dd284dc elementor-widget elementor-widget-heading\" data-id=\"dd284dc\" data-element_type=\"widget\" data-e-type=\"widget\" data-widget_type=\"heading.default\">\n\t\t\t\t<div class=\"elementor-widget-container\">\n\t\t\t\t\t<h2 class=\"elementor-heading-title elementor-size-default\">POSTULER <\/h2>\t\t\t\t<\/div>\n\t\t\t\t<\/div>\n\t\t\t\t<div class=\"elementor-element elementor-element-d1f5a03 elementor-widget elementor-widget-heading\" data-id=\"d1f5a03\" data-element_type=\"widget\" data-e-type=\"widget\" data-widget_type=\"heading.default\">\n\t\t\t\t<div class=\"elementor-widget-container\">\n\t\t\t\t\t<h2 class=\"elementor-heading-title elementor-size-default\">Un(e) Charg\u00e9(e) de mission transformation et innovation interne charg\u00e9 de la RSE (F\/H)<\/h2>\t\t\t\t<\/div>\n\t\t\t\t<\/div>\n\t\t\t\t<div class=\"elementor-element elementor-element-92e1999 elementor-widget elementor-widget-html\" data-id=\"92e1999\" data-element_type=\"widget\" data-e-type=\"widget\" data-widget_type=\"html.default\">\n\t\t\t\t<div class=\"elementor-widget-container\">\n\t\t\t\t\t\n    <iframe\n      id=\"JotFormIFrame-241816245222349\"\n      title=\"Candidature- offre Un(e) Charg\u00e9(e) de mission transformation et innovation interne charg\u00e9 de la RSE - La Communaut\u00e9 Urbaine Creusot Montceau\"\n      onload=\"window.parent.scrollTo(0,0)\"\n      allowtransparency=\"true\"\n      allow=\"geolocation; microphone; camera; fullscreen\"\n      src=\"https:\/\/form.jotform.com\/241816245222349\"\n      frameborder=\"0\"\n      style=\"min-width:100%;max-width:100%;height:1600px;border:none;\"\n      scrolling=\"no\"\n    >\n    <\/iframe>\n    <script src='https:\/\/cdn.jotfor.ms\/s\/umd\/latest\/for-form-embed-handler.js'><\/script>\n    <script>window.jotformEmbedHandler(\"iframe[id='JotFormIFrame-241816245222349']\", \"https:\/\/form.jotform.com\/\")<\/script>\n    \t\t\t\t<\/div>\n\t\t\t\t<\/div>\n\t\t\t\t\t<\/div>\n\t\t<\/div>\n\t\t\t\t<div class=\"elementor-column elementor-col-50 elementor-top-column elementor-element elementor-element-761a7c8 elementor-hidden-tablet elementor-hidden-mobile\" data-id=\"761a7c8\" data-element_type=\"column\" data-e-type=\"column\" data-settings=\"{&quot;background_background&quot;:&quot;classic&quot;}\">\n\t\t\t<div class=\"elementor-widget-wrap elementor-element-populated\">\n\t\t\t\t\t\t<div class=\"elementor-element elementor-element-952d197 e-transform e-transform elementor-widget elementor-widget-image\" data-id=\"952d197\" data-element_type=\"widget\" data-e-type=\"widget\" data-settings=\"{&quot;_transform_translateY_effect&quot;:{&quot;unit&quot;:&quot;px&quot;,&quot;size&quot;:-12,&quot;sizes&quot;:[]},&quot;_transform_scale_effect&quot;:{&quot;unit&quot;:&quot;px&quot;,&quot;size&quot;:1.1,&quot;sizes&quot;:[]},&quot;_transform_translateX_effect&quot;:{&quot;unit&quot;:&quot;px&quot;,&quot;size&quot;:&quot;&quot;,&quot;sizes&quot;:[]},&quot;_transform_translateX_effect_tablet&quot;:{&quot;unit&quot;:&quot;px&quot;,&quot;size&quot;:&quot;&quot;,&quot;sizes&quot;:[]},&quot;_transform_translateX_effect_mobile&quot;:{&quot;unit&quot;:&quot;px&quot;,&quot;size&quot;:&quot;&quot;,&quot;sizes&quot;:[]},&quot;_transform_translateY_effect_tablet&quot;:{&quot;unit&quot;:&quot;px&quot;,&quot;size&quot;:&quot;&quot;,&quot;sizes&quot;:[]},&quot;_transform_translateY_effect_mobile&quot;:{&quot;unit&quot;:&quot;px&quot;,&quot;size&quot;:&quot;&quot;,&quot;sizes&quot;:[]},&quot;_transform_scale_effect_tablet&quot;:{&quot;unit&quot;:&quot;px&quot;,&quot;size&quot;:&quot;&quot;,&quot;sizes&quot;:[]},&quot;_transform_scale_effect_mobile&quot;:{&quot;unit&quot;:&quot;px&quot;,&quot;size&quot;:&quot;&quot;,&quot;sizes&quot;:[]}}\" data-widget_type=\"image.default\">\n\t\t\t\t<div class=\"elementor-widget-container\">\n\t\t\t\t\t\t\t\t\t\t\t\t\t\t\t<img decoding=\"async\" width=\"800\" height=\"474\" src=\"https:\/\/www.chasseursdetalents.fr\/wp-content\/uploads\/2024\/06\/Logo_Communaute_urbaine_Creusot_Montceau_Paint.png\" class=\"attachment-large size-large wp-image-3324\" alt=\"\" srcset=\"https:\/\/www.chasseursdetalents.fr\/wp-content\/uploads\/2024\/06\/Logo_Communaute_urbaine_Creusot_Montceau_Paint.png 800w, https:\/\/www.chasseursdetalents.fr\/wp-content\/uploads\/2024\/06\/Logo_Communaute_urbaine_Creusot_Montceau_Paint-300x178.png 300w, https:\/\/www.chasseursdetalents.fr\/wp-content\/uploads\/2024\/06\/Logo_Communaute_urbaine_Creusot_Montceau_Paint-768x455.png 768w\" sizes=\"(max-width: 800px) 100vw, 800px\" \/>\t\t\t\t\t\t\t\t\t\t\t\t\t\t\t<\/div>\n\t\t\t\t<\/div>\n\t\t\t\t\t<\/div>\n\t\t<\/div>\n\t\t\t\t\t<\/div>\n\t\t<\/section>\n\t\t\t\t<section class=\"elementor-section elementor-top-section elementor-element elementor-element-4e89f02 elementor-section-boxed elementor-section-height-default elementor-section-height-default\" data-id=\"4e89f02\" data-element_type=\"section\" data-e-type=\"section\" data-settings=\"{&quot;background_background&quot;:&quot;gradient&quot;}\">\n\t\t\t\t\t\t<div class=\"elementor-container elementor-column-gap-default\">\n\t\t\t\t\t<div class=\"elementor-column elementor-col-100 elementor-top-column elementor-element elementor-element-5491b55\" data-id=\"5491b55\" data-element_type=\"column\" data-e-type=\"column\">\n\t\t\t<div class=\"elementor-widget-wrap\">\n\t\t\t\t\t\t\t<\/div>\n\t\t<\/div>\n\t\t\t\t\t<\/div>\n\t\t<\/section>\n\t\t\t\t<\/div>\n\t\t","protected":false},"excerpt":{"rendered":"<p>La Communaut\u00e9 Urbaine Creusot Montceau UN CHARG\u00c9 DE MISSION TRANSFORMATION ET INNOVATION INTERNE CHARG\u00c9 DE LA RSE (F\/H) Bienvenue sur le territoire de tous les possibles de la Communaut\u00e9 Urbaine Creusot Montceau ! La Communaut\u00e9 Urbaine Creusot Montceau regroupe 34 communes et compte 97 000 habitants. Situ\u00e9 au c\u0153ur de la Bourgogne, ce territoire offre [&hellip;]<\/p>\n","protected":false},"author":2,"featured_media":0,"parent":0,"menu_order":0,"comment_status":"closed","ping_status":"closed","template":"","meta":{"footnotes":""},"class_list":["post-3322","page","type-page","status-publish","hentry"],"yoast_head":"<!-- This site is optimized with the Yoast SEO plugin v27.5 - https:\/\/yoast.com\/product\/yoast-seo-wordpress\/ -->\n<title>Offre Charg\u00e9 de mission transformation et innovation interne charg\u00e9 de la RSE Communaut\u00e9 Urbaine Creusot Montceau - Chasseurs de talents<\/title>\n<meta name=\"robots\" content=\"index, follow, max-snippet:-1, max-image-preview:large, max-video-preview:-1\" \/>\n<link rel=\"canonical\" href=\"https:\/\/www.chasseursdetalents.fr\/index.php\/offre-charge-de-mission-transformation-et-innovation-interne-charge-de-la-rse-communaute-urbaine-creusot-montceau\/\" \/>\n<meta property=\"og:locale\" content=\"fr_FR\" \/>\n<meta property=\"og:type\" content=\"article\" \/>\n<meta property=\"og:title\" content=\"Offre Charg\u00e9 de mission transformation et innovation interne charg\u00e9 de la RSE Communaut\u00e9 Urbaine Creusot Montceau - Chasseurs de talents\" \/>\n<meta property=\"og:description\" content=\"La Communaut\u00e9 Urbaine Creusot Montceau UN CHARG\u00c9 DE MISSION TRANSFORMATION ET INNOVATION INTERNE CHARG\u00c9 DE LA RSE (F\/H) Bienvenue sur le territoire de tous les possibles de la Communaut\u00e9 Urbaine Creusot Montceau ! La Communaut\u00e9 Urbaine Creusot Montceau regroupe 34 communes et compte 97 000 habitants. Situ\u00e9 au c\u0153ur de la Bourgogne, ce territoire offre [&hellip;]\" \/>\n<meta property=\"og:url\" content=\"https:\/\/www.chasseursdetalents.fr\/index.php\/offre-charge-de-mission-transformation-et-innovation-interne-charge-de-la-rse-communaute-urbaine-creusot-montceau\/\" \/>\n<meta property=\"og:site_name\" content=\"Chasseurs de talents\" \/>\n<meta property=\"article:modified_time\" content=\"2024-06-30T21:25:12+00:00\" \/>\n<meta property=\"og:image\" content=\"https:\/\/www.chasseursdetalents.fr\/wp-content\/uploads\/2024\/06\/Creusot-Montceau-3.jpeg\" \/>\n<meta name=\"twitter:card\" content=\"summary_large_image\" \/>\n<meta name=\"twitter:label1\" content=\"Dur\u00e9e de lecture estim\u00e9e\" \/>\n\t<meta name=\"twitter:data1\" content=\"7 minutes\" \/>\n<script type=\"application\/ld+json\" class=\"yoast-schema-graph\">{\"@context\":\"https:\\\/\\\/schema.org\",\"@graph\":[{\"@type\":\"WebPage\",\"@id\":\"https:\\\/\\\/www.chasseursdetalents.fr\\\/index.php\\\/offre-charge-de-mission-transformation-et-innovation-interne-charge-de-la-rse-communaute-urbaine-creusot-montceau\\\/\",\"url\":\"https:\\\/\\\/www.chasseursdetalents.fr\\\/index.php\\\/offre-charge-de-mission-transformation-et-innovation-interne-charge-de-la-rse-communaute-urbaine-creusot-montceau\\\/\",\"name\":\"Offre Charg\u00e9 de mission transformation et innovation interne charg\u00e9 de la RSE Communaut\u00e9 Urbaine Creusot Montceau - Chasseurs de talents\",\"isPartOf\":{\"@id\":\"https:\\\/\\\/www.chasseursdetalents.fr\\\/#website\"},\"primaryImageOfPage\":{\"@id\":\"https:\\\/\\\/www.chasseursdetalents.fr\\\/index.php\\\/offre-charge-de-mission-transformation-et-innovation-interne-charge-de-la-rse-communaute-urbaine-creusot-montceau\\\/#primaryimage\"},\"image\":{\"@id\":\"https:\\\/\\\/www.chasseursdetalents.fr\\\/index.php\\\/offre-charge-de-mission-transformation-et-innovation-interne-charge-de-la-rse-communaute-urbaine-creusot-montceau\\\/#primaryimage\"},\"thumbnailUrl\":\"https:\\\/\\\/www.chasseursdetalents.fr\\\/wp-content\\\/uploads\\\/2024\\\/06\\\/Creusot-Montceau-3.jpeg\",\"datePublished\":\"2024-06-30T21:14:28+00:00\",\"dateModified\":\"2024-06-30T21:25:12+00:00\",\"breadcrumb\":{\"@id\":\"https:\\\/\\\/www.chasseursdetalents.fr\\\/index.php\\\/offre-charge-de-mission-transformation-et-innovation-interne-charge-de-la-rse-communaute-urbaine-creusot-montceau\\\/#breadcrumb\"},\"inLanguage\":\"fr-FR\",\"potentialAction\":[{\"@type\":\"ReadAction\",\"target\":[\"https:\\\/\\\/www.chasseursdetalents.fr\\\/index.php\\\/offre-charge-de-mission-transformation-et-innovation-interne-charge-de-la-rse-communaute-urbaine-creusot-montceau\\\/\"]}]},{\"@type\":\"ImageObject\",\"inLanguage\":\"fr-FR\",\"@id\":\"https:\\\/\\\/www.chasseursdetalents.fr\\\/index.php\\\/offre-charge-de-mission-transformation-et-innovation-interne-charge-de-la-rse-communaute-urbaine-creusot-montceau\\\/#primaryimage\",\"url\":\"https:\\\/\\\/www.chasseursdetalents.fr\\\/wp-content\\\/uploads\\\/2024\\\/06\\\/Creusot-Montceau-3.jpeg\",\"contentUrl\":\"https:\\\/\\\/www.chasseursdetalents.fr\\\/wp-content\\\/uploads\\\/2024\\\/06\\\/Creusot-Montceau-3.jpeg\",\"width\":1280,\"height\":853},{\"@type\":\"BreadcrumbList\",\"@id\":\"https:\\\/\\\/www.chasseursdetalents.fr\\\/index.php\\\/offre-charge-de-mission-transformation-et-innovation-interne-charge-de-la-rse-communaute-urbaine-creusot-montceau\\\/#breadcrumb\",\"itemListElement\":[{\"@type\":\"ListItem\",\"position\":1,\"name\":\"Accueil\",\"item\":\"https:\\\/\\\/www.chasseursdetalents.fr\\\/\"},{\"@type\":\"ListItem\",\"position\":2,\"name\":\"Offre Charg\u00e9 de mission transformation et innovation interne charg\u00e9 de la RSE Communaut\u00e9 Urbaine Creusot Montceau\"}]},{\"@type\":\"WebSite\",\"@id\":\"https:\\\/\\\/www.chasseursdetalents.fr\\\/#website\",\"url\":\"https:\\\/\\\/www.chasseursdetalents.fr\\\/\",\"name\":\"Chasseurs de talents\",\"description\":\"Cabinet de recrutement pour cadres dirigeants du secteur public\",\"publisher\":{\"@id\":\"https:\\\/\\\/www.chasseursdetalents.fr\\\/#organization\"},\"potentialAction\":[{\"@type\":\"SearchAction\",\"target\":{\"@type\":\"EntryPoint\",\"urlTemplate\":\"https:\\\/\\\/www.chasseursdetalents.fr\\\/?s={search_term_string}\"},\"query-input\":{\"@type\":\"PropertyValueSpecification\",\"valueRequired\":true,\"valueName\":\"search_term_string\"}}],\"inLanguage\":\"fr-FR\"},{\"@type\":\"Organization\",\"@id\":\"https:\\\/\\\/www.chasseursdetalents.fr\\\/#organization\",\"name\":\"Chasseurs de talents\",\"url\":\"https:\\\/\\\/www.chasseursdetalents.fr\\\/\",\"logo\":{\"@type\":\"ImageObject\",\"inLanguage\":\"fr-FR\",\"@id\":\"https:\\\/\\\/www.chasseursdetalents.fr\\\/#\\\/schema\\\/logo\\\/image\\\/\",\"url\":\"https:\\\/\\\/www.chasseursdetalents.fr\\\/wp-content\\\/uploads\\\/2023\\\/11\\\/Capture_d_ecran_2023-11-17_a_10.40.58-removebg-preview.png\",\"contentUrl\":\"https:\\\/\\\/www.chasseursdetalents.fr\\\/wp-content\\\/uploads\\\/2023\\\/11\\\/Capture_d_ecran_2023-11-17_a_10.40.58-removebg-preview.png\",\"width\":486,\"height\":166,\"caption\":\"Chasseurs de talents\"},\"image\":{\"@id\":\"https:\\\/\\\/www.chasseursdetalents.fr\\\/#\\\/schema\\\/logo\\\/image\\\/\"}}]}<\/script>\n<!-- \/ Yoast SEO plugin. -->","yoast_head_json":{"title":"Offre Charg\u00e9 de mission transformation et innovation interne charg\u00e9 de la RSE Communaut\u00e9 Urbaine Creusot Montceau - Chasseurs de talents","robots":{"index":"index","follow":"follow","max-snippet":"max-snippet:-1","max-image-preview":"max-image-preview:large","max-video-preview":"max-video-preview:-1"},"canonical":"https:\/\/www.chasseursdetalents.fr\/index.php\/offre-charge-de-mission-transformation-et-innovation-interne-charge-de-la-rse-communaute-urbaine-creusot-montceau\/","og_locale":"fr_FR","og_type":"article","og_title":"Offre Charg\u00e9 de mission transformation et innovation interne charg\u00e9 de la RSE Communaut\u00e9 Urbaine Creusot Montceau - Chasseurs de talents","og_description":"La Communaut\u00e9 Urbaine Creusot Montceau UN CHARG\u00c9 DE MISSION TRANSFORMATION ET INNOVATION INTERNE CHARG\u00c9 DE LA RSE (F\/H) Bienvenue sur le territoire de tous les possibles de la Communaut\u00e9 Urbaine Creusot Montceau ! La Communaut\u00e9 Urbaine Creusot Montceau regroupe 34 communes et compte 97 000 habitants. Situ\u00e9 au c\u0153ur de la Bourgogne, ce territoire offre [&hellip;]","og_url":"https:\/\/www.chasseursdetalents.fr\/index.php\/offre-charge-de-mission-transformation-et-innovation-interne-charge-de-la-rse-communaute-urbaine-creusot-montceau\/","og_site_name":"Chasseurs de talents","article_modified_time":"2024-06-30T21:25:12+00:00","og_image":[{"url":"https:\/\/www.chasseursdetalents.fr\/wp-content\/uploads\/2024\/06\/Creusot-Montceau-3.jpeg","type":"","width":"","height":""}],"twitter_card":"summary_large_image","twitter_misc":{"Dur\u00e9e de lecture estim\u00e9e":"7 minutes"},"schema":{"@context":"https:\/\/schema.org","@graph":[{"@type":"WebPage","@id":"https:\/\/www.chasseursdetalents.fr\/index.php\/offre-charge-de-mission-transformation-et-innovation-interne-charge-de-la-rse-communaute-urbaine-creusot-montceau\/","url":"https:\/\/www.chasseursdetalents.fr\/index.php\/offre-charge-de-mission-transformation-et-innovation-interne-charge-de-la-rse-communaute-urbaine-creusot-montceau\/","name":"Offre Charg\u00e9 de mission transformation et innovation interne charg\u00e9 de la RSE Communaut\u00e9 Urbaine Creusot Montceau - Chasseurs de talents","isPartOf":{"@id":"https:\/\/www.chasseursdetalents.fr\/#website"},"primaryImageOfPage":{"@id":"https:\/\/www.chasseursdetalents.fr\/index.php\/offre-charge-de-mission-transformation-et-innovation-interne-charge-de-la-rse-communaute-urbaine-creusot-montceau\/#primaryimage"},"image":{"@id":"https:\/\/www.chasseursdetalents.fr\/index.php\/offre-charge-de-mission-transformation-et-innovation-interne-charge-de-la-rse-communaute-urbaine-creusot-montceau\/#primaryimage"},"thumbnailUrl":"https:\/\/www.chasseursdetalents.fr\/wp-content\/uploads\/2024\/06\/Creusot-Montceau-3.jpeg","datePublished":"2024-06-30T21:14:28+00:00","dateModified":"2024-06-30T21:25:12+00:00","breadcrumb":{"@id":"https:\/\/www.chasseursdetalents.fr\/index.php\/offre-charge-de-mission-transformation-et-innovation-interne-charge-de-la-rse-communaute-urbaine-creusot-montceau\/#breadcrumb"},"inLanguage":"fr-FR","potentialAction":[{"@type":"ReadAction","target":["https:\/\/www.chasseursdetalents.fr\/index.php\/offre-charge-de-mission-transformation-et-innovation-interne-charge-de-la-rse-communaute-urbaine-creusot-montceau\/"]}]},{"@type":"ImageObject","inLanguage":"fr-FR","@id":"https:\/\/www.chasseursdetalents.fr\/index.php\/offre-charge-de-mission-transformation-et-innovation-interne-charge-de-la-rse-communaute-urbaine-creusot-montceau\/#primaryimage","url":"https:\/\/www.chasseursdetalents.fr\/wp-content\/uploads\/2024\/06\/Creusot-Montceau-3.jpeg","contentUrl":"https:\/\/www.chasseursdetalents.fr\/wp-content\/uploads\/2024\/06\/Creusot-Montceau-3.jpeg","width":1280,"height":853},{"@type":"BreadcrumbList","@id":"https:\/\/www.chasseursdetalents.fr\/index.php\/offre-charge-de-mission-transformation-et-innovation-interne-charge-de-la-rse-communaute-urbaine-creusot-montceau\/#breadcrumb","itemListElement":[{"@type":"ListItem","position":1,"name":"Accueil","item":"https:\/\/www.chasseursdetalents.fr\/"},{"@type":"ListItem","position":2,"name":"Offre Charg\u00e9 de mission transformation et innovation interne charg\u00e9 de la RSE Communaut\u00e9 Urbaine Creusot Montceau"}]},{"@type":"WebSite","@id":"https:\/\/www.chasseursdetalents.fr\/#website","url":"https:\/\/www.chasseursdetalents.fr\/","name":"Chasseurs de talents","description":"Cabinet de recrutement pour cadres dirigeants du secteur public","publisher":{"@id":"https:\/\/www.chasseursdetalents.fr\/#organization"},"potentialAction":[{"@type":"SearchAction","target":{"@type":"EntryPoint","urlTemplate":"https:\/\/www.chasseursdetalents.fr\/?s={search_term_string}"},"query-input":{"@type":"PropertyValueSpecification","valueRequired":true,"valueName":"search_term_string"}}],"inLanguage":"fr-FR"},{"@type":"Organization","@id":"https:\/\/www.chasseursdetalents.fr\/#organization","name":"Chasseurs de talents","url":"https:\/\/www.chasseursdetalents.fr\/","logo":{"@type":"ImageObject","inLanguage":"fr-FR","@id":"https:\/\/www.chasseursdetalents.fr\/#\/schema\/logo\/image\/","url":"https:\/\/www.chasseursdetalents.fr\/wp-content\/uploads\/2023\/11\/Capture_d_ecran_2023-11-17_a_10.40.58-removebg-preview.png","contentUrl":"https:\/\/www.chasseursdetalents.fr\/wp-content\/uploads\/2023\/11\/Capture_d_ecran_2023-11-17_a_10.40.58-removebg-preview.png","width":486,"height":166,"caption":"Chasseurs de talents"},"image":{"@id":"https:\/\/www.chasseursdetalents.fr\/#\/schema\/logo\/image\/"}}]}},"_links":{"self":[{"href":"https:\/\/www.chasseursdetalents.fr\/index.php\/wp-json\/wp\/v2\/pages\/3322","targetHints":{"allow":["GET"]}}],"collection":[{"href":"https:\/\/www.chasseursdetalents.fr\/index.php\/wp-json\/wp\/v2\/pages"}],"about":[{"href":"https:\/\/www.chasseursdetalents.fr\/index.php\/wp-json\/wp\/v2\/types\/page"}],"author":[{"embeddable":true,"href":"https:\/\/www.chasseursdetalents.fr\/index.php\/wp-json\/wp\/v2\/users\/2"}],"replies":[{"embeddable":true,"href":"https:\/\/www.chasseursdetalents.fr\/index.php\/wp-json\/wp\/v2\/comments?post=3322"}],"version-history":[{"count":0,"href":"https:\/\/www.chasseursdetalents.fr\/index.php\/wp-json\/wp\/v2\/pages\/3322\/revisions"}],"wp:attachment":[{"href":"https:\/\/www.chasseursdetalents.fr\/index.php\/wp-json\/wp\/v2\/media?parent=3322"}],"curies":[{"name":"wp","href":"https:\/\/api.w.org\/{rel}","templated":true}]}}