{"id":5267,"date":"2025-04-01T09:38:20","date_gmt":"2025-04-01T09:38:20","guid":{"rendered":"https:\/\/www.chasseursdetalents.fr\/?page_id=5267"},"modified":"2025-04-01T09:43:43","modified_gmt":"2025-04-01T09:43:43","slug":"directeur-du-patrimoine-bati-livry-gargan","status":"publish","type":"page","link":"https:\/\/www.chasseursdetalents.fr\/index.php\/directeur-du-patrimoine-bati-livry-gargan\/","title":{"rendered":"Directeur du Patrimoine B\u00e2ti &#8211; Livry-Gargan"},"content":{"rendered":"\t\t<div data-elementor-type=\"wp-page\" data-elementor-id=\"5267\" class=\"elementor elementor-5267\" data-elementor-post-type=\"page\">\n\t\t\t\t\t\t<section class=\"elementor-section elementor-top-section elementor-element elementor-element-3be1365 elementor-section-full_width elementor-section-height-default elementor-section-height-default\" data-id=\"3be1365\" data-element_type=\"section\" data-e-type=\"section\" data-settings=\"{&quot;background_background&quot;:&quot;gradient&quot;}\">\n\t\t\t\t\t\t<div class=\"elementor-container elementor-column-gap-default\">\n\t\t\t\t\t<div class=\"elementor-column elementor-col-100 elementor-top-column elementor-element elementor-element-e0e5a11\" data-id=\"e0e5a11\" data-element_type=\"column\" data-e-type=\"column\">\n\t\t\t<div class=\"elementor-widget-wrap elementor-element-populated\">\n\t\t\t\t\t\t<div class=\"elementor-element elementor-element-9ba1aa8 elementor-widget__width-initial e-transform elementor-widget elementor-widget-heading\" data-id=\"9ba1aa8\" data-element_type=\"widget\" data-e-type=\"widget\" data-settings=\"{&quot;_transform_scale_effect&quot;:{&quot;unit&quot;:&quot;px&quot;,&quot;size&quot;:&quot;&quot;,&quot;sizes&quot;:[]},&quot;_transform_scale_effect_tablet&quot;:{&quot;unit&quot;:&quot;px&quot;,&quot;size&quot;:&quot;&quot;,&quot;sizes&quot;:[]},&quot;_transform_scale_effect_mobile&quot;:{&quot;unit&quot;:&quot;px&quot;,&quot;size&quot;:&quot;&quot;,&quot;sizes&quot;:[]}}\" data-widget_type=\"heading.default\">\n\t\t\t\t<div class=\"elementor-widget-container\">\n\t\t\t\t\t<h2 class=\"elementor-heading-title elementor-size-default\">Livry-Gargan - D\u00e9partement de la Seine-Saint-Denis (93)<\/h2>\t\t\t\t<\/div>\n\t\t\t\t<\/div>\n\t\t\t\t<div class=\"elementor-element elementor-element-88fe93e elementor-widget elementor-widget-heading\" data-id=\"88fe93e\" data-element_type=\"widget\" data-e-type=\"widget\" data-widget_type=\"heading.default\">\n\t\t\t\t<div class=\"elementor-widget-container\">\n\t\t\t\t\t<h2 class=\"elementor-heading-title elementor-size-default\">UN DIRECTEUR DU PATRIMOINE B\u00c2TI (F\/H) <\/h2>\t\t\t\t<\/div>\n\t\t\t\t<\/div>\n\t\t\t\t\t<\/div>\n\t\t<\/div>\n\t\t\t\t\t<\/div>\n\t\t<\/section>\n\t\t\t\t<section class=\"elementor-section elementor-top-section elementor-element elementor-element-bbd633b elementor-section-boxed elementor-section-height-default elementor-section-height-default\" data-id=\"bbd633b\" data-element_type=\"section\" data-e-type=\"section\">\n\t\t\t\t\t\t<div class=\"elementor-container elementor-column-gap-default\">\n\t\t\t\t\t<div class=\"elementor-column elementor-col-50 elementor-top-column elementor-element elementor-element-a5f2c5e\" data-id=\"a5f2c5e\" data-element_type=\"column\" data-e-type=\"column\">\n\t\t\t<div class=\"elementor-widget-wrap elementor-element-populated\">\n\t\t\t\t\t\t<div class=\"elementor-element elementor-element-1518361 e-transform e-transform elementor-widget elementor-widget-image\" data-id=\"1518361\" data-element_type=\"widget\" data-e-type=\"widget\" data-settings=\"{&quot;_transform_translateY_effect&quot;:{&quot;unit&quot;:&quot;px&quot;,&quot;size&quot;:51,&quot;sizes&quot;:[]},&quot;_transform_translateX_effect&quot;:{&quot;unit&quot;:&quot;px&quot;,&quot;size&quot;:&quot;&quot;,&quot;sizes&quot;:[]},&quot;_transform_translateX_effect_tablet&quot;:{&quot;unit&quot;:&quot;px&quot;,&quot;size&quot;:&quot;&quot;,&quot;sizes&quot;:[]},&quot;_transform_translateX_effect_mobile&quot;:{&quot;unit&quot;:&quot;px&quot;,&quot;size&quot;:&quot;&quot;,&quot;sizes&quot;:[]},&quot;_transform_translateY_effect_tablet&quot;:{&quot;unit&quot;:&quot;px&quot;,&quot;size&quot;:&quot;&quot;,&quot;sizes&quot;:[]},&quot;_transform_translateY_effect_mobile&quot;:{&quot;unit&quot;:&quot;px&quot;,&quot;size&quot;:&quot;&quot;,&quot;sizes&quot;:[]},&quot;_transform_scale_effect&quot;:{&quot;unit&quot;:&quot;px&quot;,&quot;size&quot;:&quot;&quot;,&quot;sizes&quot;:[]},&quot;_transform_scale_effect_tablet&quot;:{&quot;unit&quot;:&quot;px&quot;,&quot;size&quot;:&quot;&quot;,&quot;sizes&quot;:[]},&quot;_transform_scale_effect_mobile&quot;:{&quot;unit&quot;:&quot;px&quot;,&quot;size&quot;:&quot;&quot;,&quot;sizes&quot;:[]}}\" data-widget_type=\"image.default\">\n\t\t\t\t<div class=\"elementor-widget-container\">\n\t\t\t\t\t\t\t\t\t\t\t\t\t\t\t<img fetchpriority=\"high\" decoding=\"async\" width=\"2560\" height=\"1707\" src=\"https:\/\/www.chasseursdetalents.fr\/wp-content\/uploads\/2024\/01\/Livry-gargan-2-scaled.jpg\" class=\"attachment-full size-full wp-image-1342\" alt=\"\" srcset=\"https:\/\/www.chasseursdetalents.fr\/wp-content\/uploads\/2024\/01\/Livry-gargan-2-scaled.jpg 2560w, https:\/\/www.chasseursdetalents.fr\/wp-content\/uploads\/2024\/01\/Livry-gargan-2-300x200.jpg 300w, https:\/\/www.chasseursdetalents.fr\/wp-content\/uploads\/2024\/01\/Livry-gargan-2-1024x683.jpg 1024w, https:\/\/www.chasseursdetalents.fr\/wp-content\/uploads\/2024\/01\/Livry-gargan-2-768x512.jpg 768w, https:\/\/www.chasseursdetalents.fr\/wp-content\/uploads\/2024\/01\/Livry-gargan-2-1536x1024.jpg 1536w, https:\/\/www.chasseursdetalents.fr\/wp-content\/uploads\/2024\/01\/Livry-gargan-2-2048x1365.jpg 2048w\" sizes=\"(max-width: 2560px) 100vw, 2560px\" \/>\t\t\t\t\t\t\t\t\t\t\t\t\t\t\t<\/div>\n\t\t\t\t<\/div>\n\t\t\t\t\t<\/div>\n\t\t<\/div>\n\t\t\t\t<div class=\"elementor-column elementor-col-50 elementor-top-column elementor-element elementor-element-dffe32d\" data-id=\"dffe32d\" data-element_type=\"column\" data-e-type=\"column\">\n\t\t\t<div class=\"elementor-widget-wrap elementor-element-populated\">\n\t\t\t\t\t\t<div class=\"elementor-element elementor-element-a0af12d elementor-widget__width-initial e-transform e-transform elementor-widget elementor-widget-image\" data-id=\"a0af12d\" data-element_type=\"widget\" data-e-type=\"widget\" data-settings=\"{&quot;_transform_translateX_effect&quot;:{&quot;unit&quot;:&quot;px&quot;,&quot;size&quot;:256,&quot;sizes&quot;:[]},&quot;_transform_translateY_effect&quot;:{&quot;unit&quot;:&quot;px&quot;,&quot;size&quot;:7,&quot;sizes&quot;:[]},&quot;_transform_scale_effect&quot;:{&quot;unit&quot;:&quot;px&quot;,&quot;size&quot;:0.7,&quot;sizes&quot;:[]},&quot;_transform_translateX_effect_tablet&quot;:{&quot;unit&quot;:&quot;px&quot;,&quot;size&quot;:&quot;&quot;,&quot;sizes&quot;:[]},&quot;_transform_translateX_effect_mobile&quot;:{&quot;unit&quot;:&quot;px&quot;,&quot;size&quot;:&quot;&quot;,&quot;sizes&quot;:[]},&quot;_transform_translateY_effect_tablet&quot;:{&quot;unit&quot;:&quot;px&quot;,&quot;size&quot;:&quot;&quot;,&quot;sizes&quot;:[]},&quot;_transform_translateY_effect_mobile&quot;:{&quot;unit&quot;:&quot;px&quot;,&quot;size&quot;:&quot;&quot;,&quot;sizes&quot;:[]},&quot;_transform_scale_effect_tablet&quot;:{&quot;unit&quot;:&quot;px&quot;,&quot;size&quot;:&quot;&quot;,&quot;sizes&quot;:[]},&quot;_transform_scale_effect_mobile&quot;:{&quot;unit&quot;:&quot;px&quot;,&quot;size&quot;:&quot;&quot;,&quot;sizes&quot;:[]}}\" data-widget_type=\"image.default\">\n\t\t\t\t<div class=\"elementor-widget-container\">\n\t\t\t\t\t\t\t\t\t\t\t\t\t\t\t<img decoding=\"async\" width=\"800\" height=\"173\" src=\"https:\/\/www.chasseursdetalents.fr\/wp-content\/uploads\/2024\/03\/1280px-Logo_Livry_Gargan_2015.svg-1024x222.png\" class=\"attachment-large size-large wp-image-2122\" alt=\"\" srcset=\"https:\/\/www.chasseursdetalents.fr\/wp-content\/uploads\/2024\/03\/1280px-Logo_Livry_Gargan_2015.svg-1024x222.png 1024w, https:\/\/www.chasseursdetalents.fr\/wp-content\/uploads\/2024\/03\/1280px-Logo_Livry_Gargan_2015.svg-300x65.png 300w, https:\/\/www.chasseursdetalents.fr\/wp-content\/uploads\/2024\/03\/1280px-Logo_Livry_Gargan_2015.svg-768x167.png 768w, https:\/\/www.chasseursdetalents.fr\/wp-content\/uploads\/2024\/03\/1280px-Logo_Livry_Gargan_2015.svg.png 1280w\" sizes=\"(max-width: 800px) 100vw, 800px\" \/>\t\t\t\t\t\t\t\t\t\t\t\t\t\t\t<\/div>\n\t\t\t\t<\/div>\n\t\t\t\t<div class=\"elementor-element elementor-element-d143b55 e-transform e-transform elementor-widget elementor-widget-text-editor\" data-id=\"d143b55\" data-element_type=\"widget\" data-e-type=\"widget\" data-settings=\"{&quot;_transform_translateY_effect&quot;:{&quot;unit&quot;:&quot;px&quot;,&quot;size&quot;:18,&quot;sizes&quot;:[]},&quot;_transform_translateX_effect&quot;:{&quot;unit&quot;:&quot;px&quot;,&quot;size&quot;:&quot;&quot;,&quot;sizes&quot;:[]},&quot;_transform_translateX_effect_tablet&quot;:{&quot;unit&quot;:&quot;px&quot;,&quot;size&quot;:&quot;&quot;,&quot;sizes&quot;:[]},&quot;_transform_translateX_effect_mobile&quot;:{&quot;unit&quot;:&quot;px&quot;,&quot;size&quot;:&quot;&quot;,&quot;sizes&quot;:[]},&quot;_transform_translateY_effect_tablet&quot;:{&quot;unit&quot;:&quot;px&quot;,&quot;size&quot;:&quot;&quot;,&quot;sizes&quot;:[]},&quot;_transform_translateY_effect_mobile&quot;:{&quot;unit&quot;:&quot;px&quot;,&quot;size&quot;:&quot;&quot;,&quot;sizes&quot;:[]},&quot;_transform_scale_effect&quot;:{&quot;unit&quot;:&quot;px&quot;,&quot;size&quot;:&quot;&quot;,&quot;sizes&quot;:[]},&quot;_transform_scale_effect_tablet&quot;:{&quot;unit&quot;:&quot;px&quot;,&quot;size&quot;:&quot;&quot;,&quot;sizes&quot;:[]},&quot;_transform_scale_effect_mobile&quot;:{&quot;unit&quot;:&quot;px&quot;,&quot;size&quot;:&quot;&quot;,&quot;sizes&quot;:[]}}\" data-widget_type=\"text-editor.default\">\n\t\t\t\t<div class=\"elementor-widget-container\">\n\t\t\t\t\t\t\t\t\t<p class=\"cvGsUA direction-ltr align-justify para-style-body\"><strong><span class=\"OYPEnA font-feature-liga-off font-feature-clig-off font-feature-calt-off text-decoration-none text-strikethrough-none\">Bienvenue \u00e0 Livry-Gargan !<\/span><\/strong><\/p><p class=\"cvGsUA direction-ltr align-justify para-style-body\"><span class=\"OYPEnA font-feature-liga-off font-feature-clig-off font-feature-calt-off text-decoration-none text-strikethrough-none\">Situ\u00e9e aux portes de Paris, Livry-Gargan offre \u00e0 ses plus de 45 000 habitants un cadre de vie harmonieux, alliant dynamisme urbain et espaces naturels pr\u00e9serv\u00e9s. La ville est reconnue pour son engagement en faveur de la qualit\u00e9 de vie, notamment \u00e0 travers la pr\u00e9servation de ses quartiers pavillonnaires et le d\u00e9veloppement ma\u00eetris\u00e9 de son urbanisme. Livry-Gargan se distingue par ses nombreux espaces verts et for\u00eats, v\u00e9ritables poumons verts au sein de la zone urbaine dense de l&rsquo;Est parisien. La commune est d&rsquo;ailleurs titulaire du label \u00ab\u00a04 fleurs\u00a0\u00bb du concours Villes et Villages Fleuris, t\u00e9moignant de son engagement pour pr\u00e9server le cadre de vie et renforcer la nature en ville.<\/span><\/p><p class=\"cvGsUA direction-ltr align-justify para-style-body\"><span class=\"OYPEnA font-feature-liga-off font-feature-clig-off font-feature-calt-off text-decoration-none text-strikethrough-none\">La ville s&rsquo;attache \u00e9galement \u00e0 offrir \u00e0 ses habitants des \u00e9quipements de qualit\u00e9, que ce soit en mati\u00e8re d&rsquo;\u00e9ducation, de sport ou de culture, contribuant ainsi \u00e0 une vie locale riche et \u00e9panouissante.<\/span><\/p>\t\t\t\t\t\t\t\t<\/div>\n\t\t\t\t<\/div>\n\t\t\t\t\t<\/div>\n\t\t<\/div>\n\t\t\t\t\t<\/div>\n\t\t<\/section>\n\t\t\t\t<section class=\"elementor-section elementor-top-section elementor-element elementor-element-67ba854 elementor-section-boxed elementor-section-height-default elementor-section-height-default\" data-id=\"67ba854\" data-element_type=\"section\" data-e-type=\"section\">\n\t\t\t\t\t\t<div class=\"elementor-container elementor-column-gap-default\">\n\t\t\t\t\t<div class=\"elementor-column elementor-col-50 elementor-top-column elementor-element elementor-element-481abe7\" data-id=\"481abe7\" data-element_type=\"column\" data-e-type=\"column\" data-settings=\"{&quot;background_background&quot;:&quot;classic&quot;}\">\n\t\t\t<div class=\"elementor-widget-wrap elementor-element-populated\">\n\t\t\t\t\t\t<div class=\"elementor-element elementor-element-c1d2c81 elementor-widget elementor-widget-heading\" data-id=\"c1d2c81\" data-element_type=\"widget\" data-e-type=\"widget\" data-widget_type=\"heading.default\">\n\t\t\t\t<div class=\"elementor-widget-container\">\n\t\t\t\t\t<h2 class=\"elementor-heading-title elementor-size-default\">Dans un contexte de fort d\u00e9veloppement urbain (groupes scolaires en construction, requalification du lac, s\u00e9curisation des abords d\u2019\u00e9coles, projets de city-stades et de cours oasis\u2026) la Ville recrute : <br>Un(e) Directeur(trice) du Patrimoine B\u00e2ti (F\/H) <\/h2>\t\t\t\t<\/div>\n\t\t\t\t<\/div>\n\t\t\t\t<div class=\"elementor-element elementor-element-46a3380 elementor-widget elementor-widget-text-editor\" data-id=\"46a3380\" data-element_type=\"widget\" data-e-type=\"widget\" data-widget_type=\"text-editor.default\">\n\t\t\t\t<div class=\"elementor-widget-container\">\n\t\t\t\t\t\t\t\t\t<h3 class=\"cvGsUA direction-ltr align-justify para-style-body\"><strong><span class=\"OYPEnA text-decoration-none text-strikethrough-none\">Objectifs du poste<\/span><\/strong><\/h3>\n<p class=\"cvGsUA direction-ltr align-justify para-style-body\"><span class=\"OYPEnA font-feature-liga-off font-feature-clig-off font-feature-calt-off text-decoration-none text-strikethrough-none\">Sous l\u2019autorit\u00e9 du Directeur G\u00e9n\u00e9ral des Services Techniques, vous pilotez la politique globale de gestion, d\u2019entretien et de valorisation du patrimoine b\u00e2ti communal. Vous dirigez une \u00e9quipe de 26 agents, dont 6 en management direct, r\u00e9partis en quatre entit\u00e9s :<\/span><\/p>\n<ul>\n<li><span class=\"OYPEnA font-feature-liga-off font-feature-clig-off font-feature-calt-off text-decoration-none text-strikethrough-none\">Op\u00e9rations et maintenance<\/span><\/li>\n<li><span class=\"OYPEnA font-feature-liga-off font-feature-clig-off font-feature-calt-off text-decoration-none text-strikethrough-none\">R\u00e9gie b\u00e2timent<\/span><\/li>\n<li><span class=\"OYPEnA font-feature-liga-off font-feature-clig-off font-feature-calt-off text-decoration-none text-strikethrough-none\">S\u00e9curit\u00e9 incendie des ERP<\/span><\/li>\n<li><span class=\"OYPEnA font-feature-liga-off font-feature-clig-off font-feature-calt-off text-decoration-none text-strikethrough-none\">Bureau d\u2019\u00e9tudes des grands projets<\/span><\/li>\n<\/ul>\t\t\t\t\t\t\t\t<\/div>\n\t\t\t\t<\/div>\n\t\t\t\t\t<\/div>\n\t\t<\/div>\n\t\t\t\t<div class=\"elementor-column elementor-col-50 elementor-top-column elementor-element elementor-element-1a7f3b3\" data-id=\"1a7f3b3\" data-element_type=\"column\" data-e-type=\"column\" data-settings=\"{&quot;background_background&quot;:&quot;classic&quot;}\">\n\t\t\t<div class=\"elementor-widget-wrap elementor-element-populated\">\n\t\t\t\t\t\t<div class=\"elementor-element elementor-element-452a923 e-transform e-transform e-transform elementor-widget elementor-widget-image\" data-id=\"452a923\" data-element_type=\"widget\" data-e-type=\"widget\" data-settings=\"{&quot;_transform_scale_effect&quot;:{&quot;unit&quot;:&quot;px&quot;,&quot;size&quot;:1.3,&quot;sizes&quot;:[]},&quot;_transform_translateX_effect&quot;:{&quot;unit&quot;:&quot;px&quot;,&quot;size&quot;:0,&quot;sizes&quot;:[]},&quot;_transform_translateY_effect&quot;:{&quot;unit&quot;:&quot;px&quot;,&quot;size&quot;:21,&quot;sizes&quot;:[]},&quot;_transform_translateX_effect_tablet&quot;:{&quot;unit&quot;:&quot;px&quot;,&quot;size&quot;:&quot;&quot;,&quot;sizes&quot;:[]},&quot;_transform_translateX_effect_mobile&quot;:{&quot;unit&quot;:&quot;px&quot;,&quot;size&quot;:&quot;&quot;,&quot;sizes&quot;:[]},&quot;_transform_translateY_effect_tablet&quot;:{&quot;unit&quot;:&quot;px&quot;,&quot;size&quot;:&quot;&quot;,&quot;sizes&quot;:[]},&quot;_transform_translateY_effect_mobile&quot;:{&quot;unit&quot;:&quot;px&quot;,&quot;size&quot;:&quot;&quot;,&quot;sizes&quot;:[]},&quot;_transform_scale_effect_tablet&quot;:{&quot;unit&quot;:&quot;px&quot;,&quot;size&quot;:&quot;&quot;,&quot;sizes&quot;:[]},&quot;_transform_scale_effect_mobile&quot;:{&quot;unit&quot;:&quot;px&quot;,&quot;size&quot;:&quot;&quot;,&quot;sizes&quot;:[]},&quot;_transform_skewX_effect&quot;:{&quot;unit&quot;:&quot;px&quot;,&quot;size&quot;:&quot;&quot;,&quot;sizes&quot;:[]},&quot;_transform_skewX_effect_tablet&quot;:{&quot;unit&quot;:&quot;deg&quot;,&quot;size&quot;:&quot;&quot;,&quot;sizes&quot;:[]},&quot;_transform_skewX_effect_mobile&quot;:{&quot;unit&quot;:&quot;deg&quot;,&quot;size&quot;:&quot;&quot;,&quot;sizes&quot;:[]},&quot;_transform_skewY_effect&quot;:{&quot;unit&quot;:&quot;px&quot;,&quot;size&quot;:&quot;&quot;,&quot;sizes&quot;:[]},&quot;_transform_skewY_effect_tablet&quot;:{&quot;unit&quot;:&quot;deg&quot;,&quot;size&quot;:&quot;&quot;,&quot;sizes&quot;:[]},&quot;_transform_skewY_effect_mobile&quot;:{&quot;unit&quot;:&quot;deg&quot;,&quot;size&quot;:&quot;&quot;,&quot;sizes&quot;:[]}}\" data-widget_type=\"image.default\">\n\t\t\t\t<div class=\"elementor-widget-container\">\n\t\t\t\t\t\t\t\t\t\t\t\t\t\t\t<img decoding=\"async\" width=\"800\" height=\"534\" src=\"https:\/\/www.chasseursdetalents.fr\/wp-content\/uploads\/2025\/04\/collegues-travail-reflechi-concentre-debout-pres-table-analyse-documents-1024x683.jpg\" class=\"attachment-large size-large wp-image-5273\" alt=\"\" srcset=\"https:\/\/www.chasseursdetalents.fr\/wp-content\/uploads\/2025\/04\/collegues-travail-reflechi-concentre-debout-pres-table-analyse-documents-1024x683.jpg 1024w, https:\/\/www.chasseursdetalents.fr\/wp-content\/uploads\/2025\/04\/collegues-travail-reflechi-concentre-debout-pres-table-analyse-documents-300x200.jpg 300w, https:\/\/www.chasseursdetalents.fr\/wp-content\/uploads\/2025\/04\/collegues-travail-reflechi-concentre-debout-pres-table-analyse-documents-768x513.jpg 768w, https:\/\/www.chasseursdetalents.fr\/wp-content\/uploads\/2025\/04\/collegues-travail-reflechi-concentre-debout-pres-table-analyse-documents-1536x1025.jpg 1536w, https:\/\/www.chasseursdetalents.fr\/wp-content\/uploads\/2025\/04\/collegues-travail-reflechi-concentre-debout-pres-table-analyse-documents-2048x1367.jpg 2048w\" sizes=\"(max-width: 800px) 100vw, 800px\" \/>\t\t\t\t\t\t\t\t\t\t\t\t\t\t\t<\/div>\n\t\t\t\t<\/div>\n\t\t\t\t\t<\/div>\n\t\t<\/div>\n\t\t\t\t\t<\/div>\n\t\t<\/section>\n\t\t\t\t<section class=\"elementor-section elementor-top-section elementor-element elementor-element-b269a6d elementor-section-full_width elementor-section-height-default elementor-section-height-default\" data-id=\"b269a6d\" data-element_type=\"section\" data-e-type=\"section\">\n\t\t\t\t\t\t<div class=\"elementor-container elementor-column-gap-default\">\n\t\t\t\t\t<div class=\"elementor-column elementor-col-50 elementor-top-column elementor-element elementor-element-c09a97d\" data-id=\"c09a97d\" data-element_type=\"column\" data-e-type=\"column\" data-settings=\"{&quot;background_background&quot;:&quot;classic&quot;}\">\n\t\t\t<div class=\"elementor-widget-wrap elementor-element-populated\">\n\t\t\t\t\t\t<div class=\"elementor-element elementor-element-5495b44 elementor-widget elementor-widget-heading\" data-id=\"5495b44\" data-element_type=\"widget\" data-e-type=\"widget\" data-widget_type=\"heading.default\">\n\t\t\t\t<div class=\"elementor-widget-container\">\n\t\t\t\t\t<h2 class=\"elementor-heading-title elementor-size-default\">Cliquez sur la section pour en savoir plus<\/h2>\t\t\t\t<\/div>\n\t\t\t\t<\/div>\n\t\t\t\t<div class=\"elementor-element elementor-element-ab8eea7 elementor-widget elementor-widget-toggle\" data-id=\"ab8eea7\" data-element_type=\"widget\" data-e-type=\"widget\" data-widget_type=\"toggle.default\">\n\t\t\t\t<div class=\"elementor-widget-container\">\n\t\t\t\t\t\t\t<div class=\"elementor-toggle\">\n\t\t\t\t\t\t\t<div class=\"elementor-toggle-item\">\n\t\t\t\t\t<div id=\"elementor-tab-title-1791\" class=\"elementor-tab-title\" data-tab=\"1\" role=\"button\" aria-controls=\"elementor-tab-content-1791\" aria-expanded=\"false\">\n\t\t\t\t\t\t\t\t\t\t\t\t<span class=\"elementor-toggle-icon elementor-toggle-icon-left\" aria-hidden=\"true\">\n\t\t\t\t\t\t\t\t\t\t\t\t\t\t\t<span class=\"elementor-toggle-icon-closed\"><svg class=\"e-font-icon-svg e-fas-caret-right\" viewBox=\"0 0 192 512\" xmlns=\"http:\/\/www.w3.org\/2000\/svg\"><path d=\"M0 384.662V127.338c0-17.818 21.543-26.741 34.142-14.142l128.662 128.662c7.81 7.81 7.81 20.474 0 28.284L34.142 398.804C21.543 411.404 0 402.48 0 384.662z\"><\/path><\/svg><\/span>\n\t\t\t\t\t\t\t\t<span class=\"elementor-toggle-icon-opened\"><svg class=\"elementor-toggle-icon-opened e-font-icon-svg e-fas-caret-up\" viewBox=\"0 0 320 512\" xmlns=\"http:\/\/www.w3.org\/2000\/svg\"><path d=\"M288.662 352H31.338c-17.818 0-26.741-21.543-14.142-34.142l128.662-128.662c7.81-7.81 20.474-7.81 28.284 0l128.662 128.662c12.6 12.599 3.676 34.142-14.142 34.142z\"><\/path><\/svg><\/span>\n\t\t\t\t\t\t\t\t\t\t\t\t\t<\/span>\n\t\t\t\t\t\t\t\t\t\t\t\t<a class=\"elementor-toggle-title\" tabindex=\"0\">MISSIONS<\/a>\n\t\t\t\t\t<\/div>\n\n\t\t\t\t\t<div id=\"elementor-tab-content-1791\" class=\"elementor-tab-content elementor-clearfix\" data-tab=\"1\" role=\"region\" aria-labelledby=\"elementor-tab-title-1791\"><ul><li><span class=\"OYPEnA font-feature-liga-off font-feature-clig-off font-feature-calt-off text-decoration-none text-strikethrough-none\">\u00c9laborer et mettre en \u0153uvre les programmes de travaux neufs et de r\u00e9novation du patrimoine communal<\/span><\/li><li><span class=\"OYPEnA font-feature-liga-off font-feature-clig-off font-feature-calt-off text-decoration-none text-strikethrough-none\">Organiser et coordonner l\u2019ex\u00e9cution des travaux sur les plans technique, administratif et financier<\/span><\/li><li><span class=\"OYPEnA font-feature-liga-off font-feature-clig-off font-feature-calt-off text-decoration-none text-strikethrough-none\">Suivre les op\u00e9rations de maintenance pr\u00e9ventive et curative des b\u00e2timents<\/span><\/li><li><span class=\"OYPEnA font-feature-liga-off font-feature-clig-off font-feature-calt-off text-decoration-none text-strikethrough-none\">R\u00e9diger les clauses techniques des march\u00e9s publics, analyser les offres et assurer leur suivi<\/span><\/li><li><span class=\"OYPEnA font-feature-liga-off font-feature-clig-off font-feature-calt-off text-decoration-none text-strikethrough-none\">Veiller \u00e0 la conformit\u00e9 r\u00e9glementaire, notamment en mati\u00e8re de s\u00e9curit\u00e9 incendie, accessibilit\u00e9 (PMR) et ERP<\/span><\/li><li><span class=\"OYPEnA font-feature-liga-off font-feature-clig-off font-feature-calt-off text-decoration-none text-strikethrough-none\">Participer au pilotage du Plan Pluriannuel d\u2019Investissement (PPI) et \u00e0 la r\u00e9organisation de la r\u00e9gie b\u00e2timent<\/span><\/li><li><span class=\"OYPEnA font-feature-liga-off font-feature-clig-off font-feature-calt-off text-decoration-none text-strikethrough-none\">Assurer un reporting r\u00e9gulier, synth\u00e9tique et op\u00e9rationnel \u00e0 la direction g\u00e9n\u00e9rale<\/span><\/li><li><span class=\"OYPEnA font-feature-liga-off font-feature-clig-off font-feature-calt-off text-decoration-none text-strikethrough-none\">Coordonner des projets transversaux ambitieux en lien avec la nouvelle charg\u00e9e de mission d\u00e9veloppement durable<\/span><\/li><li><span class=\"OYPEnA font-feature-liga-off font-feature-clig-off font-feature-calt-off text-decoration-none text-strikethrough-none\">Repr\u00e9senter la direction lors des r\u00e9unions publiques et instances de concertation.<\/span><\/li><\/ul><\/div>\n\t\t\t\t<\/div>\n\t\t\t\t\t\t\t<div class=\"elementor-toggle-item\">\n\t\t\t\t\t<div id=\"elementor-tab-title-1792\" class=\"elementor-tab-title\" data-tab=\"2\" role=\"button\" aria-controls=\"elementor-tab-content-1792\" aria-expanded=\"false\">\n\t\t\t\t\t\t\t\t\t\t\t\t<span class=\"elementor-toggle-icon elementor-toggle-icon-left\" aria-hidden=\"true\">\n\t\t\t\t\t\t\t\t\t\t\t\t\t\t\t<span class=\"elementor-toggle-icon-closed\"><svg class=\"e-font-icon-svg e-fas-caret-right\" viewBox=\"0 0 192 512\" xmlns=\"http:\/\/www.w3.org\/2000\/svg\"><path d=\"M0 384.662V127.338c0-17.818 21.543-26.741 34.142-14.142l128.662 128.662c7.81 7.81 7.81 20.474 0 28.284L34.142 398.804C21.543 411.404 0 402.48 0 384.662z\"><\/path><\/svg><\/span>\n\t\t\t\t\t\t\t\t<span class=\"elementor-toggle-icon-opened\"><svg class=\"elementor-toggle-icon-opened e-font-icon-svg e-fas-caret-up\" viewBox=\"0 0 320 512\" xmlns=\"http:\/\/www.w3.org\/2000\/svg\"><path d=\"M288.662 352H31.338c-17.818 0-26.741-21.543-14.142-34.142l128.662-128.662c7.81-7.81 20.474-7.81 28.284 0l128.662 128.662c12.6 12.599 3.676 34.142-14.142 34.142z\"><\/path><\/svg><\/span>\n\t\t\t\t\t\t\t\t\t\t\t\t\t<\/span>\n\t\t\t\t\t\t\t\t\t\t\t\t<a class=\"elementor-toggle-title\" tabindex=\"0\">PROFIL<\/a>\n\t\t\t\t\t<\/div>\n\n\t\t\t\t\t<div id=\"elementor-tab-content-1792\" class=\"elementor-tab-content elementor-clearfix\" data-tab=\"2\" role=\"region\" aria-labelledby=\"elementor-tab-title-1792\"><ul><li><span class=\"OYPEnA font-feature-liga-off font-feature-clig-off font-feature-calt-off text-decoration-none text-strikethrough-none\">Dipl\u00f4me d\u2019ing\u00e9nieur en b\u00e2timent ou formation \u00e9quivalente<\/span><\/li><li><span class=\"OYPEnA font-feature-liga-off font-feature-clig-off font-feature-calt-off text-decoration-none text-strikethrough-none\">Exp\u00e9rience significative (3 \u00e0 5 ans minimum) dans une collectivit\u00e9 de 20 000 \u00e0 40 000 hab., sur un poste de direction technique, la ville de Livry-Gargan \u00e9tant une ville de 45 000 habitants.<\/span><\/li><\/ul><p class=\"cvGsUA direction-ltr align-justify para-style-body\"><strong><span class=\"OYPEnA font-feature-liga-off font-feature-clig-off font-feature-calt-off text-decoration-none text-strikethrough-none\">Savoir-faire<\/span><\/strong><span class=\"OYPEnA font-feature-liga-off font-feature-clig-off font-feature-calt-off text-decoration-none text-strikethrough-none\"> :<\/span><\/p><ul><li><span class=\"OYPEnA font-feature-liga-off font-feature-clig-off font-feature-calt-off text-decoration-none text-strikethrough-none\">Ma\u00eetrise des techniques de conduite de chantier, de maintenance des b\u00e2timents, du cadre r\u00e9glementaire des ERP, PMR, s\u00e9curit\u00e9 incendie<\/span><\/li><li><span class=\"OYPEnA font-feature-liga-off font-feature-clig-off font-feature-calt-off text-decoration-none text-strikethrough-none\">Connaissances solides des march\u00e9s publics et des proc\u00e9dures de gestion administrative et financi\u00e8re des projets<\/span><\/li><li><span class=\"OYPEnA font-feature-liga-off font-feature-clig-off font-feature-calt-off text-decoration-none text-strikethrough-none\">Capacit\u00e9 \u00e0 produire des supports de pilotage clairs et synth\u00e9tiques (type fiche projet : objectif, co\u00fbts, calendrier, portage)<\/span><\/li><li><span class=\"OYPEnA font-feature-liga-off font-feature-clig-off font-feature-calt-off text-decoration-none text-strikethrough-none\">Aptitude \u00e0 f\u00e9d\u00e9rer une \u00e9quipe pluridisciplinaire avec des profils vari\u00e9s (agents exp\u00e9riment\u00e9s, parfois tr\u00e8s int\u00e9gr\u00e9s localement)<\/span><\/li><li><span class=\"OYPEnA font-feature-liga-off font-feature-clig-off font-feature-calt-off text-decoration-none text-strikethrough-none\">Bonne ma\u00eetrise des outils bureautiques (Word, Excel, PowerPoint)<\/span><\/li><li><span class=\"OYPEnA font-feature-liga-off font-feature-clig-off font-feature-calt-off text-decoration-none text-strikethrough-none\">Permis B requis.<\/span><\/li><\/ul><p class=\"cvGsUA direction-ltr align-justify para-style-body\"><strong><span class=\"OYPEnA font-feature-liga-off font-feature-clig-off font-feature-calt-off text-decoration-none text-strikethrough-none\">Savoir-\u00eatre<\/span><\/strong><span class=\"OYPEnA font-feature-liga-off font-feature-clig-off font-feature-calt-off text-decoration-none text-strikethrough-none\"> :<\/span><\/p><ul><li><span class=\"OYPEnA font-feature-liga-off font-feature-clig-off font-feature-calt-off text-decoration-none text-strikethrough-none\">Valeurs humaines fortes, loyaut\u00e9, honn\u00eatet\u00e9, sens de l\u2019\u00e9coute, transparence<\/span><\/li><li><span class=\"OYPEnA font-feature-liga-off font-feature-clig-off font-feature-calt-off text-decoration-none text-strikethrough-none\">Leadership naturel, posture claire, sens du collectif, capacit\u00e9 \u00e0 trancher<\/span><\/li><li><span class=\"OYPEnA font-feature-liga-off font-feature-clig-off font-feature-calt-off text-decoration-none text-strikethrough-none\">Esprit d\u2019initiative, rigueur et autonomie.<\/span><\/li><\/ul><\/div>\n\t\t\t\t<\/div>\n\t\t\t\t\t\t\t<div class=\"elementor-toggle-item\">\n\t\t\t\t\t<div id=\"elementor-tab-title-1793\" class=\"elementor-tab-title\" data-tab=\"3\" role=\"button\" aria-controls=\"elementor-tab-content-1793\" aria-expanded=\"false\">\n\t\t\t\t\t\t\t\t\t\t\t\t<span class=\"elementor-toggle-icon elementor-toggle-icon-left\" aria-hidden=\"true\">\n\t\t\t\t\t\t\t\t\t\t\t\t\t\t\t<span class=\"elementor-toggle-icon-closed\"><svg class=\"e-font-icon-svg e-fas-caret-right\" viewBox=\"0 0 192 512\" xmlns=\"http:\/\/www.w3.org\/2000\/svg\"><path d=\"M0 384.662V127.338c0-17.818 21.543-26.741 34.142-14.142l128.662 128.662c7.81 7.81 7.81 20.474 0 28.284L34.142 398.804C21.543 411.404 0 402.48 0 384.662z\"><\/path><\/svg><\/span>\n\t\t\t\t\t\t\t\t<span class=\"elementor-toggle-icon-opened\"><svg class=\"elementor-toggle-icon-opened e-font-icon-svg e-fas-caret-up\" viewBox=\"0 0 320 512\" xmlns=\"http:\/\/www.w3.org\/2000\/svg\"><path d=\"M288.662 352H31.338c-17.818 0-26.741-21.543-14.142-34.142l128.662-128.662c7.81-7.81 20.474-7.81 28.284 0l128.662 128.662c12.6 12.599 3.676 34.142-14.142 34.142z\"><\/path><\/svg><\/span>\n\t\t\t\t\t\t\t\t\t\t\t\t\t<\/span>\n\t\t\t\t\t\t\t\t\t\t\t\t<a class=\"elementor-toggle-title\" tabindex=\"0\">CONDITIONS ET AVANTAGES<\/a>\n\t\t\t\t\t<\/div>\n\n\t\t\t\t\t<div id=\"elementor-tab-content-1793\" class=\"elementor-tab-content elementor-clearfix\" data-tab=\"3\" role=\"region\" aria-labelledby=\"elementor-tab-title-1793\"><ul><li><span class=\"OYPEnA font-feature-liga-off font-feature-clig-off font-feature-calt-off text-decoration-none text-strikethrough-none\">Poste de cat\u00e9gorie A, ouvert aux titulaires (ing\u00e9nieur ou Ing\u00e9nieur en chef territorial) ou aux contractuels<\/span><\/li><li><span class=\"OYPEnA font-feature-liga-off font-feature-clig-off font-feature-calt-off text-decoration-none text-strikethrough-none\">R\u00e9mun\u00e9ration : selon profil et exp\u00e9rience<\/span><\/li><li><span class=\"OYPEnA font-feature-liga-off font-feature-clig-off font-feature-calt-off text-decoration-none text-strikethrough-none\">Prime annuelle : environ 1800 \u20ac (contractuel, apr\u00e8s un an) \/ 1 777,60 \u20ac (titulaire)<\/span><\/li><li><span class=\"OYPEnA font-feature-liga-off font-feature-clig-off font-feature-calt-off text-decoration-none text-strikethrough-none\">CIA : jusqu\u2019\u00e0 1 800 \u20ac (selon atteinte des objectifs annuels fix\u00e9s pr\u00e9alablement)<\/span><\/li><li><span class=\"OYPEnA font-feature-liga-off font-feature-clig-off font-feature-calt-off text-decoration-none text-strikethrough-none\">RTT : 18 jours<\/span><\/li><li><span class=\"OYPEnA font-feature-liga-off font-feature-clig-off font-feature-calt-off text-decoration-none text-strikethrough-none\">T\u00e9l\u00e9travail : 1 jour \/ semaine (la possibilit\u00e9 d\u2019un deuxi\u00e8me jour est en discussion)<\/span><\/li><li><span class=\"OYPEnA font-feature-liga-off font-feature-clig-off font-feature-calt-off text-decoration-none text-strikethrough-none\">V\u00e9hicule de service avec remisage \u00e0 domicile<\/span><\/li><li><span class=\"OYPEnA font-feature-liga-off font-feature-clig-off font-feature-calt-off text-decoration-none text-strikethrough-none\">Mutuelle et pr\u00e9voyance : participation de 40 \u20ac pour la mutuelle, 20 % sur la pr\u00e9voyance (apr\u00e8s un an pour les contractuels)<\/span><\/li><li><span class=\"OYPEnA font-feature-liga-off font-feature-clig-off font-feature-calt-off text-decoration-none text-strikethrough-none\">Affili\u00e9 au CNAS<\/span><\/li><\/ul><\/div>\n\t\t\t\t<\/div>\n\t\t\t\t\t\t\t<div class=\"elementor-toggle-item\">\n\t\t\t\t\t<div id=\"elementor-tab-title-1794\" class=\"elementor-tab-title\" data-tab=\"4\" role=\"button\" aria-controls=\"elementor-tab-content-1794\" aria-expanded=\"false\">\n\t\t\t\t\t\t\t\t\t\t\t\t<span class=\"elementor-toggle-icon elementor-toggle-icon-left\" aria-hidden=\"true\">\n\t\t\t\t\t\t\t\t\t\t\t\t\t\t\t<span class=\"elementor-toggle-icon-closed\"><svg class=\"e-font-icon-svg e-fas-caret-right\" viewBox=\"0 0 192 512\" xmlns=\"http:\/\/www.w3.org\/2000\/svg\"><path d=\"M0 384.662V127.338c0-17.818 21.543-26.741 34.142-14.142l128.662 128.662c7.81 7.81 7.81 20.474 0 28.284L34.142 398.804C21.543 411.404 0 402.48 0 384.662z\"><\/path><\/svg><\/span>\n\t\t\t\t\t\t\t\t<span class=\"elementor-toggle-icon-opened\"><svg class=\"elementor-toggle-icon-opened e-font-icon-svg e-fas-caret-up\" viewBox=\"0 0 320 512\" xmlns=\"http:\/\/www.w3.org\/2000\/svg\"><path d=\"M288.662 352H31.338c-17.818 0-26.741-21.543-14.142-34.142l128.662-128.662c7.81-7.81 20.474-7.81 28.284 0l128.662 128.662c12.6 12.599 3.676 34.142-14.142 34.142z\"><\/path><\/svg><\/span>\n\t\t\t\t\t\t\t\t\t\t\t\t\t<\/span>\n\t\t\t\t\t\t\t\t\t\t\t\t<a class=\"elementor-toggle-title\" tabindex=\"0\">POURQUOI REJOINDRE LIVRY-GARGAN ?<\/a>\n\t\t\t\t\t<\/div>\n\n\t\t\t\t\t<div id=\"elementor-tab-content-1794\" class=\"elementor-tab-content elementor-clearfix\" data-tab=\"4\" role=\"region\" aria-labelledby=\"elementor-tab-title-1794\"><ul><li><strong><span class=\"OYPEnA font-feature-liga-off font-feature-clig-off font-feature-calt-off text-decoration-none text-strikethrough-none\">Des moyens<\/span><\/strong><span class=\"OYPEnA font-feature-liga-off font-feature-clig-off font-feature-calt-off text-decoration-none text-strikethrough-none\"> : un budget ambitieux, des \u00e9quipes solides, une collectivit\u00e9 pr\u00eate \u00e0 investir dans les projets et les personnes<\/span><\/li><li><strong><span class=\"OYPEnA font-feature-liga-off font-feature-clig-off font-feature-calt-off text-decoration-none text-strikethrough-none\">Un cadre structurant mais agile<\/span><\/strong><span class=\"OYPEnA font-feature-liga-off font-feature-clig-off font-feature-calt-off text-decoration-none text-strikethrough-none\"> : circuit d\u00e9cisionnel rapide, relation directe avec la DGS et le Maire, capacit\u00e9 \u00e0 faire bouger les lignes<\/span><\/li><li><strong><span class=\"OYPEnA font-feature-liga-off font-feature-clig-off font-feature-calt-off text-decoration-none text-strikethrough-none\">Des projets \u00e0 fort impact<\/span><\/strong><span class=\"OYPEnA font-feature-liga-off font-feature-clig-off font-feature-calt-off text-decoration-none text-strikethrough-none\"> : transition \u00e9cologique, extension scolaire, urbanisme durable<\/span><\/li><li><strong><span class=\"OYPEnA font-feature-liga-off font-feature-clig-off font-feature-calt-off text-decoration-none text-strikethrough-none\">Un climat social en transition<\/span><\/strong><span class=\"OYPEnA font-feature-liga-off font-feature-clig-off font-feature-calt-off text-decoration-none text-strikethrough-none\">, o\u00f9 le cadre est en train d\u2019\u00eatre pos\u00e9 avec justesse et fermet\u00e9.<\/span><\/li><\/ul><\/div>\n\t\t\t\t<\/div>\n\t\t\t\t\t\t\t<div class=\"elementor-toggle-item\">\n\t\t\t\t\t<div id=\"elementor-tab-title-1795\" class=\"elementor-tab-title\" data-tab=\"5\" role=\"button\" aria-controls=\"elementor-tab-content-1795\" aria-expanded=\"false\">\n\t\t\t\t\t\t\t\t\t\t\t\t<span class=\"elementor-toggle-icon elementor-toggle-icon-left\" aria-hidden=\"true\">\n\t\t\t\t\t\t\t\t\t\t\t\t\t\t\t<span class=\"elementor-toggle-icon-closed\"><svg class=\"e-font-icon-svg e-fas-caret-right\" viewBox=\"0 0 192 512\" xmlns=\"http:\/\/www.w3.org\/2000\/svg\"><path d=\"M0 384.662V127.338c0-17.818 21.543-26.741 34.142-14.142l128.662 128.662c7.81 7.81 7.81 20.474 0 28.284L34.142 398.804C21.543 411.404 0 402.48 0 384.662z\"><\/path><\/svg><\/span>\n\t\t\t\t\t\t\t\t<span class=\"elementor-toggle-icon-opened\"><svg class=\"elementor-toggle-icon-opened e-font-icon-svg e-fas-caret-up\" viewBox=\"0 0 320 512\" xmlns=\"http:\/\/www.w3.org\/2000\/svg\"><path d=\"M288.662 352H31.338c-17.818 0-26.741-21.543-14.142-34.142l128.662-128.662c7.81-7.81 20.474-7.81 28.284 0l128.662 128.662c12.6 12.599 3.676 34.142-14.142 34.142z\"><\/path><\/svg><\/span>\n\t\t\t\t\t\t\t\t\t\t\t\t\t<\/span>\n\t\t\t\t\t\t\t\t\t\t\t\t<a class=\"elementor-toggle-title\" tabindex=\"0\">CONTACT <\/a>\n\t\t\t\t\t<\/div>\n\n\t\t\t\t\t<div id=\"elementor-tab-content-1795\" class=\"elementor-tab-content elementor-clearfix\" data-tab=\"5\" role=\"region\" aria-labelledby=\"elementor-tab-title-1795\"><div><p>Pour postuler, envoyez votre candidature (CV et lettre de motivation) aupr\u00e8s de :\u00a0<\/p><\/div><p><strong style=\"font-family: var( --e-global-typography-text-font-family ), Sans-serif; font-size: var( --e-global-typography-text-font-size ); letter-spacing: var( --e-global-typography-text-letter-spacing ); word-spacing: var( --e-global-typography-text-word-spacing );\"><span class=\"OYPEnA font-feature-liga-off font-feature-clig-off font-feature-calt-off text-decoration-none text-strikethrough-none\">Romane VIRY<\/span><\/strong><\/p><p><span style=\"font-family: var( --e-global-typography-text-font-family ), Sans-serif; font-size: var( --e-global-typography-text-font-size ); letter-spacing: var( --e-global-typography-text-letter-spacing ); word-spacing: var( --e-global-typography-text-word-spacing );\">Consultante en recrutement<\/span><\/p><div><p class=\"Pardfaut\"><a href=\"tel:0769504149\"><span lang=\"FR\">+0769504149<\/span><\/a><\/p><\/div><div><a href=\"mailto:romane@chasseursdetalents.fr\">romane@chasseursdetalents.fr<\/a><\/div><\/div>\n\t\t\t\t<\/div>\n\t\t\t\t\t\t\t\t<\/div>\n\t\t\t\t\t\t<\/div>\n\t\t\t\t<\/div>\n\t\t\t\t\t<\/div>\n\t\t<\/div>\n\t\t\t\t<div class=\"elementor-column elementor-col-50 elementor-top-column elementor-element elementor-element-1f919f2 elementor-hidden-tablet elementor-hidden-mobile\" data-id=\"1f919f2\" data-element_type=\"column\" data-e-type=\"column\" data-settings=\"{&quot;background_background&quot;:&quot;classic&quot;}\">\n\t\t\t<div class=\"elementor-widget-wrap elementor-element-populated\">\n\t\t\t\t\t\t<div class=\"elementor-element elementor-element-4539e7d e-transform elementor-widget__width-initial e-transform elementor-widget elementor-widget-image\" data-id=\"4539e7d\" data-element_type=\"widget\" data-e-type=\"widget\" data-settings=\"{&quot;_transform_scale_effect&quot;:{&quot;unit&quot;:&quot;px&quot;,&quot;size&quot;:1.4,&quot;sizes&quot;:[]},&quot;_transform_rotateZ_effect&quot;:{&quot;unit&quot;:&quot;px&quot;,&quot;size&quot;:&quot;&quot;,&quot;sizes&quot;:[]},&quot;_transform_rotateZ_effect_tablet&quot;:{&quot;unit&quot;:&quot;deg&quot;,&quot;size&quot;:&quot;&quot;,&quot;sizes&quot;:[]},&quot;_transform_rotateZ_effect_mobile&quot;:{&quot;unit&quot;:&quot;deg&quot;,&quot;size&quot;:&quot;&quot;,&quot;sizes&quot;:[]},&quot;_transform_scale_effect_tablet&quot;:{&quot;unit&quot;:&quot;px&quot;,&quot;size&quot;:&quot;&quot;,&quot;sizes&quot;:[]},&quot;_transform_scale_effect_mobile&quot;:{&quot;unit&quot;:&quot;px&quot;,&quot;size&quot;:&quot;&quot;,&quot;sizes&quot;:[]}}\" data-widget_type=\"image.default\">\n\t\t\t\t<div class=\"elementor-widget-container\">\n\t\t\t\t\t\t\t\t\t\t\t\t\t\t\t<img loading=\"lazy\" decoding=\"async\" width=\"800\" height=\"174\" src=\"https:\/\/www.chasseursdetalents.fr\/wp-content\/uploads\/2024\/01\/Logo_Livry_Gargan_-1024x223.png\" class=\"attachment-large size-large wp-image-1545\" alt=\"\" srcset=\"https:\/\/www.chasseursdetalents.fr\/wp-content\/uploads\/2024\/01\/Logo_Livry_Gargan_-1024x223.png 1024w, https:\/\/www.chasseursdetalents.fr\/wp-content\/uploads\/2024\/01\/Logo_Livry_Gargan_-300x65.png 300w, https:\/\/www.chasseursdetalents.fr\/wp-content\/uploads\/2024\/01\/Logo_Livry_Gargan_-768x167.png 768w, https:\/\/www.chasseursdetalents.fr\/wp-content\/uploads\/2024\/01\/Logo_Livry_Gargan_.png 1200w\" sizes=\"(max-width: 800px) 100vw, 800px\" \/>\t\t\t\t\t\t\t\t\t\t\t\t\t\t\t<\/div>\n\t\t\t\t<\/div>\n\t\t\t\t\t<\/div>\n\t\t<\/div>\n\t\t\t\t\t<\/div>\n\t\t<\/section>\n\t\t\t\t<section class=\"elementor-section elementor-top-section elementor-element elementor-element-0634d2a elementor-section-boxed elementor-section-height-default elementor-section-height-default\" data-id=\"0634d2a\" data-element_type=\"section\" data-e-type=\"section\">\n\t\t\t\t\t\t<div class=\"elementor-container elementor-column-gap-default\">\n\t\t\t\t\t<div class=\"elementor-column elementor-col-100 elementor-top-column elementor-element elementor-element-a2b4391\" data-id=\"a2b4391\" data-element_type=\"column\" data-e-type=\"column\" data-settings=\"{&quot;background_background&quot;:&quot;classic&quot;}\">\n\t\t\t<div class=\"elementor-widget-wrap elementor-element-populated\">\n\t\t\t\t\t\t<div class=\"elementor-element elementor-element-aff9921 elementor-widget elementor-widget-heading\" data-id=\"aff9921\" data-element_type=\"widget\" data-e-type=\"widget\" data-widget_type=\"heading.default\">\n\t\t\t\t<div class=\"elementor-widget-container\">\n\t\t\t\t\t<h2 class=\"elementor-heading-title elementor-size-default\">POSTULER <\/h2>\t\t\t\t<\/div>\n\t\t\t\t<\/div>\n\t\t\t\t<div class=\"elementor-element elementor-element-3e7dfa4 elementor-widget elementor-widget-heading\" data-id=\"3e7dfa4\" data-element_type=\"widget\" data-e-type=\"widget\" data-widget_type=\"heading.default\">\n\t\t\t\t<div class=\"elementor-widget-container\">\n\t\t\t\t\t<h2 class=\"elementor-heading-title elementor-size-default\">Un(e) Directeur(trice) du Patrimoine B\u00e2ti (F\/H)<\/h2>\t\t\t\t<\/div>\n\t\t\t\t<\/div>\n\t\t\t\t<div class=\"elementor-element elementor-element-0b6a048 elementor-widget__width-initial elementor-widget elementor-widget-html\" data-id=\"0b6a048\" data-element_type=\"widget\" data-e-type=\"widget\" data-widget_type=\"html.default\">\n\t\t\t\t<div class=\"elementor-widget-container\">\n\t\t\t\t\t\n    <iframe\n      id=\"JotFormIFrame-250902544762356\"\n      title=\"DiDirecteur du Patrimoine B\u00e2ti - Livry-Gargan\"\n      onload=\"window.parent.scrollTo(0,0)\"\n      allowtransparency=\"true\"\n      allow=\"geolocation; microphone; camera; fullscreen\"\n      src=\"https:\/\/form.jotform.com\/250902544762356\"\n      frameborder=\"0\"\n      style=\"min-width:100%;max-width:100%;height:1300px;border:none;\"\n      scrolling=\"no\"\n    >\n    <\/iframe>\n    <script src='https:\/\/cdn.jotfor.ms\/s\/umd\/latest\/for-form-embed-handler.js'><\/script>\n    <script>window.jotformEmbedHandler(\"iframe[id='JotFormIFrame-250902544762356']\", \"https:\/\/form.jotform.com\/\")<\/script>\n    \t\t\t\t<\/div>\n\t\t\t\t<\/div>\n\t\t\t\t\t<\/div>\n\t\t<\/div>\n\t\t\t\t\t<\/div>\n\t\t<\/section>\n\t\t\t\t<\/div>\n\t\t","protected":false},"excerpt":{"rendered":"<p>Livry-Gargan &#8211; D\u00e9partement de la Seine-Saint-Denis (93) UN DIRECTEUR DU PATRIMOINE B\u00c2TI (F\/H) Bienvenue \u00e0 Livry-Gargan ! Situ\u00e9e aux portes de Paris, Livry-Gargan offre \u00e0 ses plus de 45 000 habitants un cadre de vie harmonieux, alliant dynamisme urbain et espaces naturels pr\u00e9serv\u00e9s. La ville est reconnue pour son engagement en faveur de la qualit\u00e9 [&hellip;]<\/p>\n","protected":false},"author":2,"featured_media":0,"parent":0,"menu_order":0,"comment_status":"closed","ping_status":"closed","template":"","meta":{"footnotes":""},"class_list":["post-5267","page","type-page","status-publish","hentry"],"yoast_head":"<!-- This site is optimized with the Yoast SEO plugin v27.5 - https:\/\/yoast.com\/product\/yoast-seo-wordpress\/ -->\n<title>Directeur du Patrimoine B\u00e2ti - Livry-Gargan - Chasseurs de talents<\/title>\n<meta name=\"robots\" content=\"index, follow, max-snippet:-1, max-image-preview:large, max-video-preview:-1\" \/>\n<link rel=\"canonical\" href=\"https:\/\/www.chasseursdetalents.fr\/index.php\/directeur-du-patrimoine-bati-livry-gargan\/\" \/>\n<meta property=\"og:locale\" content=\"fr_FR\" \/>\n<meta property=\"og:type\" content=\"article\" \/>\n<meta property=\"og:title\" content=\"Directeur du Patrimoine B\u00e2ti - Livry-Gargan - Chasseurs de talents\" \/>\n<meta property=\"og:description\" content=\"Livry-Gargan &#8211; D\u00e9partement de la Seine-Saint-Denis (93) UN DIRECTEUR DU PATRIMOINE B\u00c2TI (F\/H) Bienvenue \u00e0 Livry-Gargan ! Situ\u00e9e aux portes de Paris, Livry-Gargan offre \u00e0 ses plus de 45 000 habitants un cadre de vie harmonieux, alliant dynamisme urbain et espaces naturels pr\u00e9serv\u00e9s. La ville est reconnue pour son engagement en faveur de la qualit\u00e9 [&hellip;]\" \/>\n<meta property=\"og:url\" content=\"https:\/\/www.chasseursdetalents.fr\/index.php\/directeur-du-patrimoine-bati-livry-gargan\/\" \/>\n<meta property=\"og:site_name\" content=\"Chasseurs de talents\" \/>\n<meta property=\"article:modified_time\" content=\"2025-04-01T09:43:43+00:00\" \/>\n<meta property=\"og:image\" content=\"https:\/\/www.chasseursdetalents.fr\/wp-content\/uploads\/2024\/01\/Livry-gargan-2-scaled.jpg\" \/>\n\t<meta property=\"og:image:width\" content=\"2560\" \/>\n\t<meta property=\"og:image:height\" content=\"1707\" \/>\n\t<meta property=\"og:image:type\" content=\"image\/jpeg\" \/>\n<meta name=\"twitter:card\" content=\"summary_large_image\" \/>\n<meta name=\"twitter:label1\" content=\"Dur\u00e9e de lecture estim\u00e9e\" \/>\n\t<meta name=\"twitter:data1\" content=\"5 minutes\" \/>\n<script type=\"application\/ld+json\" class=\"yoast-schema-graph\">{\"@context\":\"https:\\\/\\\/schema.org\",\"@graph\":[{\"@type\":\"WebPage\",\"@id\":\"https:\\\/\\\/www.chasseursdetalents.fr\\\/index.php\\\/directeur-du-patrimoine-bati-livry-gargan\\\/\",\"url\":\"https:\\\/\\\/www.chasseursdetalents.fr\\\/index.php\\\/directeur-du-patrimoine-bati-livry-gargan\\\/\",\"name\":\"Directeur du Patrimoine B\u00e2ti - Livry-Gargan - Chasseurs de talents\",\"isPartOf\":{\"@id\":\"https:\\\/\\\/www.chasseursdetalents.fr\\\/#website\"},\"primaryImageOfPage\":{\"@id\":\"https:\\\/\\\/www.chasseursdetalents.fr\\\/index.php\\\/directeur-du-patrimoine-bati-livry-gargan\\\/#primaryimage\"},\"image\":{\"@id\":\"https:\\\/\\\/www.chasseursdetalents.fr\\\/index.php\\\/directeur-du-patrimoine-bati-livry-gargan\\\/#primaryimage\"},\"thumbnailUrl\":\"https:\\\/\\\/www.chasseursdetalents.fr\\\/wp-content\\\/uploads\\\/2024\\\/01\\\/Livry-gargan-2-scaled.jpg\",\"datePublished\":\"2025-04-01T09:38:20+00:00\",\"dateModified\":\"2025-04-01T09:43:43+00:00\",\"breadcrumb\":{\"@id\":\"https:\\\/\\\/www.chasseursdetalents.fr\\\/index.php\\\/directeur-du-patrimoine-bati-livry-gargan\\\/#breadcrumb\"},\"inLanguage\":\"fr-FR\",\"potentialAction\":[{\"@type\":\"ReadAction\",\"target\":[\"https:\\\/\\\/www.chasseursdetalents.fr\\\/index.php\\\/directeur-du-patrimoine-bati-livry-gargan\\\/\"]}]},{\"@type\":\"ImageObject\",\"inLanguage\":\"fr-FR\",\"@id\":\"https:\\\/\\\/www.chasseursdetalents.fr\\\/index.php\\\/directeur-du-patrimoine-bati-livry-gargan\\\/#primaryimage\",\"url\":\"https:\\\/\\\/www.chasseursdetalents.fr\\\/wp-content\\\/uploads\\\/2024\\\/01\\\/Livry-gargan-2-scaled.jpg\",\"contentUrl\":\"https:\\\/\\\/www.chasseursdetalents.fr\\\/wp-content\\\/uploads\\\/2024\\\/01\\\/Livry-gargan-2-scaled.jpg\",\"width\":2560,\"height\":1707},{\"@type\":\"BreadcrumbList\",\"@id\":\"https:\\\/\\\/www.chasseursdetalents.fr\\\/index.php\\\/directeur-du-patrimoine-bati-livry-gargan\\\/#breadcrumb\",\"itemListElement\":[{\"@type\":\"ListItem\",\"position\":1,\"name\":\"Accueil\",\"item\":\"https:\\\/\\\/www.chasseursdetalents.fr\\\/\"},{\"@type\":\"ListItem\",\"position\":2,\"name\":\"Directeur du Patrimoine B\u00e2ti &#8211; Livry-Gargan\"}]},{\"@type\":\"WebSite\",\"@id\":\"https:\\\/\\\/www.chasseursdetalents.fr\\\/#website\",\"url\":\"https:\\\/\\\/www.chasseursdetalents.fr\\\/\",\"name\":\"Chasseurs de talents\",\"description\":\"Cabinet de recrutement pour cadres dirigeants du secteur public\",\"publisher\":{\"@id\":\"https:\\\/\\\/www.chasseursdetalents.fr\\\/#organization\"},\"potentialAction\":[{\"@type\":\"SearchAction\",\"target\":{\"@type\":\"EntryPoint\",\"urlTemplate\":\"https:\\\/\\\/www.chasseursdetalents.fr\\\/?s={search_term_string}\"},\"query-input\":{\"@type\":\"PropertyValueSpecification\",\"valueRequired\":true,\"valueName\":\"search_term_string\"}}],\"inLanguage\":\"fr-FR\"},{\"@type\":\"Organization\",\"@id\":\"https:\\\/\\\/www.chasseursdetalents.fr\\\/#organization\",\"name\":\"Chasseurs de talents\",\"url\":\"https:\\\/\\\/www.chasseursdetalents.fr\\\/\",\"logo\":{\"@type\":\"ImageObject\",\"inLanguage\":\"fr-FR\",\"@id\":\"https:\\\/\\\/www.chasseursdetalents.fr\\\/#\\\/schema\\\/logo\\\/image\\\/\",\"url\":\"https:\\\/\\\/www.chasseursdetalents.fr\\\/wp-content\\\/uploads\\\/2023\\\/11\\\/Capture_d_ecran_2023-11-17_a_10.40.58-removebg-preview.png\",\"contentUrl\":\"https:\\\/\\\/www.chasseursdetalents.fr\\\/wp-content\\\/uploads\\\/2023\\\/11\\\/Capture_d_ecran_2023-11-17_a_10.40.58-removebg-preview.png\",\"width\":486,\"height\":166,\"caption\":\"Chasseurs de talents\"},\"image\":{\"@id\":\"https:\\\/\\\/www.chasseursdetalents.fr\\\/#\\\/schema\\\/logo\\\/image\\\/\"}}]}<\/script>\n<!-- \/ Yoast SEO plugin. -->","yoast_head_json":{"title":"Directeur du Patrimoine B\u00e2ti - Livry-Gargan - Chasseurs de talents","robots":{"index":"index","follow":"follow","max-snippet":"max-snippet:-1","max-image-preview":"max-image-preview:large","max-video-preview":"max-video-preview:-1"},"canonical":"https:\/\/www.chasseursdetalents.fr\/index.php\/directeur-du-patrimoine-bati-livry-gargan\/","og_locale":"fr_FR","og_type":"article","og_title":"Directeur du Patrimoine B\u00e2ti - Livry-Gargan - Chasseurs de talents","og_description":"Livry-Gargan &#8211; D\u00e9partement de la Seine-Saint-Denis (93) UN DIRECTEUR DU PATRIMOINE B\u00c2TI (F\/H) Bienvenue \u00e0 Livry-Gargan ! Situ\u00e9e aux portes de Paris, Livry-Gargan offre \u00e0 ses plus de 45 000 habitants un cadre de vie harmonieux, alliant dynamisme urbain et espaces naturels pr\u00e9serv\u00e9s. La ville est reconnue pour son engagement en faveur de la qualit\u00e9 [&hellip;]","og_url":"https:\/\/www.chasseursdetalents.fr\/index.php\/directeur-du-patrimoine-bati-livry-gargan\/","og_site_name":"Chasseurs de talents","article_modified_time":"2025-04-01T09:43:43+00:00","og_image":[{"width":2560,"height":1707,"url":"https:\/\/www.chasseursdetalents.fr\/wp-content\/uploads\/2024\/01\/Livry-gargan-2-scaled.jpg","type":"image\/jpeg"}],"twitter_card":"summary_large_image","twitter_misc":{"Dur\u00e9e de lecture estim\u00e9e":"5 minutes"},"schema":{"@context":"https:\/\/schema.org","@graph":[{"@type":"WebPage","@id":"https:\/\/www.chasseursdetalents.fr\/index.php\/directeur-du-patrimoine-bati-livry-gargan\/","url":"https:\/\/www.chasseursdetalents.fr\/index.php\/directeur-du-patrimoine-bati-livry-gargan\/","name":"Directeur du Patrimoine B\u00e2ti - Livry-Gargan - Chasseurs de talents","isPartOf":{"@id":"https:\/\/www.chasseursdetalents.fr\/#website"},"primaryImageOfPage":{"@id":"https:\/\/www.chasseursdetalents.fr\/index.php\/directeur-du-patrimoine-bati-livry-gargan\/#primaryimage"},"image":{"@id":"https:\/\/www.chasseursdetalents.fr\/index.php\/directeur-du-patrimoine-bati-livry-gargan\/#primaryimage"},"thumbnailUrl":"https:\/\/www.chasseursdetalents.fr\/wp-content\/uploads\/2024\/01\/Livry-gargan-2-scaled.jpg","datePublished":"2025-04-01T09:38:20+00:00","dateModified":"2025-04-01T09:43:43+00:00","breadcrumb":{"@id":"https:\/\/www.chasseursdetalents.fr\/index.php\/directeur-du-patrimoine-bati-livry-gargan\/#breadcrumb"},"inLanguage":"fr-FR","potentialAction":[{"@type":"ReadAction","target":["https:\/\/www.chasseursdetalents.fr\/index.php\/directeur-du-patrimoine-bati-livry-gargan\/"]}]},{"@type":"ImageObject","inLanguage":"fr-FR","@id":"https:\/\/www.chasseursdetalents.fr\/index.php\/directeur-du-patrimoine-bati-livry-gargan\/#primaryimage","url":"https:\/\/www.chasseursdetalents.fr\/wp-content\/uploads\/2024\/01\/Livry-gargan-2-scaled.jpg","contentUrl":"https:\/\/www.chasseursdetalents.fr\/wp-content\/uploads\/2024\/01\/Livry-gargan-2-scaled.jpg","width":2560,"height":1707},{"@type":"BreadcrumbList","@id":"https:\/\/www.chasseursdetalents.fr\/index.php\/directeur-du-patrimoine-bati-livry-gargan\/#breadcrumb","itemListElement":[{"@type":"ListItem","position":1,"name":"Accueil","item":"https:\/\/www.chasseursdetalents.fr\/"},{"@type":"ListItem","position":2,"name":"Directeur du Patrimoine B\u00e2ti &#8211; Livry-Gargan"}]},{"@type":"WebSite","@id":"https:\/\/www.chasseursdetalents.fr\/#website","url":"https:\/\/www.chasseursdetalents.fr\/","name":"Chasseurs de talents","description":"Cabinet de recrutement pour cadres dirigeants du secteur public","publisher":{"@id":"https:\/\/www.chasseursdetalents.fr\/#organization"},"potentialAction":[{"@type":"SearchAction","target":{"@type":"EntryPoint","urlTemplate":"https:\/\/www.chasseursdetalents.fr\/?s={search_term_string}"},"query-input":{"@type":"PropertyValueSpecification","valueRequired":true,"valueName":"search_term_string"}}],"inLanguage":"fr-FR"},{"@type":"Organization","@id":"https:\/\/www.chasseursdetalents.fr\/#organization","name":"Chasseurs de talents","url":"https:\/\/www.chasseursdetalents.fr\/","logo":{"@type":"ImageObject","inLanguage":"fr-FR","@id":"https:\/\/www.chasseursdetalents.fr\/#\/schema\/logo\/image\/","url":"https:\/\/www.chasseursdetalents.fr\/wp-content\/uploads\/2023\/11\/Capture_d_ecran_2023-11-17_a_10.40.58-removebg-preview.png","contentUrl":"https:\/\/www.chasseursdetalents.fr\/wp-content\/uploads\/2023\/11\/Capture_d_ecran_2023-11-17_a_10.40.58-removebg-preview.png","width":486,"height":166,"caption":"Chasseurs de talents"},"image":{"@id":"https:\/\/www.chasseursdetalents.fr\/#\/schema\/logo\/image\/"}}]}},"_links":{"self":[{"href":"https:\/\/www.chasseursdetalents.fr\/index.php\/wp-json\/wp\/v2\/pages\/5267","targetHints":{"allow":["GET"]}}],"collection":[{"href":"https:\/\/www.chasseursdetalents.fr\/index.php\/wp-json\/wp\/v2\/pages"}],"about":[{"href":"https:\/\/www.chasseursdetalents.fr\/index.php\/wp-json\/wp\/v2\/types\/page"}],"author":[{"embeddable":true,"href":"https:\/\/www.chasseursdetalents.fr\/index.php\/wp-json\/wp\/v2\/users\/2"}],"replies":[{"embeddable":true,"href":"https:\/\/www.chasseursdetalents.fr\/index.php\/wp-json\/wp\/v2\/comments?post=5267"}],"version-history":[{"count":7,"href":"https:\/\/www.chasseursdetalents.fr\/index.php\/wp-json\/wp\/v2\/pages\/5267\/revisions"}],"predecessor-version":[{"id":5276,"href":"https:\/\/www.chasseursdetalents.fr\/index.php\/wp-json\/wp\/v2\/pages\/5267\/revisions\/5276"}],"wp:attachment":[{"href":"https:\/\/www.chasseursdetalents.fr\/index.php\/wp-json\/wp\/v2\/media?parent=5267"}],"curies":[{"name":"wp","href":"https:\/\/api.w.org\/{rel}","templated":true}]}}