{"id":6963,"date":"2026-04-09T11:10:13","date_gmt":"2026-04-09T11:10:13","guid":{"rendered":"https:\/\/www.chasseursdetalents.fr\/?page_id=6963"},"modified":"2026-04-28T15:39:46","modified_gmt":"2026-04-28T15:39:46","slug":"adjoint-au-directeur-des-finances-et-des-affaires-juridiques-le-departement-du-cher","status":"publish","type":"page","link":"https:\/\/www.chasseursdetalents.fr\/index.php\/adjoint-au-directeur-des-finances-et-des-affaires-juridiques-le-departement-du-cher\/","title":{"rendered":"Adjoint au Directeur des Finances et des Affaires Juridiques &#8211; le D\u00e9partement du Cher"},"content":{"rendered":"\t\t<div data-elementor-type=\"wp-page\" data-elementor-id=\"6963\" class=\"elementor elementor-6963\" data-elementor-post-type=\"page\">\n\t\t\t\t\t\t<section class=\"elementor-section elementor-top-section elementor-element elementor-element-3be1365 elementor-section-full_width elementor-section-height-default elementor-section-height-default\" data-id=\"3be1365\" data-element_type=\"section\" data-e-type=\"section\" data-settings=\"{&quot;background_background&quot;:&quot;gradient&quot;}\">\n\t\t\t\t\t\t<div class=\"elementor-container elementor-column-gap-default\">\n\t\t\t\t\t<div class=\"elementor-column elementor-col-100 elementor-top-column elementor-element elementor-element-e0e5a11\" data-id=\"e0e5a11\" data-element_type=\"column\" data-e-type=\"column\">\n\t\t\t<div class=\"elementor-widget-wrap elementor-element-populated\">\n\t\t\t\t\t\t<div class=\"elementor-element elementor-element-9ba1aa8 elementor-widget__width-initial e-transform elementor-widget elementor-widget-heading\" data-id=\"9ba1aa8\" data-element_type=\"widget\" data-e-type=\"widget\" data-settings=\"{&quot;_transform_scale_effect&quot;:{&quot;unit&quot;:&quot;px&quot;,&quot;size&quot;:&quot;&quot;,&quot;sizes&quot;:[]},&quot;_transform_scale_effect_tablet&quot;:{&quot;unit&quot;:&quot;px&quot;,&quot;size&quot;:&quot;&quot;,&quot;sizes&quot;:[]},&quot;_transform_scale_effect_mobile&quot;:{&quot;unit&quot;:&quot;px&quot;,&quot;size&quot;:&quot;&quot;,&quot;sizes&quot;:[]}}\" data-widget_type=\"heading.default\">\n\t\t\t\t<div class=\"elementor-widget-container\">\n\t\t\t\t\t<h2 class=\"elementor-heading-title elementor-size-default\">Le D\u00e9partement du Cher<\/h2>\t\t\t\t<\/div>\n\t\t\t\t<\/div>\n\t\t\t\t<div class=\"elementor-element elementor-element-88fe93e elementor-widget elementor-widget-heading\" data-id=\"88fe93e\" data-element_type=\"widget\" data-e-type=\"widget\" data-widget_type=\"heading.default\">\n\t\t\t\t<div class=\"elementor-widget-container\">\n\t\t\t\t\t<h2 class=\"elementor-heading-title elementor-size-default\">UN ADJOINT AU DIRECTEUR DES FINANCES ET DES AFFAIRES JURIDIQUES - (F\/H) <\/h2>\t\t\t\t<\/div>\n\t\t\t\t<\/div>\n\t\t\t\t\t<\/div>\n\t\t<\/div>\n\t\t\t\t\t<\/div>\n\t\t<\/section>\n\t\t\t\t<section class=\"elementor-section elementor-top-section elementor-element elementor-element-bbd633b elementor-section-boxed elementor-section-height-default elementor-section-height-default\" data-id=\"bbd633b\" data-element_type=\"section\" data-e-type=\"section\">\n\t\t\t\t\t\t<div class=\"elementor-container elementor-column-gap-default\">\n\t\t\t\t\t<div class=\"elementor-column elementor-col-50 elementor-top-column elementor-element elementor-element-a5f2c5e\" data-id=\"a5f2c5e\" data-element_type=\"column\" data-e-type=\"column\">\n\t\t\t<div class=\"elementor-widget-wrap elementor-element-populated\">\n\t\t\t\t\t\t<div class=\"elementor-element elementor-element-1518361 e-transform e-transform elementor-widget elementor-widget-image\" data-id=\"1518361\" data-element_type=\"widget\" data-e-type=\"widget\" data-settings=\"{&quot;_transform_translateY_effect&quot;:{&quot;unit&quot;:&quot;px&quot;,&quot;size&quot;:2,&quot;sizes&quot;:[]},&quot;_transform_translateX_effect&quot;:{&quot;unit&quot;:&quot;px&quot;,&quot;size&quot;:&quot;&quot;,&quot;sizes&quot;:[]},&quot;_transform_translateX_effect_tablet&quot;:{&quot;unit&quot;:&quot;px&quot;,&quot;size&quot;:&quot;&quot;,&quot;sizes&quot;:[]},&quot;_transform_translateX_effect_mobile&quot;:{&quot;unit&quot;:&quot;px&quot;,&quot;size&quot;:&quot;&quot;,&quot;sizes&quot;:[]},&quot;_transform_translateY_effect_tablet&quot;:{&quot;unit&quot;:&quot;px&quot;,&quot;size&quot;:&quot;&quot;,&quot;sizes&quot;:[]},&quot;_transform_translateY_effect_mobile&quot;:{&quot;unit&quot;:&quot;px&quot;,&quot;size&quot;:&quot;&quot;,&quot;sizes&quot;:[]},&quot;_transform_scale_effect&quot;:{&quot;unit&quot;:&quot;px&quot;,&quot;size&quot;:&quot;&quot;,&quot;sizes&quot;:[]},&quot;_transform_scale_effect_tablet&quot;:{&quot;unit&quot;:&quot;px&quot;,&quot;size&quot;:&quot;&quot;,&quot;sizes&quot;:[]},&quot;_transform_scale_effect_mobile&quot;:{&quot;unit&quot;:&quot;px&quot;,&quot;size&quot;:&quot;&quot;,&quot;sizes&quot;:[]}}\" data-widget_type=\"image.default\">\n\t\t\t\t<div class=\"elementor-widget-container\">\n\t\t\t\t\t\t\t\t\t\t\t\t\t\t\t<img fetchpriority=\"high\" decoding=\"async\" width=\"800\" height=\"531\" src=\"https:\/\/www.chasseursdetalents.fr\/wp-content\/uploads\/2025\/10\/Departement-du-Cher.jpeg\" class=\"attachment-full size-full wp-image-6153\" alt=\"\" srcset=\"https:\/\/www.chasseursdetalents.fr\/wp-content\/uploads\/2025\/10\/Departement-du-Cher.jpeg 800w, https:\/\/www.chasseursdetalents.fr\/wp-content\/uploads\/2025\/10\/Departement-du-Cher-300x199.jpeg 300w, https:\/\/www.chasseursdetalents.fr\/wp-content\/uploads\/2025\/10\/Departement-du-Cher-768x510.jpeg 768w\" sizes=\"(max-width: 800px) 100vw, 800px\" \/>\t\t\t\t\t\t\t\t\t\t\t\t\t\t\t<\/div>\n\t\t\t\t<\/div>\n\t\t\t\t\t<\/div>\n\t\t<\/div>\n\t\t\t\t<div class=\"elementor-column elementor-col-50 elementor-top-column elementor-element elementor-element-dffe32d\" data-id=\"dffe32d\" data-element_type=\"column\" data-e-type=\"column\">\n\t\t\t<div class=\"elementor-widget-wrap elementor-element-populated\">\n\t\t\t\t\t\t<div class=\"elementor-element elementor-element-a0af12d elementor-widget__width-initial e-transform e-transform elementor-widget elementor-widget-image\" data-id=\"a0af12d\" data-element_type=\"widget\" data-e-type=\"widget\" data-settings=\"{&quot;_transform_translateX_effect&quot;:{&quot;unit&quot;:&quot;px&quot;,&quot;size&quot;:370,&quot;sizes&quot;:[]},&quot;_transform_translateY_effect&quot;:{&quot;unit&quot;:&quot;px&quot;,&quot;size&quot;:-5,&quot;sizes&quot;:[]},&quot;_transform_scale_effect&quot;:{&quot;unit&quot;:&quot;px&quot;,&quot;size&quot;:1,&quot;sizes&quot;:[]},&quot;_transform_translateX_effect_tablet&quot;:{&quot;unit&quot;:&quot;px&quot;,&quot;size&quot;:182,&quot;sizes&quot;:[]},&quot;_transform_translateX_effect_mobile&quot;:{&quot;unit&quot;:&quot;px&quot;,&quot;size&quot;:158,&quot;sizes&quot;:[]},&quot;_transform_translateY_effect_mobile&quot;:{&quot;unit&quot;:&quot;px&quot;,&quot;size&quot;:0,&quot;sizes&quot;:[]},&quot;_transform_translateY_effect_tablet&quot;:{&quot;unit&quot;:&quot;px&quot;,&quot;size&quot;:-18,&quot;sizes&quot;:[]},&quot;_transform_scale_effect_mobile&quot;:{&quot;unit&quot;:&quot;px&quot;,&quot;size&quot;:1,&quot;sizes&quot;:[]},&quot;_transform_scale_effect_tablet&quot;:{&quot;unit&quot;:&quot;px&quot;,&quot;size&quot;:&quot;&quot;,&quot;sizes&quot;:[]}}\" data-widget_type=\"image.default\">\n\t\t\t\t<div class=\"elementor-widget-container\">\n\t\t\t\t\t\t\t\t\t\t\t\t\t\t\t<img decoding=\"async\" width=\"800\" height=\"501\" src=\"https:\/\/www.chasseursdetalents.fr\/wp-content\/uploads\/2025\/10\/logo_cher-Departement--1024x641.png\" class=\"attachment-large size-large wp-image-6154\" alt=\"\" srcset=\"https:\/\/www.chasseursdetalents.fr\/wp-content\/uploads\/2025\/10\/logo_cher-Departement--1024x641.png 1024w, https:\/\/www.chasseursdetalents.fr\/wp-content\/uploads\/2025\/10\/logo_cher-Departement--300x188.png 300w, https:\/\/www.chasseursdetalents.fr\/wp-content\/uploads\/2025\/10\/logo_cher-Departement--768x481.png 768w, https:\/\/www.chasseursdetalents.fr\/wp-content\/uploads\/2025\/10\/logo_cher-Departement--1536x962.png 1536w, https:\/\/www.chasseursdetalents.fr\/wp-content\/uploads\/2025\/10\/logo_cher-Departement-.png 1571w\" sizes=\"(max-width: 800px) 100vw, 800px\" \/>\t\t\t\t\t\t\t\t\t\t\t\t\t\t\t<\/div>\n\t\t\t\t<\/div>\n\t\t\t\t<div class=\"elementor-element elementor-element-d143b55 e-transform e-transform elementor-widget__width-initial elementor-widget elementor-widget-text-editor\" data-id=\"d143b55\" data-element_type=\"widget\" data-e-type=\"widget\" data-settings=\"{&quot;_transform_translateY_effect&quot;:{&quot;unit&quot;:&quot;px&quot;,&quot;size&quot;:0,&quot;sizes&quot;:[]},&quot;_transform_translateX_effect&quot;:{&quot;unit&quot;:&quot;px&quot;,&quot;size&quot;:&quot;&quot;,&quot;sizes&quot;:[]},&quot;_transform_translateX_effect_tablet&quot;:{&quot;unit&quot;:&quot;px&quot;,&quot;size&quot;:&quot;&quot;,&quot;sizes&quot;:[]},&quot;_transform_translateX_effect_mobile&quot;:{&quot;unit&quot;:&quot;px&quot;,&quot;size&quot;:&quot;&quot;,&quot;sizes&quot;:[]},&quot;_transform_translateY_effect_tablet&quot;:{&quot;unit&quot;:&quot;px&quot;,&quot;size&quot;:&quot;&quot;,&quot;sizes&quot;:[]},&quot;_transform_translateY_effect_mobile&quot;:{&quot;unit&quot;:&quot;px&quot;,&quot;size&quot;:&quot;&quot;,&quot;sizes&quot;:[]},&quot;_transform_scale_effect&quot;:{&quot;unit&quot;:&quot;px&quot;,&quot;size&quot;:&quot;&quot;,&quot;sizes&quot;:[]},&quot;_transform_scale_effect_tablet&quot;:{&quot;unit&quot;:&quot;px&quot;,&quot;size&quot;:&quot;&quot;,&quot;sizes&quot;:[]},&quot;_transform_scale_effect_mobile&quot;:{&quot;unit&quot;:&quot;px&quot;,&quot;size&quot;:&quot;&quot;,&quot;sizes&quot;:[]}}\" data-widget_type=\"text-editor.default\">\n\t\t\t\t<div class=\"elementor-widget-container\">\n\t\t\t\t\t\t\t\t\t<p class=\"cvGsUA direction-ltr align-justify para-style-body\"><span class=\"a_GcMg font-feature-liga-off font-feature-clig-off font-feature-calt-off text-decoration-none text-strikethrough-none\">Rejoindre le D\u00e9partement du Cher, c\u2019est choisir un employeur engag\u00e9 pour un service public de proximit\u00e9, solidaire et innovant. \u00c0 travers un projet strat\u00e9gique ambitieux, la collectivit\u00e9 agit pour am\u00e9liorer la qualit\u00e9 de vie des 300 000 habitants du territoire et relever les d\u00e9fis contemporains : attractivit\u00e9, transition num\u00e9rique, qualit\u00e9 de vie au travail\u2026<\/span><\/p><p class=\"cvGsUA direction-ltr align-justify para-style-body\"><span class=\"a_GcMg font-feature-liga-off font-feature-clig-off font-feature-calt-off text-decoration-none text-strikethrough-none\">La Direction des Finances et des Affaires Juridiques joue un r\u00f4le central dans la gouvernance d\u00e9partementale. Elle garantit la s\u00e9curit\u00e9 juridique des actes, la qualit\u00e9 des processus d\u00e9cisionnels et la soutenabilit\u00e9 des politiques publiques.<\/span><\/p>\t\t\t\t\t\t\t\t<\/div>\n\t\t\t\t<\/div>\n\t\t\t\t\t<\/div>\n\t\t<\/div>\n\t\t\t\t\t<\/div>\n\t\t<\/section>\n\t\t\t\t<section class=\"elementor-section elementor-top-section elementor-element elementor-element-67ba854 elementor-section-boxed elementor-section-height-default elementor-section-height-default\" data-id=\"67ba854\" data-element_type=\"section\" data-e-type=\"section\">\n\t\t\t\t\t\t<div class=\"elementor-container elementor-column-gap-default\">\n\t\t\t\t\t<div class=\"elementor-column elementor-col-50 elementor-top-column elementor-element elementor-element-481abe7\" data-id=\"481abe7\" data-element_type=\"column\" data-e-type=\"column\" data-settings=\"{&quot;background_background&quot;:&quot;classic&quot;}\">\n\t\t\t<div class=\"elementor-widget-wrap elementor-element-populated\">\n\t\t\t\t\t\t<div class=\"elementor-element elementor-element-c1d2c81 elementor-widget elementor-widget-heading\" data-id=\"c1d2c81\" data-element_type=\"widget\" data-e-type=\"widget\" data-widget_type=\"heading.default\">\n\t\t\t\t<div class=\"elementor-widget-container\">\n\t\t\t\t\t<h2 class=\"elementor-heading-title elementor-size-default\">Dans ce cadre, le D\u00e9partement du Cher recrute : Un(e) Adjoint(e) au Directeur des Finances et des Affaires Juridiques \u2013 (H\/F)<\/h2>\t\t\t\t<\/div>\n\t\t\t\t<\/div>\n\t\t\t\t<div class=\"elementor-element elementor-element-46a3380 elementor-widget elementor-widget-text-editor\" data-id=\"46a3380\" data-element_type=\"widget\" data-e-type=\"widget\" data-widget_type=\"text-editor.default\">\n\t\t\t\t<div class=\"elementor-widget-container\">\n\t\t\t\t\t\t\t\t\t<p class=\"cvGsUA direction-ltr align-justify para-style-body\"><span class=\"a_GcMg font-feature-liga-off font-feature-clig-off font-feature-calt-off text-decoration-none text-strikethrough-none\">Sous l\u2019autorit\u00e9 du Directeur des finances et des affaires juridiques, le Directeur adjoint contribue au pilotage strat\u00e9gique de la direction.<\/span><\/p><p class=\"cvGsUA direction-ltr align-justify para-style-body\"><span class=\"a_GcMg font-feature-liga-off font-feature-clig-off font-feature-calt-off text-decoration-none text-strikethrough-none\">Il garantit la s\u00e9curit\u00e9 juridique globale de la collectivit\u00e9, la qualit\u00e9 des processus d\u00e9cisionnels des assembl\u00e9es, et participe activement \u00e0 la gestion des risques juridiques, financiers et institutionnels.<\/span><\/p><p>\u00c0 ce titre, il assure un r\u00f4le de r\u00e9f\u00e9rent juridique strat\u00e9gique, d\u2019appui \u00e0 la d\u00e9cision des \u00e9lus et de la direction g\u00e9n\u00e9rale, et de coordinateur transversal de la fonction juridique.<\/p>\t\t\t\t\t\t\t\t<\/div>\n\t\t\t\t<\/div>\n\t\t\t\t\t<\/div>\n\t\t<\/div>\n\t\t\t\t<div class=\"elementor-column elementor-col-50 elementor-top-column elementor-element elementor-element-1a7f3b3\" data-id=\"1a7f3b3\" data-element_type=\"column\" data-e-type=\"column\" data-settings=\"{&quot;background_background&quot;:&quot;classic&quot;}\">\n\t\t\t<div class=\"elementor-widget-wrap elementor-element-populated\">\n\t\t\t\t\t\t<div class=\"elementor-element elementor-element-452a923 e-transform e-transform e-transform elementor-widget elementor-widget-image\" data-id=\"452a923\" data-element_type=\"widget\" data-e-type=\"widget\" data-settings=\"{&quot;_transform_scale_effect&quot;:{&quot;unit&quot;:&quot;px&quot;,&quot;size&quot;:1.3,&quot;sizes&quot;:[]},&quot;_transform_translateX_effect&quot;:{&quot;unit&quot;:&quot;px&quot;,&quot;size&quot;:0,&quot;sizes&quot;:[]},&quot;_transform_translateY_effect&quot;:{&quot;unit&quot;:&quot;px&quot;,&quot;size&quot;:0,&quot;sizes&quot;:[]},&quot;_transform_translateX_effect_tablet&quot;:{&quot;unit&quot;:&quot;px&quot;,&quot;size&quot;:&quot;&quot;,&quot;sizes&quot;:[]},&quot;_transform_translateX_effect_mobile&quot;:{&quot;unit&quot;:&quot;px&quot;,&quot;size&quot;:&quot;&quot;,&quot;sizes&quot;:[]},&quot;_transform_translateY_effect_tablet&quot;:{&quot;unit&quot;:&quot;px&quot;,&quot;size&quot;:&quot;&quot;,&quot;sizes&quot;:[]},&quot;_transform_translateY_effect_mobile&quot;:{&quot;unit&quot;:&quot;px&quot;,&quot;size&quot;:&quot;&quot;,&quot;sizes&quot;:[]},&quot;_transform_scale_effect_tablet&quot;:{&quot;unit&quot;:&quot;px&quot;,&quot;size&quot;:&quot;&quot;,&quot;sizes&quot;:[]},&quot;_transform_scale_effect_mobile&quot;:{&quot;unit&quot;:&quot;px&quot;,&quot;size&quot;:&quot;&quot;,&quot;sizes&quot;:[]},&quot;_transform_skewX_effect&quot;:{&quot;unit&quot;:&quot;px&quot;,&quot;size&quot;:&quot;&quot;,&quot;sizes&quot;:[]},&quot;_transform_skewX_effect_tablet&quot;:{&quot;unit&quot;:&quot;deg&quot;,&quot;size&quot;:&quot;&quot;,&quot;sizes&quot;:[]},&quot;_transform_skewX_effect_mobile&quot;:{&quot;unit&quot;:&quot;deg&quot;,&quot;size&quot;:&quot;&quot;,&quot;sizes&quot;:[]},&quot;_transform_skewY_effect&quot;:{&quot;unit&quot;:&quot;px&quot;,&quot;size&quot;:&quot;&quot;,&quot;sizes&quot;:[]},&quot;_transform_skewY_effect_tablet&quot;:{&quot;unit&quot;:&quot;deg&quot;,&quot;size&quot;:&quot;&quot;,&quot;sizes&quot;:[]},&quot;_transform_skewY_effect_mobile&quot;:{&quot;unit&quot;:&quot;deg&quot;,&quot;size&quot;:&quot;&quot;,&quot;sizes&quot;:[]}}\" data-widget_type=\"image.default\">\n\t\t\t\t<div class=\"elementor-widget-container\">\n\t\t\t\t\t\t\t\t\t\t\t\t\t\t\t<img decoding=\"async\" width=\"800\" height=\"534\" src=\"https:\/\/www.chasseursdetalents.fr\/wp-content\/uploads\/2024\/06\/businesspeople-discussing-digital-tablet-1024x683.jpg\" class=\"attachment-large size-large wp-image-3108\" alt=\"\" srcset=\"https:\/\/www.chasseursdetalents.fr\/wp-content\/uploads\/2024\/06\/businesspeople-discussing-digital-tablet-1024x683.jpg 1024w, https:\/\/www.chasseursdetalents.fr\/wp-content\/uploads\/2024\/06\/businesspeople-discussing-digital-tablet-300x200.jpg 300w, https:\/\/www.chasseursdetalents.fr\/wp-content\/uploads\/2024\/06\/businesspeople-discussing-digital-tablet-768x512.jpg 768w, https:\/\/www.chasseursdetalents.fr\/wp-content\/uploads\/2024\/06\/businesspeople-discussing-digital-tablet-1536x1024.jpg 1536w, https:\/\/www.chasseursdetalents.fr\/wp-content\/uploads\/2024\/06\/businesspeople-discussing-digital-tablet-2048x1365.jpg 2048w\" sizes=\"(max-width: 800px) 100vw, 800px\" \/>\t\t\t\t\t\t\t\t\t\t\t\t\t\t\t<\/div>\n\t\t\t\t<\/div>\n\t\t\t\t\t<\/div>\n\t\t<\/div>\n\t\t\t\t\t<\/div>\n\t\t<\/section>\n\t\t\t\t<section class=\"elementor-section elementor-top-section elementor-element elementor-element-b269a6d elementor-section-full_width elementor-section-height-default elementor-section-height-default\" data-id=\"b269a6d\" data-element_type=\"section\" data-e-type=\"section\">\n\t\t\t\t\t\t<div class=\"elementor-container elementor-column-gap-default\">\n\t\t\t\t\t<div class=\"elementor-column elementor-col-50 elementor-top-column elementor-element elementor-element-c09a97d\" data-id=\"c09a97d\" data-element_type=\"column\" data-e-type=\"column\" data-settings=\"{&quot;background_background&quot;:&quot;classic&quot;}\">\n\t\t\t<div class=\"elementor-widget-wrap elementor-element-populated\">\n\t\t\t\t\t\t<div class=\"elementor-element elementor-element-5495b44 elementor-widget elementor-widget-heading\" data-id=\"5495b44\" data-element_type=\"widget\" data-e-type=\"widget\" data-widget_type=\"heading.default\">\n\t\t\t\t<div class=\"elementor-widget-container\">\n\t\t\t\t\t<h2 class=\"elementor-heading-title elementor-size-default\">Cliquez sur la section pour en savoir plus<\/h2>\t\t\t\t<\/div>\n\t\t\t\t<\/div>\n\t\t\t\t<div class=\"elementor-element elementor-element-ab8eea7 elementor-widget elementor-widget-toggle\" data-id=\"ab8eea7\" data-element_type=\"widget\" data-e-type=\"widget\" data-widget_type=\"toggle.default\">\n\t\t\t\t<div class=\"elementor-widget-container\">\n\t\t\t\t\t\t\t<div class=\"elementor-toggle\">\n\t\t\t\t\t\t\t<div class=\"elementor-toggle-item\">\n\t\t\t\t\t<div id=\"elementor-tab-title-1791\" class=\"elementor-tab-title\" data-tab=\"1\" role=\"button\" aria-controls=\"elementor-tab-content-1791\" aria-expanded=\"false\">\n\t\t\t\t\t\t\t\t\t\t\t\t<span class=\"elementor-toggle-icon elementor-toggle-icon-left\" aria-hidden=\"true\">\n\t\t\t\t\t\t\t\t\t\t\t\t\t\t\t<span class=\"elementor-toggle-icon-closed\"><svg class=\"e-font-icon-svg e-fas-caret-right\" viewBox=\"0 0 192 512\" xmlns=\"http:\/\/www.w3.org\/2000\/svg\"><path d=\"M0 384.662V127.338c0-17.818 21.543-26.741 34.142-14.142l128.662 128.662c7.81 7.81 7.81 20.474 0 28.284L34.142 398.804C21.543 411.404 0 402.48 0 384.662z\"><\/path><\/svg><\/span>\n\t\t\t\t\t\t\t\t<span class=\"elementor-toggle-icon-opened\"><svg class=\"elementor-toggle-icon-opened e-font-icon-svg e-fas-caret-up\" viewBox=\"0 0 320 512\" xmlns=\"http:\/\/www.w3.org\/2000\/svg\"><path d=\"M288.662 352H31.338c-17.818 0-26.741-21.543-14.142-34.142l128.662-128.662c7.81-7.81 20.474-7.81 28.284 0l128.662 128.662c12.6 12.599 3.676 34.142-14.142 34.142z\"><\/path><\/svg><\/span>\n\t\t\t\t\t\t\t\t\t\t\t\t\t<\/span>\n\t\t\t\t\t\t\t\t\t\t\t\t<a class=\"elementor-toggle-title\" tabindex=\"0\">MISSIONS<\/a>\n\t\t\t\t\t<\/div>\n\n\t\t\t\t\t<div id=\"elementor-tab-content-1791\" class=\"elementor-tab-content elementor-clearfix\" data-tab=\"1\" role=\"region\" aria-labelledby=\"elementor-tab-title-1791\"><p><strong>1. Appui strat\u00e9gique au Directeur des finances et des affaires juridiques<\/strong><\/p><ul><li>Contribuer \u00e0 la d\u00e9finition et \u00e0 la mise en \u0153uvre de la strat\u00e9gie juridique et institutionnelle de la collectivit\u00e9.<\/li><li>Participer au pilotage global de la direction (objectifs, priorit\u00e9s, arbitrages, reporting).<\/li><li>Apporter une expertise juridique strat\u00e9gique dans les dossiers complexes, sensibles ou \u00e0 forts enjeux financiers, politiques ou r\u00e9putationnels et assurer une fonction d\u2019alerte.<\/li><li>Assurer la suppl\u00e9ance du directeur en cas d\u2019absence.<\/li><\/ul><p>\u00a0<\/p><p><strong>2. Pilotage d\u2019un service en cas d\u2019absence prolong\u00e9e d\u2019un encadrant ou d\u2019une vacance de poste<\/strong><\/p><ul><li>Assurer le management hi\u00e9rarchique et fonctionnel du service.<\/li><li>D\u00e9finir les priorit\u00e9s, organiser l\u2019activit\u00e9 et garantir la qualit\u00e9 des productions.<\/li><li>Structurer les outils de pilotage, d\u2019\u00e9valuation et d\u2019am\u00e9lioration continue de l\u2019activit\u00e9.<\/li><li>Accompagner l\u2019\u00e9volution des comp\u00e9tences et la professionnalisation des agents du service.<\/li><\/ul><p>\u00a0<\/p><p><strong>3. S\u00e9curisation juridique des actes et des processus d\u00e9cisionnels<\/strong><\/p><ul><li>Garantir la s\u00e9curisation juridique des actes de la collectivit\u00e9.<\/li><li>Superviser l\u2019organisation et le d\u00e9roulement des s\u00e9ances de l\u2019Assembl\u00e9e d\u00e9partementale, de la Commission permanente et des commissions en participant aux points contr\u00f4le.<\/li><li>Veiller \u00e0 la fiabilit\u00e9 des circuits d\u00e9cisionnels et \u00e0 la conformit\u00e9 des proc\u00e9dures.<\/li><\/ul><p>\u00a0<\/p><p><strong>4. Conseil juridique strat\u00e9gique aupr\u00e8s de la direction g\u00e9n\u00e9rale et des services<\/strong><\/p><ul><li>Apporter un appui juridique de haut niveau aux \u00e9lus, \u00e0 la direction g\u00e9n\u00e9rale et aux directions op\u00e9rationnelles par la r\u00e9alisation ou validation des analyses juridiques complexes et transversales.<\/li><li>Conduire en lien avec le charg\u00e9 de projet pilotage des risques une optimisation des contrats d\u2019assurance et une s\u00e9curisation des risques couverts.\u00a0<\/li><\/ul><p>\u00a0<\/p><p><strong>5. Animation transversale de la fonction juridique et management des risques<\/strong><\/p><ul><li>Organiser et structurer la fonction juridique.<\/li><li>Contribuer activement \u00e0 la politique de contr\u00f4le interne et de gestion des risques de la collectivit\u00e9.<\/li><li>Participer aux d\u00e9marches transversales li\u00e9es \u00e0 la d\u00e9ontologie, \u00e0 la responsabilit\u00e9 des gestionnaires publics et \u00e0 la s\u00e9curisation des pratiques administratives.<\/li><\/ul><\/div>\n\t\t\t\t<\/div>\n\t\t\t\t\t\t\t<div class=\"elementor-toggle-item\">\n\t\t\t\t\t<div id=\"elementor-tab-title-1792\" class=\"elementor-tab-title\" data-tab=\"2\" role=\"button\" aria-controls=\"elementor-tab-content-1792\" aria-expanded=\"false\">\n\t\t\t\t\t\t\t\t\t\t\t\t<span class=\"elementor-toggle-icon elementor-toggle-icon-left\" aria-hidden=\"true\">\n\t\t\t\t\t\t\t\t\t\t\t\t\t\t\t<span class=\"elementor-toggle-icon-closed\"><svg class=\"e-font-icon-svg e-fas-caret-right\" viewBox=\"0 0 192 512\" xmlns=\"http:\/\/www.w3.org\/2000\/svg\"><path d=\"M0 384.662V127.338c0-17.818 21.543-26.741 34.142-14.142l128.662 128.662c7.81 7.81 7.81 20.474 0 28.284L34.142 398.804C21.543 411.404 0 402.48 0 384.662z\"><\/path><\/svg><\/span>\n\t\t\t\t\t\t\t\t<span class=\"elementor-toggle-icon-opened\"><svg class=\"elementor-toggle-icon-opened e-font-icon-svg e-fas-caret-up\" viewBox=\"0 0 320 512\" xmlns=\"http:\/\/www.w3.org\/2000\/svg\"><path d=\"M288.662 352H31.338c-17.818 0-26.741-21.543-14.142-34.142l128.662-128.662c7.81-7.81 20.474-7.81 28.284 0l128.662 128.662c12.6 12.599 3.676 34.142-14.142 34.142z\"><\/path><\/svg><\/span>\n\t\t\t\t\t\t\t\t\t\t\t\t\t<\/span>\n\t\t\t\t\t\t\t\t\t\t\t\t<a class=\"elementor-toggle-title\" tabindex=\"0\">PROFIL<\/a>\n\t\t\t\t\t<\/div>\n\n\t\t\t\t\t<div id=\"elementor-tab-content-1792\" class=\"elementor-tab-content elementor-clearfix\" data-tab=\"2\" role=\"region\" aria-labelledby=\"elementor-tab-title-1792\"><ul><li><span class=\"a_GcMg font-feature-liga-off font-feature-clig-off font-feature-calt-off text-decoration-none text-strikethrough-none\">Formation sup\u00e9rieure en droit public.<\/span><\/li><li><span class=\"a_GcMg font-feature-liga-off font-feature-clig-off font-feature-calt-off text-decoration-none text-strikethrough-none\">Exp\u00e9rience confirm\u00e9e en environnement juridique territorial.<\/span><\/li><li><span class=\"a_GcMg font-feature-liga-off font-feature-clig-off font-feature-calt-off text-decoration-none text-strikethrough-none\">Ma\u00eetrise du fonctionnement des collectivit\u00e9s territoriales et des assembl\u00e9es d\u00e9lib\u00e9rantes.<\/span><\/li><li><span class=\"a_GcMg font-feature-liga-off font-feature-clig-off font-feature-calt-off text-decoration-none text-strikethrough-none\">Capacit\u00e9 \u00e0 piloter un service et \u00e0 accompagner une \u00e9quipe.<\/span><\/li><li><span class=\"a_GcMg font-feature-liga-off font-feature-clig-off font-feature-calt-off text-decoration-none text-strikethrough-none\">Excellente capacit\u00e9 d\u2019analyse, de r\u00e9daction et de conseil.<\/span><\/li><li><span class=\"a_GcMg font-feature-liga-off font-feature-clig-off font-feature-calt-off text-decoration-none text-strikethrough-none\">Aptitude \u00e0 traiter des dossiers complexes et \u00e0 forts enjeux.<\/span><\/li><li><span class=\"a_GcMg font-feature-liga-off font-feature-clig-off font-feature-calt-off text-decoration-none text-strikethrough-none\">Sens du service public, rigueur et autonomie.<\/span><\/li><\/ul><\/div>\n\t\t\t\t<\/div>\n\t\t\t\t\t\t\t<div class=\"elementor-toggle-item\">\n\t\t\t\t\t<div id=\"elementor-tab-title-1793\" class=\"elementor-tab-title\" data-tab=\"3\" role=\"button\" aria-controls=\"elementor-tab-content-1793\" aria-expanded=\"false\">\n\t\t\t\t\t\t\t\t\t\t\t\t<span class=\"elementor-toggle-icon elementor-toggle-icon-left\" aria-hidden=\"true\">\n\t\t\t\t\t\t\t\t\t\t\t\t\t\t\t<span class=\"elementor-toggle-icon-closed\"><svg class=\"e-font-icon-svg e-fas-caret-right\" viewBox=\"0 0 192 512\" xmlns=\"http:\/\/www.w3.org\/2000\/svg\"><path d=\"M0 384.662V127.338c0-17.818 21.543-26.741 34.142-14.142l128.662 128.662c7.81 7.81 7.81 20.474 0 28.284L34.142 398.804C21.543 411.404 0 402.48 0 384.662z\"><\/path><\/svg><\/span>\n\t\t\t\t\t\t\t\t<span class=\"elementor-toggle-icon-opened\"><svg class=\"elementor-toggle-icon-opened e-font-icon-svg e-fas-caret-up\" viewBox=\"0 0 320 512\" xmlns=\"http:\/\/www.w3.org\/2000\/svg\"><path d=\"M288.662 352H31.338c-17.818 0-26.741-21.543-14.142-34.142l128.662-128.662c7.81-7.81 20.474-7.81 28.284 0l128.662 128.662c12.6 12.599 3.676 34.142-14.142 34.142z\"><\/path><\/svg><\/span>\n\t\t\t\t\t\t\t\t\t\t\t\t\t<\/span>\n\t\t\t\t\t\t\t\t\t\t\t\t<a class=\"elementor-toggle-title\" tabindex=\"0\">CONDITIONS D'EXERCISE<\/a>\n\t\t\t\t\t<\/div>\n\n\t\t\t\t\t<div id=\"elementor-tab-content-1793\" class=\"elementor-tab-content elementor-clearfix\" data-tab=\"3\" role=\"region\" aria-labelledby=\"elementor-tab-title-1793\"><ul><li><span class=\"a_GcMg font-feature-liga-off font-feature-clig-off font-feature-calt-off text-decoration-none text-strikethrough-none\">Poste bas\u00e9 \u00e0 Bourges (site des Pyramides)<\/span><\/li><li><span class=\"a_GcMg font-feature-liga-off font-feature-clig-off font-feature-calt-off text-decoration-none text-strikethrough-none\">Temps complet<\/span><\/li><li><span class=\"a_GcMg font-feature-liga-off font-feature-clig-off font-feature-calt-off text-decoration-none text-strikethrough-none\">Management d\u2019une \u00e9quipe de 9 agents<\/span><\/li><li><span class=\"a_GcMg font-feature-liga-off font-feature-clig-off font-feature-calt-off text-decoration-none text-strikethrough-none\">Cadre d\u2019emplois : Attach\u00e9 territorial (Cat\u00e9gorie A)<\/span><\/li><li><span class=\"a_GcMg font-feature-liga-off font-feature-clig-off font-feature-calt-off text-decoration-none text-strikethrough-none\">NBI : 25 points<\/span><\/li><\/ul><\/div>\n\t\t\t\t<\/div>\n\t\t\t\t\t\t\t<div class=\"elementor-toggle-item\">\n\t\t\t\t\t<div id=\"elementor-tab-title-1794\" class=\"elementor-tab-title\" data-tab=\"4\" role=\"button\" aria-controls=\"elementor-tab-content-1794\" aria-expanded=\"false\">\n\t\t\t\t\t\t\t\t\t\t\t\t<span class=\"elementor-toggle-icon elementor-toggle-icon-left\" aria-hidden=\"true\">\n\t\t\t\t\t\t\t\t\t\t\t\t\t\t\t<span class=\"elementor-toggle-icon-closed\"><svg class=\"e-font-icon-svg e-fas-caret-right\" viewBox=\"0 0 192 512\" xmlns=\"http:\/\/www.w3.org\/2000\/svg\"><path d=\"M0 384.662V127.338c0-17.818 21.543-26.741 34.142-14.142l128.662 128.662c7.81 7.81 7.81 20.474 0 28.284L34.142 398.804C21.543 411.404 0 402.48 0 384.662z\"><\/path><\/svg><\/span>\n\t\t\t\t\t\t\t\t<span class=\"elementor-toggle-icon-opened\"><svg class=\"elementor-toggle-icon-opened e-font-icon-svg e-fas-caret-up\" viewBox=\"0 0 320 512\" xmlns=\"http:\/\/www.w3.org\/2000\/svg\"><path d=\"M288.662 352H31.338c-17.818 0-26.741-21.543-14.142-34.142l128.662-128.662c7.81-7.81 20.474-7.81 28.284 0l128.662 128.662c12.6 12.599 3.676 34.142-14.142 34.142z\"><\/path><\/svg><\/span>\n\t\t\t\t\t\t\t\t\t\t\t\t\t<\/span>\n\t\t\t\t\t\t\t\t\t\t\t\t<a class=\"elementor-toggle-title\" tabindex=\"0\">R\u00c9MUN\u00c9RATION ET AVANTAGES<\/a>\n\t\t\t\t\t<\/div>\n\n\t\t\t\t\t<div id=\"elementor-tab-content-1794\" class=\"elementor-tab-content elementor-clearfix\" data-tab=\"4\" role=\"region\" aria-labelledby=\"elementor-tab-title-1794\"><ul><li><span class=\"a_GcMg font-feature-liga-off font-feature-clig-off font-feature-calt-off text-decoration-none text-strikethrough-none\">R\u00e9mun\u00e9ration statutaire + r\u00e9gime indemnitaire<\/span><\/li><li><span class=\"a_GcMg font-feature-liga-off font-feature-clig-off font-feature-calt-off text-decoration-none text-strikethrough-none\">RIFSEEP, CIA, selon r\u00e9gime applicable<\/span><\/li><li><span class=\"a_GcMg font-feature-liga-off font-feature-clig-off font-feature-calt-off text-decoration-none text-strikethrough-none\">Participation employeur \u00e0 la mutuelle (200 \u20ac\/an) et possibilit\u00e9 d\u2019adh\u00e9sion \u00e0 la pr\u00e9voyance<\/span><\/li><li><span class=\"a_GcMg font-feature-liga-off font-feature-clig-off font-feature-calt-off text-decoration-none text-strikethrough-none\">57 jours de cong\u00e9s\/an (25 cong\u00e9s + 30 RTT + 2 jours de fractionnement)<\/span><\/li><li><span class=\"a_GcMg font-feature-liga-off font-feature-clig-off font-feature-calt-off text-decoration-none text-strikethrough-none\">Acc\u00e8s \u00e0 la restauration collective<\/span><\/li><li><span class=\"a_GcMg font-feature-liga-off font-feature-clig-off font-feature-calt-off text-decoration-none text-strikethrough-none\">CNAS + association du personnel<\/span><\/li><li><span class=\"a_GcMg font-feature-liga-off font-feature-clig-off font-feature-calt-off text-decoration-none text-strikethrough-none\">Formation professionnelle continue favoris\u00e9e.<\/span><\/li><\/ul><p><strong><span class=\"a_GcMg font-feature-liga-off font-feature-clig-off font-feature-calt-off text-decoration-none text-strikethrough-none\">Si vous souhaitez contribuer activement \u00e0 la qualit\u00e9 d\u00e9mocratique et institutionnelle d\u2019une collectivit\u00e9 dynamique, rejoignez le D\u00e9partement du Cher et cultivez votre talent sur nos terres !<\/span><\/strong><\/p><\/div>\n\t\t\t\t<\/div>\n\t\t\t\t\t\t\t<div class=\"elementor-toggle-item\">\n\t\t\t\t\t<div id=\"elementor-tab-title-1795\" class=\"elementor-tab-title\" data-tab=\"5\" role=\"button\" aria-controls=\"elementor-tab-content-1795\" aria-expanded=\"false\">\n\t\t\t\t\t\t\t\t\t\t\t\t<span class=\"elementor-toggle-icon elementor-toggle-icon-left\" aria-hidden=\"true\">\n\t\t\t\t\t\t\t\t\t\t\t\t\t\t\t<span class=\"elementor-toggle-icon-closed\"><svg class=\"e-font-icon-svg e-fas-caret-right\" viewBox=\"0 0 192 512\" xmlns=\"http:\/\/www.w3.org\/2000\/svg\"><path d=\"M0 384.662V127.338c0-17.818 21.543-26.741 34.142-14.142l128.662 128.662c7.81 7.81 7.81 20.474 0 28.284L34.142 398.804C21.543 411.404 0 402.48 0 384.662z\"><\/path><\/svg><\/span>\n\t\t\t\t\t\t\t\t<span class=\"elementor-toggle-icon-opened\"><svg class=\"elementor-toggle-icon-opened e-font-icon-svg e-fas-caret-up\" viewBox=\"0 0 320 512\" xmlns=\"http:\/\/www.w3.org\/2000\/svg\"><path d=\"M288.662 352H31.338c-17.818 0-26.741-21.543-14.142-34.142l128.662-128.662c7.81-7.81 20.474-7.81 28.284 0l128.662 128.662c12.6 12.599 3.676 34.142-14.142 34.142z\"><\/path><\/svg><\/span>\n\t\t\t\t\t\t\t\t\t\t\t\t\t<\/span>\n\t\t\t\t\t\t\t\t\t\t\t\t<a class=\"elementor-toggle-title\" tabindex=\"0\">CONTACT <\/a>\n\t\t\t\t\t<\/div>\n\n\t\t\t\t\t<div id=\"elementor-tab-content-1795\" class=\"elementor-tab-content elementor-clearfix\" data-tab=\"5\" role=\"region\" aria-labelledby=\"elementor-tab-title-1795\"><div><p>Merci d\u2019adresser votre candidature (CV et lettre de motivation) \u00e0 :\u00a0<\/p><\/div><p><strong style=\"font-family: var( --e-global-typography-text-font-family ), Sans-serif; font-size: var( --e-global-typography-text-font-size ); letter-spacing: var( --e-global-typography-text-letter-spacing ); word-spacing: var( --e-global-typography-text-word-spacing );\"><span class=\"OYPEnA font-feature-liga-off font-feature-clig-off font-feature-calt-off text-decoration-none text-strikethrough-none\"><span class=\"a_GcMg font-feature-liga-off font-feature-clig-off font-feature-calt-off text-decoration-none text-strikethrough-none\">Romane VIRY<\/span><\/span><\/strong><\/p><p class=\"cvGsUA direction-ltr align-start para-style-body\"><span class=\"a_GcMg font-feature-liga-off font-feature-clig-off font-feature-calt-off text-decoration-none text-strikethrough-none\">Consultante en recrutement<\/span><\/p><p class=\"cvGsUA direction-ltr align-start para-style-body\"><a class=\"a_GcMg font-feature-liga-off font-feature-clig-off font-feature-calt-off text-decoration-underline text-strikethrough-none\" draggable=\"false\" href=\"tel:0769504149\" target=\"_blank\" rel=\"noopener\">+0769504149<\/a><\/p><p class=\"cvGsUA direction-ltr align-start para-style-body\"><a class=\"a_GcMg font-feature-liga-off font-feature-clig-off font-feature-calt-off text-decoration-underline text-strikethrough-none\" draggable=\"false\" href=\"mailto:romane@chasseursdetalents.fr\" target=\"_blank\" rel=\"noopener\">romane@chasseursdetalents.fr<\/a><\/p><div>\u00a0<\/div><\/div>\n\t\t\t\t<\/div>\n\t\t\t\t\t\t\t\t<\/div>\n\t\t\t\t\t\t<\/div>\n\t\t\t\t<\/div>\n\t\t\t\t\t<\/div>\n\t\t<\/div>\n\t\t\t\t<div class=\"elementor-column elementor-col-50 elementor-top-column elementor-element elementor-element-1f919f2 elementor-hidden-tablet elementor-hidden-mobile\" data-id=\"1f919f2\" data-element_type=\"column\" data-e-type=\"column\" data-settings=\"{&quot;background_background&quot;:&quot;classic&quot;}\">\n\t\t\t<div class=\"elementor-widget-wrap elementor-element-populated\">\n\t\t\t\t\t\t<div class=\"elementor-element elementor-element-4539e7d e-transform elementor-widget__width-initial e-transform elementor-widget elementor-widget-image\" data-id=\"4539e7d\" data-element_type=\"widget\" data-e-type=\"widget\" data-settings=\"{&quot;_transform_scale_effect&quot;:{&quot;unit&quot;:&quot;px&quot;,&quot;size&quot;:1.4,&quot;sizes&quot;:[]},&quot;_transform_rotateZ_effect&quot;:{&quot;unit&quot;:&quot;px&quot;,&quot;size&quot;:&quot;&quot;,&quot;sizes&quot;:[]},&quot;_transform_rotateZ_effect_tablet&quot;:{&quot;unit&quot;:&quot;deg&quot;,&quot;size&quot;:&quot;&quot;,&quot;sizes&quot;:[]},&quot;_transform_rotateZ_effect_mobile&quot;:{&quot;unit&quot;:&quot;deg&quot;,&quot;size&quot;:&quot;&quot;,&quot;sizes&quot;:[]},&quot;_transform_scale_effect_tablet&quot;:{&quot;unit&quot;:&quot;px&quot;,&quot;size&quot;:&quot;&quot;,&quot;sizes&quot;:[]},&quot;_transform_scale_effect_mobile&quot;:{&quot;unit&quot;:&quot;px&quot;,&quot;size&quot;:&quot;&quot;,&quot;sizes&quot;:[]}}\" data-widget_type=\"image.default\">\n\t\t\t\t<div class=\"elementor-widget-container\">\n\t\t\t\t\t\t\t\t\t\t\t\t\t\t\t<img decoding=\"async\" width=\"800\" height=\"501\" src=\"https:\/\/www.chasseursdetalents.fr\/wp-content\/uploads\/2025\/10\/logo_cher-Departement--1024x641.png\" class=\"attachment-large size-large wp-image-6154\" alt=\"\" srcset=\"https:\/\/www.chasseursdetalents.fr\/wp-content\/uploads\/2025\/10\/logo_cher-Departement--1024x641.png 1024w, https:\/\/www.chasseursdetalents.fr\/wp-content\/uploads\/2025\/10\/logo_cher-Departement--300x188.png 300w, https:\/\/www.chasseursdetalents.fr\/wp-content\/uploads\/2025\/10\/logo_cher-Departement--768x481.png 768w, https:\/\/www.chasseursdetalents.fr\/wp-content\/uploads\/2025\/10\/logo_cher-Departement--1536x962.png 1536w, https:\/\/www.chasseursdetalents.fr\/wp-content\/uploads\/2025\/10\/logo_cher-Departement-.png 1571w\" sizes=\"(max-width: 800px) 100vw, 800px\" \/>\t\t\t\t\t\t\t\t\t\t\t\t\t\t\t<\/div>\n\t\t\t\t<\/div>\n\t\t\t\t\t<\/div>\n\t\t<\/div>\n\t\t\t\t\t<\/div>\n\t\t<\/section>\n\t\t\t\t<section class=\"elementor-section elementor-top-section elementor-element elementor-element-0634d2a elementor-section-boxed elementor-section-height-default elementor-section-height-default\" data-id=\"0634d2a\" data-element_type=\"section\" data-e-type=\"section\">\n\t\t\t\t\t\t<div class=\"elementor-container elementor-column-gap-default\">\n\t\t\t\t\t<div class=\"elementor-column elementor-col-100 elementor-top-column elementor-element elementor-element-a2b4391\" data-id=\"a2b4391\" data-element_type=\"column\" data-e-type=\"column\" data-settings=\"{&quot;background_background&quot;:&quot;classic&quot;}\">\n\t\t\t<div class=\"elementor-widget-wrap elementor-element-populated\">\n\t\t\t\t\t\t<div class=\"elementor-element elementor-element-aff9921 elementor-widget elementor-widget-heading\" data-id=\"aff9921\" data-element_type=\"widget\" data-e-type=\"widget\" data-widget_type=\"heading.default\">\n\t\t\t\t<div class=\"elementor-widget-container\">\n\t\t\t\t\t<h2 class=\"elementor-heading-title elementor-size-default\">POSTULER <\/h2>\t\t\t\t<\/div>\n\t\t\t\t<\/div>\n\t\t\t\t<div class=\"elementor-element elementor-element-3e7dfa4 elementor-widget elementor-widget-heading\" data-id=\"3e7dfa4\" data-element_type=\"widget\" data-e-type=\"widget\" data-widget_type=\"heading.default\">\n\t\t\t\t<div class=\"elementor-widget-container\">\n\t\t\t\t\t<h2 class=\"elementor-heading-title elementor-size-default\">Un(e) Adjoint(e) au Directeur des Finances et des Affaires Juridiques  (F\/H)<\/h2>\t\t\t\t<\/div>\n\t\t\t\t<\/div>\n\t\t\t\t<div class=\"elementor-element elementor-element-0b6a048 elementor-widget__width-initial elementor-widget elementor-widget-html\" data-id=\"0b6a048\" data-element_type=\"widget\" data-e-type=\"widget\" data-widget_type=\"html.default\">\n\t\t\t\t<div class=\"elementor-widget-container\">\n\t\t\t\t\t\n    <iframe\n      id=\"JotFormIFrame-260982640275361\"\n      title=\"Adjoint au Directeur des Finances et des Affaires Juridiques \u2013 Chef du service des affaires juridiques et des assembl\u00e9es - le D\u00e9partement du Cher\"\n      onload=\"window.parent.scrollTo(0,0)\"\n      allowtransparency=\"true\"\n      allow=\"geolocation; microphone; camera; fullscreen; payment\"\n      src=\"https:\/\/form.jotform.com\/260982640275361\"\n      frameborder=\"0\"\n      style=\"min-width:100%;max-width:100%;height:1300px;border:none;\"\n      scrolling=\"no\"\n    >\n    <\/iframe>\n    <script src='https:\/\/cdn.jotfor.ms\/s\/umd\/latest\/for-form-embed-handler.js'><\/script>\n    <script>window.jotformEmbedHandler(\"iframe[id='JotFormIFrame-260982640275361']\", \"https:\/\/form.jotform.com\/\")<\/script>\n    \t\t\t\t<\/div>\n\t\t\t\t<\/div>\n\t\t\t\t\t<\/div>\n\t\t<\/div>\n\t\t\t\t\t<\/div>\n\t\t<\/section>\n\t\t\t\t<\/div>\n\t\t","protected":false},"excerpt":{"rendered":"<p>Le D\u00e9partement du Cher UN ADJOINT AU DIRECTEUR DES FINANCES ET DES AFFAIRES JURIDIQUES &#8211; (F\/H) Rejoindre le D\u00e9partement du Cher, c\u2019est choisir un employeur engag\u00e9 pour un service public de proximit\u00e9, solidaire et innovant. \u00c0 travers un projet strat\u00e9gique ambitieux, la collectivit\u00e9 agit pour am\u00e9liorer la qualit\u00e9 de vie des 300 000 habitants du [&hellip;]<\/p>\n","protected":false},"author":2,"featured_media":0,"parent":0,"menu_order":0,"comment_status":"closed","ping_status":"closed","template":"","meta":{"footnotes":""},"class_list":["post-6963","page","type-page","status-publish","hentry"],"yoast_head":"<!-- This site is optimized with the Yoast SEO plugin v27.5 - https:\/\/yoast.com\/product\/yoast-seo-wordpress\/ -->\n<title>Adjoint au Directeur des Finances et des Affaires Juridiques - le D\u00e9partement du Cher - Chasseurs de talents<\/title>\n<meta name=\"robots\" content=\"index, follow, max-snippet:-1, max-image-preview:large, max-video-preview:-1\" \/>\n<link rel=\"canonical\" href=\"https:\/\/www.chasseursdetalents.fr\/index.php\/adjoint-au-directeur-des-finances-et-des-affaires-juridiques-le-departement-du-cher\/\" \/>\n<meta property=\"og:locale\" content=\"fr_FR\" \/>\n<meta property=\"og:type\" content=\"article\" \/>\n<meta property=\"og:title\" content=\"Adjoint au Directeur des Finances et des Affaires Juridiques - le D\u00e9partement du Cher - Chasseurs de talents\" \/>\n<meta property=\"og:description\" content=\"Le D\u00e9partement du Cher UN ADJOINT AU DIRECTEUR DES FINANCES ET DES AFFAIRES JURIDIQUES &#8211; (F\/H) Rejoindre le D\u00e9partement du Cher, c\u2019est choisir un employeur engag\u00e9 pour un service public de proximit\u00e9, solidaire et innovant. \u00c0 travers un projet strat\u00e9gique ambitieux, la collectivit\u00e9 agit pour am\u00e9liorer la qualit\u00e9 de vie des 300 000 habitants du [&hellip;]\" \/>\n<meta property=\"og:url\" content=\"https:\/\/www.chasseursdetalents.fr\/index.php\/adjoint-au-directeur-des-finances-et-des-affaires-juridiques-le-departement-du-cher\/\" \/>\n<meta property=\"og:site_name\" content=\"Chasseurs de talents\" \/>\n<meta property=\"article:modified_time\" content=\"2026-04-28T15:39:46+00:00\" \/>\n<meta property=\"og:image\" content=\"https:\/\/www.chasseursdetalents.fr\/wp-content\/uploads\/2025\/10\/Departement-du-Cher.jpeg\" \/>\n\t<meta property=\"og:image:width\" content=\"800\" \/>\n\t<meta property=\"og:image:height\" content=\"531\" \/>\n\t<meta property=\"og:image:type\" content=\"image\/jpeg\" \/>\n<meta name=\"twitter:card\" content=\"summary_large_image\" \/>\n<meta name=\"twitter:label1\" content=\"Dur\u00e9e de lecture estim\u00e9e\" \/>\n\t<meta name=\"twitter:data1\" content=\"5 minutes\" \/>\n<script type=\"application\/ld+json\" class=\"yoast-schema-graph\">{\"@context\":\"https:\\\/\\\/schema.org\",\"@graph\":[{\"@type\":\"WebPage\",\"@id\":\"https:\\\/\\\/www.chasseursdetalents.fr\\\/index.php\\\/adjoint-au-directeur-des-finances-et-des-affaires-juridiques-le-departement-du-cher\\\/\",\"url\":\"https:\\\/\\\/www.chasseursdetalents.fr\\\/index.php\\\/adjoint-au-directeur-des-finances-et-des-affaires-juridiques-le-departement-du-cher\\\/\",\"name\":\"Adjoint au Directeur des Finances et des Affaires Juridiques - le D\u00e9partement du Cher - Chasseurs de talents\",\"isPartOf\":{\"@id\":\"https:\\\/\\\/www.chasseursdetalents.fr\\\/#website\"},\"primaryImageOfPage\":{\"@id\":\"https:\\\/\\\/www.chasseursdetalents.fr\\\/index.php\\\/adjoint-au-directeur-des-finances-et-des-affaires-juridiques-le-departement-du-cher\\\/#primaryimage\"},\"image\":{\"@id\":\"https:\\\/\\\/www.chasseursdetalents.fr\\\/index.php\\\/adjoint-au-directeur-des-finances-et-des-affaires-juridiques-le-departement-du-cher\\\/#primaryimage\"},\"thumbnailUrl\":\"https:\\\/\\\/www.chasseursdetalents.fr\\\/wp-content\\\/uploads\\\/2025\\\/10\\\/Departement-du-Cher.jpeg\",\"datePublished\":\"2026-04-09T11:10:13+00:00\",\"dateModified\":\"2026-04-28T15:39:46+00:00\",\"breadcrumb\":{\"@id\":\"https:\\\/\\\/www.chasseursdetalents.fr\\\/index.php\\\/adjoint-au-directeur-des-finances-et-des-affaires-juridiques-le-departement-du-cher\\\/#breadcrumb\"},\"inLanguage\":\"fr-FR\",\"potentialAction\":[{\"@type\":\"ReadAction\",\"target\":[\"https:\\\/\\\/www.chasseursdetalents.fr\\\/index.php\\\/adjoint-au-directeur-des-finances-et-des-affaires-juridiques-le-departement-du-cher\\\/\"]}]},{\"@type\":\"ImageObject\",\"inLanguage\":\"fr-FR\",\"@id\":\"https:\\\/\\\/www.chasseursdetalents.fr\\\/index.php\\\/adjoint-au-directeur-des-finances-et-des-affaires-juridiques-le-departement-du-cher\\\/#primaryimage\",\"url\":\"https:\\\/\\\/www.chasseursdetalents.fr\\\/wp-content\\\/uploads\\\/2025\\\/10\\\/Departement-du-Cher.jpeg\",\"contentUrl\":\"https:\\\/\\\/www.chasseursdetalents.fr\\\/wp-content\\\/uploads\\\/2025\\\/10\\\/Departement-du-Cher.jpeg\",\"width\":800,\"height\":531},{\"@type\":\"BreadcrumbList\",\"@id\":\"https:\\\/\\\/www.chasseursdetalents.fr\\\/index.php\\\/adjoint-au-directeur-des-finances-et-des-affaires-juridiques-le-departement-du-cher\\\/#breadcrumb\",\"itemListElement\":[{\"@type\":\"ListItem\",\"position\":1,\"name\":\"Accueil\",\"item\":\"https:\\\/\\\/www.chasseursdetalents.fr\\\/\"},{\"@type\":\"ListItem\",\"position\":2,\"name\":\"Adjoint au Directeur des Finances et des Affaires Juridiques &#8211; le D\u00e9partement du Cher\"}]},{\"@type\":\"WebSite\",\"@id\":\"https:\\\/\\\/www.chasseursdetalents.fr\\\/#website\",\"url\":\"https:\\\/\\\/www.chasseursdetalents.fr\\\/\",\"name\":\"Chasseurs de talents\",\"description\":\"Cabinet de recrutement pour cadres dirigeants du secteur public\",\"publisher\":{\"@id\":\"https:\\\/\\\/www.chasseursdetalents.fr\\\/#organization\"},\"potentialAction\":[{\"@type\":\"SearchAction\",\"target\":{\"@type\":\"EntryPoint\",\"urlTemplate\":\"https:\\\/\\\/www.chasseursdetalents.fr\\\/?s={search_term_string}\"},\"query-input\":{\"@type\":\"PropertyValueSpecification\",\"valueRequired\":true,\"valueName\":\"search_term_string\"}}],\"inLanguage\":\"fr-FR\"},{\"@type\":\"Organization\",\"@id\":\"https:\\\/\\\/www.chasseursdetalents.fr\\\/#organization\",\"name\":\"Chasseurs de talents\",\"url\":\"https:\\\/\\\/www.chasseursdetalents.fr\\\/\",\"logo\":{\"@type\":\"ImageObject\",\"inLanguage\":\"fr-FR\",\"@id\":\"https:\\\/\\\/www.chasseursdetalents.fr\\\/#\\\/schema\\\/logo\\\/image\\\/\",\"url\":\"https:\\\/\\\/www.chasseursdetalents.fr\\\/wp-content\\\/uploads\\\/2023\\\/11\\\/Capture_d_ecran_2023-11-17_a_10.40.58-removebg-preview.png\",\"contentUrl\":\"https:\\\/\\\/www.chasseursdetalents.fr\\\/wp-content\\\/uploads\\\/2023\\\/11\\\/Capture_d_ecran_2023-11-17_a_10.40.58-removebg-preview.png\",\"width\":486,\"height\":166,\"caption\":\"Chasseurs de talents\"},\"image\":{\"@id\":\"https:\\\/\\\/www.chasseursdetalents.fr\\\/#\\\/schema\\\/logo\\\/image\\\/\"}}]}<\/script>\n<!-- \/ Yoast SEO plugin. -->","yoast_head_json":{"title":"Adjoint au Directeur des Finances et des Affaires Juridiques - le D\u00e9partement du Cher - Chasseurs de talents","robots":{"index":"index","follow":"follow","max-snippet":"max-snippet:-1","max-image-preview":"max-image-preview:large","max-video-preview":"max-video-preview:-1"},"canonical":"https:\/\/www.chasseursdetalents.fr\/index.php\/adjoint-au-directeur-des-finances-et-des-affaires-juridiques-le-departement-du-cher\/","og_locale":"fr_FR","og_type":"article","og_title":"Adjoint au Directeur des Finances et des Affaires Juridiques - le D\u00e9partement du Cher - Chasseurs de talents","og_description":"Le D\u00e9partement du Cher UN ADJOINT AU DIRECTEUR DES FINANCES ET DES AFFAIRES JURIDIQUES &#8211; (F\/H) Rejoindre le D\u00e9partement du Cher, c\u2019est choisir un employeur engag\u00e9 pour un service public de proximit\u00e9, solidaire et innovant. \u00c0 travers un projet strat\u00e9gique ambitieux, la collectivit\u00e9 agit pour am\u00e9liorer la qualit\u00e9 de vie des 300 000 habitants du [&hellip;]","og_url":"https:\/\/www.chasseursdetalents.fr\/index.php\/adjoint-au-directeur-des-finances-et-des-affaires-juridiques-le-departement-du-cher\/","og_site_name":"Chasseurs de talents","article_modified_time":"2026-04-28T15:39:46+00:00","og_image":[{"width":800,"height":531,"url":"https:\/\/www.chasseursdetalents.fr\/wp-content\/uploads\/2025\/10\/Departement-du-Cher.jpeg","type":"image\/jpeg"}],"twitter_card":"summary_large_image","twitter_misc":{"Dur\u00e9e de lecture estim\u00e9e":"5 minutes"},"schema":{"@context":"https:\/\/schema.org","@graph":[{"@type":"WebPage","@id":"https:\/\/www.chasseursdetalents.fr\/index.php\/adjoint-au-directeur-des-finances-et-des-affaires-juridiques-le-departement-du-cher\/","url":"https:\/\/www.chasseursdetalents.fr\/index.php\/adjoint-au-directeur-des-finances-et-des-affaires-juridiques-le-departement-du-cher\/","name":"Adjoint au Directeur des Finances et des Affaires Juridiques - le D\u00e9partement du Cher - Chasseurs de talents","isPartOf":{"@id":"https:\/\/www.chasseursdetalents.fr\/#website"},"primaryImageOfPage":{"@id":"https:\/\/www.chasseursdetalents.fr\/index.php\/adjoint-au-directeur-des-finances-et-des-affaires-juridiques-le-departement-du-cher\/#primaryimage"},"image":{"@id":"https:\/\/www.chasseursdetalents.fr\/index.php\/adjoint-au-directeur-des-finances-et-des-affaires-juridiques-le-departement-du-cher\/#primaryimage"},"thumbnailUrl":"https:\/\/www.chasseursdetalents.fr\/wp-content\/uploads\/2025\/10\/Departement-du-Cher.jpeg","datePublished":"2026-04-09T11:10:13+00:00","dateModified":"2026-04-28T15:39:46+00:00","breadcrumb":{"@id":"https:\/\/www.chasseursdetalents.fr\/index.php\/adjoint-au-directeur-des-finances-et-des-affaires-juridiques-le-departement-du-cher\/#breadcrumb"},"inLanguage":"fr-FR","potentialAction":[{"@type":"ReadAction","target":["https:\/\/www.chasseursdetalents.fr\/index.php\/adjoint-au-directeur-des-finances-et-des-affaires-juridiques-le-departement-du-cher\/"]}]},{"@type":"ImageObject","inLanguage":"fr-FR","@id":"https:\/\/www.chasseursdetalents.fr\/index.php\/adjoint-au-directeur-des-finances-et-des-affaires-juridiques-le-departement-du-cher\/#primaryimage","url":"https:\/\/www.chasseursdetalents.fr\/wp-content\/uploads\/2025\/10\/Departement-du-Cher.jpeg","contentUrl":"https:\/\/www.chasseursdetalents.fr\/wp-content\/uploads\/2025\/10\/Departement-du-Cher.jpeg","width":800,"height":531},{"@type":"BreadcrumbList","@id":"https:\/\/www.chasseursdetalents.fr\/index.php\/adjoint-au-directeur-des-finances-et-des-affaires-juridiques-le-departement-du-cher\/#breadcrumb","itemListElement":[{"@type":"ListItem","position":1,"name":"Accueil","item":"https:\/\/www.chasseursdetalents.fr\/"},{"@type":"ListItem","position":2,"name":"Adjoint au Directeur des Finances et des Affaires Juridiques &#8211; le D\u00e9partement du Cher"}]},{"@type":"WebSite","@id":"https:\/\/www.chasseursdetalents.fr\/#website","url":"https:\/\/www.chasseursdetalents.fr\/","name":"Chasseurs de talents","description":"Cabinet de recrutement pour cadres dirigeants du secteur public","publisher":{"@id":"https:\/\/www.chasseursdetalents.fr\/#organization"},"potentialAction":[{"@type":"SearchAction","target":{"@type":"EntryPoint","urlTemplate":"https:\/\/www.chasseursdetalents.fr\/?s={search_term_string}"},"query-input":{"@type":"PropertyValueSpecification","valueRequired":true,"valueName":"search_term_string"}}],"inLanguage":"fr-FR"},{"@type":"Organization","@id":"https:\/\/www.chasseursdetalents.fr\/#organization","name":"Chasseurs de talents","url":"https:\/\/www.chasseursdetalents.fr\/","logo":{"@type":"ImageObject","inLanguage":"fr-FR","@id":"https:\/\/www.chasseursdetalents.fr\/#\/schema\/logo\/image\/","url":"https:\/\/www.chasseursdetalents.fr\/wp-content\/uploads\/2023\/11\/Capture_d_ecran_2023-11-17_a_10.40.58-removebg-preview.png","contentUrl":"https:\/\/www.chasseursdetalents.fr\/wp-content\/uploads\/2023\/11\/Capture_d_ecran_2023-11-17_a_10.40.58-removebg-preview.png","width":486,"height":166,"caption":"Chasseurs de talents"},"image":{"@id":"https:\/\/www.chasseursdetalents.fr\/#\/schema\/logo\/image\/"}}]}},"_links":{"self":[{"href":"https:\/\/www.chasseursdetalents.fr\/index.php\/wp-json\/wp\/v2\/pages\/6963","targetHints":{"allow":["GET"]}}],"collection":[{"href":"https:\/\/www.chasseursdetalents.fr\/index.php\/wp-json\/wp\/v2\/pages"}],"about":[{"href":"https:\/\/www.chasseursdetalents.fr\/index.php\/wp-json\/wp\/v2\/types\/page"}],"author":[{"embeddable":true,"href":"https:\/\/www.chasseursdetalents.fr\/index.php\/wp-json\/wp\/v2\/users\/2"}],"replies":[{"embeddable":true,"href":"https:\/\/www.chasseursdetalents.fr\/index.php\/wp-json\/wp\/v2\/comments?post=6963"}],"version-history":[{"count":17,"href":"https:\/\/www.chasseursdetalents.fr\/index.php\/wp-json\/wp\/v2\/pages\/6963\/revisions"}],"predecessor-version":[{"id":7111,"href":"https:\/\/www.chasseursdetalents.fr\/index.php\/wp-json\/wp\/v2\/pages\/6963\/revisions\/7111"}],"wp:attachment":[{"href":"https:\/\/www.chasseursdetalents.fr\/index.php\/wp-json\/wp\/v2\/media?parent=6963"}],"curies":[{"name":"wp","href":"https:\/\/api.w.org\/{rel}","templated":true}]}}